{"id":263,"date":"2015-11-19T11:47:39","date_gmt":"2015-11-19T10:47:39","guid":{"rendered":"http:\/\/www.c-seb.de\/?page_id=263&#038;lang=en"},"modified":"2026-06-10T15:22:09","modified_gmt":"2026-06-10T13:22:09","slug":"start","status":"publish","type":"page","link":"https:\/\/c-seb.de\/en\/","title":{"rendered":"Start"},"content":{"rendered":"\n    <section class=\"section bg-white\">\n        <div class=\"container\">\n              \r\n<div class=\"row\">\n                    \r\n<div class=\"col-xs-12 col-xs-offset-0 col-sm-12 col-sm-offset-0 col-md-12 col-md-offset-0\">\n                    \r\n<h2 class=\"h2\">Our Aims<\/h2>\r\n\n                <\/div>\r\n<div class=\"col-xs-12 col-xs-offset-0 col-sm-12 col-sm-offset-0 col-md-4 col-md-offset-0\">\n                    \r\n<h3 class=\"h4\">Scientific exchange<\/h3>\r\nC-SEB runs various programs to create a productive research environment and to promote interdisciplinary collaboration among scientists. In order to foster communication across disciplines and research units, the center regularly organizes workshops and conferences with international guests.\r\n<br \/>\r\n<a href=\"https:\/\/c-seb.de\/en\/funding\/\">Learn more<\/a>\r\n<br \/><br \/>\r\n\n                <\/div>\r\n\r\n<div class=\"col-xs-12 col-xs-offset-0 col-sm-12 col-sm-offset-0 col-md-4 col-md-offset-0\">\n                    \r\n<h3 class=\"h4\">Research funding<\/h3>\r\nC-SEB provides funding for outstanding individuals and excellent collaborative research projects in the field of behavioral economics and social cognition. There are six funding lines at the moment that are designed to serve different purposes and target groups.<br \/>\r\n<a href=\"https:\/\/c-seb.de\/en\/funding\/grants\/\">Learn more<\/a>\r\n<br \/><br \/>\r\n\n                <\/div>\r\n\r\n<div class=\"col-xs-12 col-xs-offset-0 col-sm-12 col-sm-offset-0 col-md-4 col-md-offset-0\">\n                    \r\n<h3 class=\"h4\">Equal opportunity &amp; junior researcher promotion<\/h3>\r\nC-SEB is strongly committed to promote equal opportunities in academia and to advance the careers of junior researchers. The center assists its members with career planning and with reconciling academic and family life. \r\n<br \/>\r\n<a href=\"https:\/\/c-seb.de\/en\/funding\/\">Learn more<\/a>\r\n<br \/><br \/>\r\n\n                <\/div>\r\n\r\n\r\n<div class=\"col-xs-12 col-xs-offset-0 col-sm-12 col-sm-offset-0 col-md-12 col-md-offset-0\">\n                    \r\n<hr style=\"text-align: center;\" class=\"trenner\" \/>\r\n\n                <\/div>\r\n\r\n\r\n<div class=\"col-xs-12 col-xs-offset-0 col-sm-12 col-sm-offset-0 col-md-4 col-md-offset-0\">\n                    \r\n<h2 class=\"h3 box bg-bluedark text-uppercase\">Press Releases <i class=\"fa fa-bullhorn\"><\/i><\/h2>\r\n<div class=\"newsfeed-wrapper\">\r\n\r\n\r\n<div id=\"post-21859\" class=\"newsitem post-21859 post type-post status-publish format-standard hentry category-press-release tag-student-assistants years-893\">\n\t<div class=\"newsitem-meta meta\"><span class=\"posted-on\"><time class=\"entry-date published updated\" datetime=\"2026-08-31T12:32:57+02:00\">31. August 2026<\/time><\/span><ul class=\"nav-inline category-nav desktop\"><li><a href=\"https:\/\/c-seb.de\/en\/newsfeed\/press-release\/\" title=\"press release\">press release<\/a><\/li><\/ul>\t\t\t<\/div>\n\t<div class=\"newsitem-headline\"><h4 class=\"h4\"><div class=\"tag\"><i class=\"fa fa-bullhorn\"><\/i><\/div><a class=\"no-decoration\" href=\"https:\/\/c-seb.de\/en\/press-release\/gesucht-studentische-mitarbeiterin-fuer-das-c-seb-central-office\/\" title=\"Wanted: Student Assistants for the C-SEB Central Office\">Wanted: Student Assistants for the C-SEB Central Office<\/a><\/h4><\/div>\n\t<div class=\"newsitem-content\"><p><p>The Center for Social and Economic Behavior (C-SEB) is seeking Student Assistants and looks forward to receiving your application no \u2026<\/p>\n<\/p><\/div>\n<\/div><div id=\"post-21679\" class=\"newsitem post-21679 post type-post status-publish format-standard hentry category-press-release\">\n\t<div class=\"newsitem-meta meta\"><span class=\"posted-on\"><time class=\"entry-date published updated\" datetime=\"2026-06-22T16:23:58+02:00\">22. June 2026<\/time><\/span><ul class=\"nav-inline category-nav desktop\"><li><a href=\"https:\/\/c-seb.de\/en\/newsfeed\/press-release\/\" title=\"press release\">press release<\/a><\/li><\/ul>\t\t\t<\/div>\n\t<div class=\"newsitem-headline\"><h4 class=\"h4\"><div class=\"tag\"><i class=\"fa fa-bullhorn\"><\/i><\/div><a class=\"no-decoration\" href=\"https:\/\/c-seb.de\/en\/press-release\/new-c-seb-seminar-series-minds-and-machines-cognition-behavior-and-ai\/\" title=\"NEW C-SEB Seminar Series. \u201cMinds and Machines: Cognition, Behavior, and AI\">NEW C-SEB Seminar Series. \u201cMinds and Machines: Cognition, Behavior, and AI<\/a><\/h4><\/div>\n\t<div class=\"newsitem-content\"><p><p>The new C-SEB seminar series starts in the winter term 2026\/2027. It brings together behavioural economists and social psychologists and \u2026<\/p>\n<\/p><\/div>\n<\/div><div id=\"post-21548\" class=\"newsitem post-21548 post type-post status-publish format-standard hentry category-press-release\">\n\t<div class=\"newsitem-meta meta\"><span class=\"posted-on\"><time class=\"entry-date published updated\" datetime=\"2026-05-03T21:39:48+02:00\">3. May 2026<\/time><\/span><ul class=\"nav-inline category-nav desktop\"><li><a href=\"https:\/\/c-seb.de\/en\/newsfeed\/press-release\/\" title=\"press release\">press release<\/a><\/li><\/ul>\t\t\t<\/div>\n\t<div class=\"newsitem-headline\"><h4 class=\"h4\"><div class=\"tag\"><i class=\"fa fa-bullhorn\"><\/i><\/div><a class=\"no-decoration\" href=\"https:\/\/c-seb.de\/en\/press-release\/vanessa-clemens-people-like-to-share-but-not-with-everyone\/\" title=\"Vanessa Clemens: People Like to Share \u2013 But Not With Everyone\">Vanessa Clemens: People Like to Share \u2013 But Not With Everyone<\/a><\/h4><\/div>\n\t<div class=\"newsitem-content\"><p><p>Vanessa Clemens, associated member of C-SEB, investigated in a social experiment how people share with others across national borders. The \u2026<\/p>\n<\/p><\/div>\n<\/div><div id=\"post-21215\" class=\"newsitem post-21215 post type-post status-publish format-standard hentry category-press-release years-2025-2\">\n\t<div class=\"newsitem-meta meta\"><span class=\"posted-on\"><time class=\"entry-date published updated\" datetime=\"2025-12-18T17:29:20+01:00\">18. December 2025<\/time><\/span><ul class=\"nav-inline category-nav desktop\"><li><a href=\"https:\/\/c-seb.de\/en\/newsfeed\/press-release\/\" title=\"press release\">press release<\/a><\/li><\/ul>\t\t\t<\/div>\n\t<div class=\"newsitem-headline\"><h4 class=\"h4\"><div class=\"tag\"><i class=\"fa fa-bullhorn\"><\/i><\/div><a class=\"no-decoration\" href=\"https:\/\/c-seb.de\/en\/press-release\/new-publication-by-prof-dr-axel-ockenfels\/\" title=\"New publication by Prof. Dr. Axel Ockenfels\">New publication by Prof. Dr. Axel Ockenfels<\/a><\/h4><\/div>\n\t<div class=\"newsitem-content\"><p><p>Prof. Dr. Axel Ockenfels, Principal Investigator at C-SEB, has co-authored the contribution &#8220;A path to a heavy-industry climate coalition&#8221; alongside \u2026<\/p>\n<\/p><\/div>\n<\/div><div id=\"post-21007\" class=\"newsitem post-21007 post type-post status-publish format-standard hentry category-press-release years-2025-2 person-wohlfahrt-johannes-en\">\n\t<div class=\"newsitem-meta meta\"><span class=\"posted-on\"><time class=\"entry-date published updated\" datetime=\"2025-10-10T15:31:53+02:00\">10. October 2025<\/time><\/span><ul class=\"nav-inline category-nav desktop\"><li><a href=\"https:\/\/c-seb.de\/en\/newsfeed\/press-release\/\" title=\"press release\">press release<\/a><\/li><\/ul>\t\t<ul class=\"nav-inline category-nav desktop\"><li><a href=\"https:\/\/c-seb.de\/en\/people\/johannes-wohlfahrt\/\" title=\"Wohlfahrt, Johannes\">Wohlfahrt, Johannes<\/a><\/li><\/ul>\t<\/div>\n\t<div class=\"newsitem-headline\"><h4 class=\"h4\"><div class=\"tag\"><i class=\"fa fa-bullhorn\"><\/i><\/div><a class=\"no-decoration\" href=\"https:\/\/c-seb.de\/en\/press-release\/ecr-starting-grant-for-prof-dr-johannes-wohlfart\/\" title=\"ERC-Starting Grant for Prof. Dr. Johannes Wohlfart\">ERC-Starting Grant for Prof. Dr. Johannes Wohlfart<\/a><\/h4><\/div>\n\t<div class=\"newsitem-content\"><p><p>Prof. Dr. Johannes Wohlfart, Principal Investigator at C-SEB has been awarded an ERC Starting Grant by the European Research Council. \u2026<\/p>\n<\/p><\/div>\n<\/div><div id=\"post-20707\" class=\"newsitem post-20707 post type-post status-publish format-standard hentry category-press-release years-808 person-burmeister-anne-en person-sliwka-dirk-en\">\n\t<div class=\"newsitem-meta meta\"><span class=\"posted-on\"><time class=\"entry-date published updated\" datetime=\"2025-07-31T15:16:35+02:00\">31. July 2025<\/time><\/span><ul class=\"nav-inline category-nav desktop\"><li><a href=\"https:\/\/c-seb.de\/en\/newsfeed\/press-release\/\" title=\"press release\">press release<\/a><\/li><\/ul>\t\t<ul class=\"nav-inline category-nav desktop\"><li><a href=\"https:\/\/c-seb.de\/en\/people\/anne-burmeister\/\" title=\"Burmeister, Anne\">Burmeister, Anne<\/a><\/li><li><a href=\"https:\/\/c-seb.de\/en\/people\/dirk-sliwka\/\" title=\"Sliwka, Dirk\">Sliwka, Dirk<\/a><\/li><\/ul>\t<\/div>\n\t<div class=\"newsitem-headline\"><h4 class=\"h4\"><div class=\"tag\"><i class=\"fa fa-bullhorn\"><\/i><\/div><a class=\"no-decoration\" href=\"https:\/\/c-seb.de\/en\/press-release\/20707\/\" title=\"Anne Burmeister and Dirk Sliwka among the 40 leading HR minds 2025\">Anne Burmeister and Dirk Sliwka among the 40 leading HR minds 2025<\/a><\/h4><\/div>\n\t<div class=\"newsitem-content\"><p><p>The editorial team of Personalmagazin has selected the 40 leading figures in human resources for 2025. The award recognizes individuals \u2026<\/p>\n<\/p><\/div>\n<\/div><\/div>\r\n\r\n<a target=\"\" class=\"btn btn--pointright\" href=\"\/en\/newsfeed\/press-release\/\" >All press releases<\/a>\r\n<p>&nbsp;<\/p>\r\n\n                <\/div>\r\n\r\n<div class=\"col-xs-12 col-xs-offset-0 col-sm-12 col-sm-offset-0 col-md-4 col-md-offset-0\">\n                    \r\n<h2 class=\"h3 box bg-bluedark text-uppercase\">In the media <i class=\"fa fa-newspaper-o\"><\/i><\/h2>\r\n<div class=\"newsfeed-wrapper\">\r\n\r\n\r\n<div id=\"post-20725\" class=\"post-20725 post type-post status-publish format-link hentry category-in-the-media post_format-post-format-link years-808 person-ockenfels-axel-en\">\n\t<div class=\"newsitem-meta meta\"><span class=\"posted-on\"><time class=\"entry-date published updated\" datetime=\"2025-08-11T15:13:53+02:00\">11. August 2025<\/time><\/span><ul class=\"nav-inline category-nav desktop\"><li><a href=\"https:\/\/c-seb.de\/en\/newsfeed\/in-the-media\/\" title=\"in the media\">in the media<\/a><\/li><\/ul>\t\t<ul class=\"nav-inline category-nav desktop\"><li><a href=\"https:\/\/c-seb.de\/en\/people\/axel-ockenfels\/\" title=\"Ockenfels, Axel\">Ockenfels, Axel<\/a><\/li><\/ul>\t<\/div>\n\t<div class=\"newsitem-headline\"><h4 class=\"h4\"><div class=\"tag\"><i class=\"fa fa-bullhorn\"><\/i><\/div><i class=\"fa fa-newspaper-o\"><\/i> <a class=\"no-decoration\" target=\"_blank\" href=\"https:\/\/www.sueddeutsche.de\/wirtschaft\/verhandeln-donald-trump-zoelle-interview-verhaltensoekonom-li.3291257?reduced=true\">&#8220;Trump tritt auf wie ein Schutzgelderpresser&#8221;<\/a><\/h4><\/div>\n\t<div class=\"\"><p><h3 class=\"h5\" style=\"color: #33475b;\">S\u00fcddeutsche Zeitung, 11.08.2025 | Kerstin Bund &amp; Oliver Klasen<\/h3>\r\n&#8220;Axel Ockenfels: [&#8230;] In der Immobilienbranche, aus der Trump kommt, geht es oft um ein Nullsummenspiel. Was der eine gewinnt, verliert der andere. Da kann eine &#8220;Bully&#8221;-Strategie, bei der man rabiat und r\u00fccksichtslos auftritt, erfolgreich sein. Langfristig, wenn es um vertrauensvolle Zusammenarbeit geht, ist diese Strategie aber nicht zu empfehlen. [&#8230;] Die Europ\u00e4er haben nicht schlecht verhandelt. Der Grund f\u00fcr das Ergebnis ist, dass man keinen Handelskonflikt gegen ein Land gewinnen kann, das einen besch\u00fctzt. Trump verkn\u00fcpft Handelsfragen mit Verteidigungs- und Sicherheitsfragen &#8211; und da ist er in einer starken Position. Trump tritt auf wie ein Schutzgelderpresser, w\u00e4hren Europa mangels milit\u00e4rischer St\u00e4rke erpressbar bleibt.&#8221;<\/p><\/div>\n<\/div><div id=\"post-20678\" class=\"post-20678 post type-post status-publish format-link hentry category-in-the-media post_format-post-format-link years-808 person-heinz-matthias-en\">\n\t<div class=\"newsitem-meta meta\"><span class=\"posted-on\"><time class=\"entry-date published updated\" datetime=\"2025-07-07T14:41:57+02:00\">7. July 2025<\/time><\/span><ul class=\"nav-inline category-nav desktop\"><li><a href=\"https:\/\/c-seb.de\/en\/newsfeed\/in-the-media\/\" title=\"in the media\">in the media<\/a><\/li><\/ul>\t\t<ul class=\"nav-inline category-nav desktop\"><li><a href=\"https:\/\/c-seb.de\/en\/people\/matthias-heinz\/\" title=\"Heinz, Matthias\">Heinz, Matthias<\/a><\/li><\/ul>\t<\/div>\n\t<div class=\"newsitem-headline\"><h4 class=\"h4\"><div class=\"tag\"><i class=\"fa fa-bullhorn\"><\/i><\/div><i class=\"fa fa-newspaper-o\"><\/i> <a class=\"no-decoration\" target=\"_blank\" href=\"https:\/\/www.faz.net\/aktuell\/wirtschaft\/unternehmen\/so-leiden-baeckereien-unter-dokumentationspflichten-110569684.html\">Wie B\u00fcrokratie den Br\u00f6tchenverkauf behindert<\/a><\/h4><\/div>\n\t<div class=\"\"><p><h3 class=\"h5\" style=\"color: #33475b;\">F.A.Z., 02.07.2025 | Louise Otterbein<\/h3>\r\n&#8220;In B\u00e4ckereien m\u00fcssen etliche Listen gef\u00fchrt werden. Wenn sich das \u00e4ndert, bl\u00fcht das Gesch\u00e4ft auf \u2013 aus \u00fcberraschenden Gr\u00fcnden. [&#8230;] Besagte Listen wurden von den Forschern mithilfe von Mitarbeiterinterviews zun\u00e4chst einzeln auf Kosten und Nutzen untersucht und anschlie\u00dfend zwei als &#8220;besonders zeitaufwendig und wenig hilfreich&#8221; beschriebene Listen in zuf\u00e4llig ausgew\u00e4hlten Filialen \u00fcber einen Zeitraum von zehn Monaten abgeschafft. Das Ergebnis ist positiv: Der Umsatz ist gestiegen, die Wartezeiten f\u00fcr die Kunden k\u00fcrzer, und die Mitarbeiter sind zufrieden.&#8221;<\/p><\/div>\n<\/div><div id=\"post-20648\" class=\"post-20648 post type-post status-publish format-link hentry category-in-the-media post_format-post-format-link years-808 person-ockenfels-axel-en\">\n\t<div class=\"newsitem-meta meta\"><span class=\"posted-on\"><time class=\"entry-date published updated\" datetime=\"2025-06-26T18:36:46+02:00\">26. June 2025<\/time><\/span><ul class=\"nav-inline category-nav desktop\"><li><a href=\"https:\/\/c-seb.de\/en\/newsfeed\/in-the-media\/\" title=\"in the media\">in the media<\/a><\/li><\/ul>\t\t<ul class=\"nav-inline category-nav desktop\"><li><a href=\"https:\/\/c-seb.de\/en\/people\/axel-ockenfels\/\" title=\"Ockenfels, Axel\">Ockenfels, Axel<\/a><\/li><\/ul>\t<\/div>\n\t<div class=\"newsitem-headline\"><h4 class=\"h4\"><div class=\"tag\"><i class=\"fa fa-bullhorn\"><\/i><\/div><i class=\"fa fa-newspaper-o\"><\/i> <a class=\"no-decoration\" target=\"_blank\" href=\"https:\/\/www.tagesschau.de\/wirtschaft\/energie\/gasspeicher-eu-regelung-gaspreise-100.html\">Europas Gasspeicher sollen flexibler gef\u00fcllt werden<\/a><\/h4><\/div>\n\t<div class=\"\"><p><h3 class=\"h5\" style=\"color: #33475b;\">tagesschau.de, 25.06.2025<\/h3>\r\n&#8220;Die EU will eine sp\u00e4tere Bef\u00fcllung der Gasspeicher erlauben. [&#8230;] Die bisher strikten Vorgaben hatten zu Preissteigerungen beigetragen: Steht zu einem bestimmten Datum die Bef\u00fcllung der Speicher an, rechnen die M\u00e4rkte in den Monaten davor mit einer h\u00f6heren Nachfrage, sodass der Preis steigt. [&#8230;] Wie eine Untersuchung des Wirtschaftswissenschaftlers Axel Ockenfels zusammen mit zwei \u00d6konomen des Beratungsunternehmens Frontier Economics zeigt, war Gas wegen des staatlichen Bewirtschaftungssystems zuletzt oft teurer als im Winter.&#8221;<\/p><\/div>\n<\/div><\/div>\r\n\r\n<a target=\"\" class=\"btn btn--pointright\" href=\"\/en\/newsfeed\/in-the-media\/\" >All in the media<\/a>\r\n<p>&nbsp;<\/p>\r\n\n                <\/div>\r\n\r\n<div class=\"col-xs-12 col-xs-offset-0 col-sm-12 col-sm-offset-0 col-md-4 col-md-offset-0\">\n                    \r\n<h2 class=\"h3 box bg-bluedark text-uppercase\">Events <i class=\"fa fa-calendar\"><\/i><\/h2>\n<div class=\"newsfeed-wrapper\">\n    <div class=\"simcal-calendar simcal-default-calendar simcal-default-calendar-list simcal-default-calendar-light simcal-default-calendar-light\" data-calendar-id=\"203\" data-timezone=\"Europe\/Berlin\" data-offset=\"7200\" data-week-start=\"1\" data-calendar-start=\"1788645600\" data-calendar-end=\"1788645600\" data-events-first=\"0\" data-events-last=\"0\"><div class=\"simcal-calendar-list simcal-calendar-list-compact\"><dl class=\"simcal-events-list-container\" data-prev=\"0\" data-next=\"1788645600\" data-heading-small=\"6. September 2026\" data-heading-large=\"6. September 2026\">\t<p>There are no upcoming events.\t<\/p>\n<\/dl><div class=\"simcal-ajax-loader simcal-spinner-top\" style=\"display: none\"><i class=\"simcal-icon-spinner simcal-icon-spin\"><\/i><\/div><\/div><\/div><\/div>\n\r\n<a target=\"\" class=\"btn btn--pointright\" href=\"\/en\/events\" >All events<\/a>\r\n<p>&nbsp;<\/p>\r\n\n                <\/div>\r\n\r\n<div class=\"col-xs-12 col-xs-offset-0 col-sm-12 col-sm-offset-0 col-md-12 col-md-offset-0\">\n                    \r\n<h2 class=\"h3 box bg-bluedark text-uppercase\">Publications <i class=\"fa fa-book\"><\/i><\/h2>\r\n<div class=\"newsfeed-wrapper\">\r\n\r\n\r\n<div id=\"post-21820\" class=\"publications-item margin-bottom-30 post-21820 publications type-publications status-publish hentry years-722 person-haylock-michael-2\">\n\t<div class=\"newsitem-content\"><h3 class=\"h5\">Ehmann, S., Haylock, M., &amp; Heynold, A. K. (2024).<\/h3> &#8220;Offline volunteering during COVID-19: A survey experiment with prior and prospective blood donors.&#8221; Journal of the Economic Science Association, 10, 415\u2013427. \r\n<\/div>\n\t<div class=\"newsitem-content\"><a href=\"https:\/\/doi.org\/10.1007\/s40881-024-00164-8\" target=\"_blank\">https:\/\/doi.org\/10.1007\/s40881-024-00164-8<\/a><\/div><\/div><div id=\"post-21819\" class=\"publications-item margin-bottom-30 post-21819 publications type-publications status-publish hentry years-583 person-haylock-michael person-kampkoetter-patrick-en\">\n\t<div class=\"newsitem-content\"><h3 class=\"h5\">Br\u00e4ndle, T., Grunau, P., Haylock, M., &amp; Kampk\u00f6tter, P. (2022).<\/h3> &#8220;Heterogeneity in firms\u2019 recruitment practices: New evidence from representative employer data.&#8221; German Journal of Human Resource Management, 37(2), 107\u2013136. \r\n<\/div>\n\t<div class=\"newsitem-content\"><a href=\"https:\/\/doi.org\/10.1177\/23970022221118346\" target=\"_blank\">https:\/\/doi.org\/10.1177\/23970022221118346<\/a><\/div><\/div><div id=\"post-21815\" class=\"publications-item margin-bottom-30 post-21815 publications type-publications status-publish hentry years-583 person-haylock-michael\">\n\t<div class=\"newsitem-content\"><h3 class=\"h5\">Haylock, M. (2022).<\/h3> &#8220;Distributional differences in the time horizon of executive compensation.&#8221; Empirical Economics, 62, 157\u2013186.\r\n<\/div>\n\t<div class=\"newsitem-content\"><a href=\"https:\/\/doi.org\/10.1007\/s00181-021-02042-2\" target=\"_blank\">https:\/\/doi.org\/10.1007\/s00181-021-02042-2<\/a><\/div><\/div><div id=\"post-21814\" class=\"publications-item margin-bottom-30 post-21814 publications type-publications status-publish hentry years-808 person-krueger-heike-2\">\n\t<div class=\"newsitem-content\"><h3 class=\"h5\">Grund, T. U., Kr\u00fcger, H., &amp; Pascu, I. (2025).<\/h3> &#8220;Social Media Use and Adolescent Depressive Symptoms: The Moderating Roles of Gender and Parental Monitoring.&#8221; International Journal of Mental Health and Addiction. <\/div>\n\t<div class=\"newsitem-content\"><a href=\"https:\/\/doi.org\/10.1007\/s11469-025-01566-3\" target=\"_blank\">https:\/\/doi.org\/10.1007\/s11469-025-01566-3<\/a><\/div><\/div><div id=\"post-21811\" class=\"publications-item margin-bottom-30 post-21811 publications type-publications status-publish hentry years-808 person-krueger-heike-2\">\n\t<div class=\"newsitem-content\"><h3 class=\"h5\">Demirer, I., Kr\u00fcger, H., &amp; Pf\u00f6rtner, T.-K. (2025).<\/h3> &#8220;Household-income trajectories and mental health inequalities in Germany before, during, and after the COVID-19 pandemic: A quasi-experimental panel study.&#8221; International Journal for Equity in Health, 24, 143.<\/div>\n\t<div class=\"newsitem-content\"><a href=\"https:\/\/doi.org\/10.1186\/s12939-025-02507-1\" target=\"_blank\">https:\/\/doi.org\/10.1186\/s12939-025-02507-1<\/a><\/div><\/div><div id=\"post-21810\" class=\"publications-item margin-bottom-30 post-21810 publications type-publications status-publish hentry years-808 person-weishaar-daniel\">\n\t<div class=\"newsitem-content\"><h3 class=\"h5\">Hufe, P., &amp; Weishaar, D. (2025).<\/h3> &#8220;Just cheap talk? Investigating fairness preferences in hypothetical scenarios.&#8221; The Journal of Economic Inequality, 23, 881\u2013907.\r\n<\/div>\n\t<div class=\"newsitem-content\"><a href=\"https:\/\/doi.org\/10.1007\/s10888-025-09700-w\" target=\"_blank\">https:\/\/doi.org\/10.1007\/s10888-025-09700-w<\/a><\/div><\/div><div id=\"post-21807\" class=\"publications-item margin-bottom-30 post-21807 publications type-publications status-publish hentry years-722 person-hundera-mulu\">\n\t<div class=\"newsitem-content\"><h3 class=\"h5\">Hundera, M., &amp; Mudde, H. L. M. (2024).<\/h3> &#8220;A comprehensive analysis of gender dynamics in organizations: Integrating social, structural and individual dimensions.&#8221; European Journal of Education, 59(4), e12722.<\/div>\n\t<div class=\"newsitem-content\"><a href=\"https:\/\/doi.org\/10.1111\/ejed.12722\" target=\"_blank\">https:\/\/doi.org\/10.1111\/ejed.12722<\/a><\/div><\/div><div id=\"post-21806\" class=\"publications-item margin-bottom-30 post-21806 publications type-publications status-publish hentry years-893 person-hundera-mulu person-mensmann-mona-en\">\n\t<div class=\"newsitem-content\"><h3 class=\"h5\">Hundera, M., Mensmann, M., &amp; Habersang, S. (2026).<\/h3> &#8220;Toward a Relational Perspective on Hybrid Entrepreneurship: Institutional Complexity and the Co-Construction of Liminal Space in Hybrid Female Entrepreneurship.&#8221; Entrepreneurship Theory and Practice. <\/div>\n\t<div class=\"newsitem-content\"><a href=\"https:\/\/doi.org\/10.1177\/10422587261453879\" target=\"_blank\">https:\/\/doi.org\/10.1177\/10422587261453879<\/a><\/div><\/div><div id=\"post-21803\" class=\"publications-item margin-bottom-30 post-21803 publications type-publications status-publish hentry years-893 person-fetchenhauer-detlef person-graczyk-thomas\">\n\t<div class=\"newsitem-content\"><h3 class=\"h5\">Fetchenhauer, D., Graczyk, T., Triemer, S. J., Lang, A.-S., Winterhagen, S., &amp; Kemp, S. (2026).<\/h3> &#8220;Political polarization threatens fairness and reciprocity in the USA.&#8221; Scientific Reports, 16, e10750. \r\n<\/div>\n\t<div class=\"newsitem-content\"><a href=\"https:\/\/doi.org\/10.1038\/s41598-026-42697-4\" target=\"_blank\">https:\/\/doi.org\/10.1038\/s41598-026-42697-4<\/a><\/div><\/div><div id=\"post-21802\" class=\"publications-item margin-bottom-30 post-21802 publications type-publications status-publish hentry years-893 person-fetchenhauer-detlef person-graczyk-thomas\">\n\t<div class=\"newsitem-content\"><h3 class=\"h5\">Fetchenhauer, D., Dunning, D., Georgantzi, P., Graczyk, T., &amp; Schl\u00f6sser, T. (2026).<\/h3> &#8220;Trust as a personal resource: A Mathew Effect of believing in the well-meaning of others.&#8221; In J. P. Forgas (Ed.), The Psychology of Trust (1st edn, pp. 202\u2013219). Routledge. <\/div>\n\t<div class=\"newsitem-content\"><a href=\"https:\/\/doi.org\/10.4324\/9781003654247-15\" target=\"_blank\">https:\/\/doi.org\/10.4324\/9781003654247-15<\/a><\/div><\/div><\/div>\r\n\r\n<a target=\"\" class=\"btn btn--pointright\" href=\"\/en\/publications\" >All publications<\/a>\r\n<p>&nbsp;<\/p>\r\n\n                <\/div>\r\n\r\n\n                <\/div>\r\n\n        <\/div>\n    <\/section>\r\n\r\n","protected":false},"excerpt":{"rendered":"","protected":false},"author":15,"featured_media":0,"parent":0,"menu_order":1,"comment_status":"closed","ping_status":"closed","template":"","meta":{"_acf_changed":false,"footnotes":""},"class_list":["post-263","page","type-page","status-publish","hentry"],"acf":[],"_links":{"self":[{"href":"https:\/\/c-seb.de\/en\/wp-json\/wp\/v2\/pages\/263","targetHints":{"allow":["GET"]}}],"collection":[{"href":"https:\/\/c-seb.de\/en\/wp-json\/wp\/v2\/pages"}],"about":[{"href":"https:\/\/c-seb.de\/en\/wp-json\/wp\/v2\/types\/page"}],"author":[{"embeddable":true,"href":"https:\/\/c-seb.de\/en\/wp-json\/wp\/v2\/users\/15"}],"replies":[{"embeddable":true,"href":"https:\/\/c-seb.de\/en\/wp-json\/wp\/v2\/comments?post=263"}],"version-history":[{"count":136,"href":"https:\/\/c-seb.de\/en\/wp-json\/wp\/v2\/pages\/263\/revisions"}],"predecessor-version":[{"id":21647,"href":"https:\/\/c-seb.de\/en\/wp-json\/wp\/v2\/pages\/263\/revisions\/21647"}],"wp:attachment":[{"href":"https:\/\/c-seb.de\/en\/wp-json\/wp\/v2\/media?parent=263"}],"curies":[{"name":"wp","href":"https:\/\/api.w.org\/{rel}","templated":true}]}}