{"id":15823,"date":"2023-02-17T16:07:21","date_gmt":"2023-02-17T15:07:21","guid":{"rendered":"https:\/\/c-seb.de\/?page_id=15823"},"modified":"2026-08-05T12:50:29","modified_gmt":"2026-08-05T10:50:29","slug":"seminars","status":"publish","type":"page","link":"https:\/\/c-seb.de\/en\/seminars\/","title":{"rendered":"Seminars"},"content":{"rendered":"<script type=\"text\/javascript\">\/\/ <![CDATA[\r\nvar tbopened = [1]; \/\/ Welche Akkordeons sollen zu Beginn ge\u00f6ffnet werden? 0 = oberstes Akkordeon, 1 = 2. Akkordeon\r\n\/\/ ]]><\/script>\r\n\r\n<!-- TEMPLATE F\u00dcR EINE ZEILE\r\n<tr>\r\n<td class=\"date\">XX.XX.XXXX<\/td>\r\n<td><\/td>\r\n<td class=\"date\">XX.XX.XXXX<\/td>\r\n<td><\/td>\r\n<\/tr>\r\n-->\r\n\r\n<!-- TEMPLATE URL-TAG VORTRAGENDE PERSON UND TITEL\r\n<a href=\"\" rel=\"noopener\" target=\"_blank\">PERSON<\/a>\r\nTITEL\r\n-->\r\n\r\n<style>\r\ntable, th, td {\r\n  padding-left: 5px;\r\n  padding-right: 5px;\r\n  padding-top: 2px;\r\n  padding-bottom: 2px;\r\n  margin: 0;\r\n  border: 0.0133cm solid #bbb;\r\n  border-collapse: collapse;\r\n  border-spacing: 0;\r\n  empty-cells: show;\r\n  writing-mode: lr-tb;\r\n  vertical-align: center}\r\n.date {\r\n text-align: center;}\r\n<\/style>\r\n\r\n<!-- INTRODUCTION AND OVERVIEW -->\r\n\n    <section class=\"section bg-grey\">\n        <div class=\"container\">\n              \r\n<div class=\"row\">\n                    \r\n<div class=\"col-xs-12 col-xs-offset-0 col-sm-12 col-sm-offset-0 col-md-12 col-md-offset-0\">\n                    \r\n\r\n<h1 class=\"h1 light\">Seminars<\/h1>\r\n<h1 class=\"h1\">Research seminars<\/h1>\r\n<p>C-SEB promotes scientific exchange by means of regular research seminars. We announce all seminars\/workshops in our <a href=\"https:&#47;&#x2f;&#99;&#x61;&#108;&#x65;&#110;&#x64;&#97;&#x72;&#46;&#x67;o&#x6f;g&#x6c;e&#x2e;c&#x6f;m&#x2f;c&#97;&#x6c;&#101;&#x6e;&#100;&#x61;&#114;&#x2f;&#117;&#x2f;&#48;&#x2f;&#101;&#x6d;b&#x65;d&#x3f;s&#x72;c&#x3d;c&#x73;e&#98;&#x63;&#111;&#x6c;&#111;&#x67;&#110;&#x65;&#64;&#x67;&#109;&#x61;&#105;&#x6c;&#46;&#x63;o&#x6d;&#038;ctz=Europe\/Berlin&#038;pli=1\" rel=\"noopener\" target=\"_blank\">C-SEB Calendar<\/a> and via the C-SEB seminar mailing list (<a href=\"https:\/\/lists.uni-koeln.de\/mailman\/listinfo\/c-seb-seminar-announcements\" target=\"_blank\" rel=\"noopener\">join the mailing list<\/a>).<\/p>\r\n\r\n\n                <\/div>\r\n\n                <\/div>\r\n\r\n<div class=\"row\">\n                    \r\n<div class=\"col-xs-12 col-xs-offset-0 col-sm-12 col-sm-offset-0 col-md-9 col-md-offset-0\">\n                    \r\n\r\n<h2>ECONtribute and C-SEB Design &amp; Behavior Seminar<\/h2>\r\n<p>The &#8220;ECONtribute and C-SEB Design &amp; Behavior Seminar&#8221; will take place on <b>Tuesdays<\/b> from <b>12:00 &#8211; 13:00<\/b>. This seminar offers scientists from the University of Cologne the opportunity to present their research; also, you are welcome to suggest external speakers working at the interface between economics and psychology.<\/p>\r\n<p>The seminar is organized by <b>C-SEB<\/b>. To present your own research or to suggest a guest speaker please contact us at <a href=\"mailto:c&#45;&#115;&#101;&#98;&#45;&#115;&#101;&#109;&#105;&#110;&#x61;&#x72;&#x73;&#x40;&#x75;&#x6e;&#x69;&#x2d;&#x6b;&#x6f;&#x65;&#x6c;&#x6e;&#x2e;&#x64;e\" target=\"_blank\" rel=\"noopener\">&#99;&#x2d;s&#101;&#x62;-&#115;&#x65;m&#105;&#x6e;a&#114;&#x73;&#64;&#117;&#x6e;i&#45;&#x6b;o&#101;&#x6c;n&#46;&#x64;e<\/a>. <\/p>\r\n\r\n<h2>ECONtribute and C-SEB Seminar<\/h2>\r\n<p>The &#8220;ECONtribute and C-SEB Seminar&#8221; will take place on <b>Wednesdays<\/b> at <b>12:00<\/b>. Here, reputable scientists from other universities will present research that is of interest to the areas represented in ECONtribute and C-SEB.<\/p>\r\n<p>The Wednesday seminar is organized by the <b>Cluster of Excellence <a href=\"https:\/\/econtribute.de\/events\/econtribute-seminar\/\" rel=\"noopener\" target=\"_blank\">ECONtribute<\/a><\/b>; suggestions for speakers can be submitted to <a href=\"m&#97;&#105;&#108;&#x74;&#x6f;&#x3a;re&#115;&#101;&#x61;&#x72;&#x63;&#x68;se&#109;&#105;&#x6e;&#x61;&#x72;&#x40;e&#99;&#111;&#110;&#x74;&#x72;&#x69;bu&#116;&#101;&#46;&#x64;&#x65;\" target=\"_blank\" rel=\"noopener\">&#114;&#x65;&#115;&#x65;&#97;&#x72;c&#x68;s&#101;&#x6d;&#105;&#x6e;&#97;&#x72;&#64;&#x65;c&#111;&#x6e;&#116;&#x72;&#105;&#x62;&#117;&#x74;e&#x2e;d&#101;<\/a>.<\/p>\r\n\r\n<h2>C-SEB Early Ideas Workshop<\/h2>\r\n<p>The &#8220;C-SEB Early Ideas Workshop&#8221; will take place on <b>Fridays<\/b> at <b>12:00<\/b>, organized by <b>Paula Scholz<\/b> (<a href=\"&#109;&#x61;&#105;&#x6c;&#116;&#x6f;&#58;&#x70;&#97;&#x75;&#108;&#x61;&#46;&#x73;&#99;&#x68;&#111;&#x6c;&#122;&#x40;&#119;&#x69;&#115;&#x6f;&#46;&#x75;n&#x69;-&#x6b;o&#x65;l&#x6e;&#46;&#x64;e\" target=\"_blank\" rel=\"noopener\">&#112;a&#x75;l&#x61;&#46;&#x73;c&#x68;o&#x6c;z&#x40;&#119;&#x69;&#115;&#x6f;&#46;&#x75;&#110;&#x69;&#45;&#x6b;&#111;&#x65;&#108;n&#x2e;d&#x65;<\/a>) and <b>Jasper Siol<\/b> (<a href=\"&#x6d;&#x61;&#105;l&#x74;&#x6f;&#x3a;&#106;a&#x73;&#x70;&#x65;&#114;&#46;&#x73;&#x69;&#x6f;&#108;&#64;&#x75;&#x6e;&#x69;&#45;k&#x6f;&#x65;&#x6c;&#110;&#46;&#x64;&#x65;\" target=\"_blank\" rel=\"noopener\">&#x6a;&#x61;&#x73;&#112;&#101;r&#46;&#x73;&#x69;&#x6f;&#x6c;&#64;&#117;ni&#x2d;&#x6b;&#x6f;&#101;&#108;&#110;&#46;d&#x65;<\/a>) . The workshop is aimed at <b>ideas for experimental research in early stages<\/b> and more informal in nature. To present your research, please e-mail the organizers.<\/p>\r\n\r\n\n                <\/div>\r\n\r\n<div class=\"col-xs-12 col-xs-offset-0 col-sm-12 col-sm-offset-0 col-md-3 col-md-offset-0\">\n                    \r\n\r\n<h2>Virtual MD Seminar<\/h2>\r\n<p>Together with colleagues from different institutions, <a href=\"https:\/\/scm.uni-koeln.de\/en\/team-scm\/senior-faculty\/prof-dr-nicolas-fugger\" rel=\"noopener\" target=\"_blank\">Nicolas Fugger<\/a> (C-SEB) initiated the <b>Virtual Market Design Seminar<\/b>. Please find the next seminar dates below, all dates at <a href=\"https:\/\/virtual-md-seminar.com\/\" rel=\"noopener\" target=\"_blank\">virtual-md-seminar.com<\/a>.<\/p>\r\n\r\n<p><i>The Virtual MD Seminar is taking a summer break.<\/i><\/p>\r\n\r\n\n                <\/div>\r\n\n                <\/div>\r\n\r\n\r\n\n        <\/div>\n    <\/section>\r\n\r\n\r\n<!-- SEMINAR TABLES -->\r\n\n    <section class=\"section bg-white\">\n        <div class=\"container\">\n              \r\n<div class=\"row\">\n                    \r\n<div class=\"col-xs-12 col-xs-offset-0 col-sm-12 col-sm-offset-0 col-md-12 col-md-offset-0\">\n                    \r\n\r\n<div class=\"akkordeon-wrapper \">\r\n\r\n\r\n<!-- Wintersemester 2026\/2027 -->\r\n<div class=\"akkordeonitem\"><h4 class=\"h4 akkordeonitem-headline\">Seminar schedule WS 2026\/27<\/h4><div class=\"akkordeonitem-content\">\r\n<p>In the winter term 2026\/2027, the C-SEB seminar series is dedicated to <b>\u201eMinds and Machines: Cognition, Behavior, and AI\u201c<\/b>, bringing together behavioral economists and social psychologists. Topics related to the use of AI include privacy, transparency, fairness, and accountability. The series provides an interdisciplinary platform for understanding the cognitive and behavioral implications of AI and for advancing research on its ethical and effective integration into organizations and society. Topics include:<\/p>\r\n<ul>\r\n<li>Privacy, transparency, fairness, and accountability related to AI,<\/li>\r\n<li>trust and AI,<\/li>\r\n<li>algorithmic bias,<\/li>\r\n<li>collective reasoning with AI,<\/li>\r\n<li>social cognition toward artificial agents, and<\/li>\r\n<li>applications in areas such as human resource management, education, finance and banking, or transportation and logistics.<\/li>\r\n<\/ul>\r\n<p>We welcome suggestions for speakers whose research examines the interaction between humans and AI systems from a behavioral perspective. We are particularly interested in work that investigates how algorithmic systems and artificial agents influence cognition, judgment, decision-making, and social behavior.<\/p>\r\n\r\n\r\n\r\n<table><colgroup> <col style=\"width: 10%;\" \/> <col style=\"width: 40%;\" \/> <col style=\"width: 10%;\" \/> <col style=\"width: 40%;\" \/> <\/colgroup>\r\n<tbody>\r\n\r\n<tr style=\"font-style: italic;\">\r\n<td><\/td>\r\n<td>Organisation: C-SEB \/\/ <a href=\"&#109;a&#x69;l&#x74;o&#x3a;c&#x2d;&#115;&#x65;&#98;&#x2d;&#115;&#x65;&#109;i&#110;a&#x72;s&#x40;u&#x6e;&#105;&#x2d;&#107;&#x6f;&#101;&#x6c;&#110;&#x2e;&#100;e\">&#99;&#x2d;&#115;&#x65;b&#x2d;s&#101;&#x6d;&#105;&#x6e;a&#x72;s&#64;&#x75;&#110;&#x69;-&#x6b;o&#101;&#x6c;&#110;&#x2e;d&#x65;<\/a><br \/>\r\nRoom 7.14 in the WiSo High Rise Buliding<\/td>\r\n<td><\/td>\r\n<td>Organisation: <a href=\"https:\/\/econtribute.de\/events\/econtribute-seminar\/\" target=\"_blank\" rel=\"noopener\">ECONtribute<\/a> \/\/ <a href=\"&#x6d;&#97;i&#x6c;&#116;o&#x3a;&#114;e&#x73;&#x65;&#97;&#x72;&#x63;&#104;s&#x65;&#109;i&#x6e;&#97;r&#x40;&#x65;&#99;&#x6f;&#x6e;&#116;r&#x69;&#98;u&#x74;&#101;&#46;&#x64;&#101;\">&#114;&#x65;&#115;&#x65;a&#x72;c&#104;&#x73;&#101;&#x6d;&#105;&#x6e;a&#x72;&#64;&#101;&#x63;&#111;&#x6e;t&#x72;i&#x62;&#x75;&#116;&#x65;&#46;&#x64;e<\/a>\r\n<br \/>Room 3.206 in the SSC Buliding<\/td>\r\n<\/tr>\r\n\r\n<tr style=\"font-weight: bold; color: #fff; background-color: #33475b;\">\r\n<td class=\"date\">Tuesday<\/td>\r\n<td>12:00 &#8211; 13:00\r\n<br \/>ECONtribute and C-SEB Design &amp; Behavior Seminar<\/td>\r\n<td class=\"date\">Wednesday<\/td>\r\n<td>12:00 &#8211; 13:15\r\n<br \/>ECONtribute and C-SEB Seminar<\/td>\r\n<\/tr>\r\n\r\n<tr>\r\n<td class=\"date\">13.10.2026<\/td>\r\n<td><\/td>\r\n<td class=\"date\">14.10.2026<\/td>\r\n<td><\/td>\r\n<\/tr>\r\n\r\n<tr>\r\n<td class=\"date\">20.10.2026<\/td>\r\n<td><\/td>\r\n<td class=\"date\">21.10.2026<\/td>\r\n<td><\/td>\r\n<\/tr>\r\n\r\n<tr>\r\n<td class=\"date\">27.10.2026<\/td>\r\n<td><a href=\"https:\/\/www.tu.berlin\/mikro\/team\/fachgebietsleitung\"target=\"_blank\" rel=\"noopener\"> Radosveta Ivanova-Stenzel (Technische Universit\u00e4t Berlin)<\/a>\r\n<br \/><i>tbd<\/i><\/td>\r\n<td class=\"date\">28.10.2026<\/td>\r\n<td><\/td>\r\n<\/tr>\r\n\r\n<tr>\r\n<td class=\"date\">03.11.2026<\/td>\r\n<td><a href=\"https:\/\/www.dice.hhu.de\/diceteam\/professorinnen-und-professoren\/normann\"target=\"_blank\" rel=\"noopener\"> Hans-Theo Normann (Heinrich-Heine-Universit\u00e4t D\u00fcsseldorf)<\/a>\r\n<br \/><i>tbd<\/i><\/td>\r\n<td class=\"date\">04.11.2026<\/td>\r\n<td><\/td>\r\n<\/tr>\r\n\r\n<tr>\r\n<td class=\"date\">10.11.2026<\/td>\r\n<td><a href=\"https:\/\/vojtechbartos.net\"target=\"_blank\" rel=\"noopener\"> Vojt\u011bch Barto\u0161 (University of Milan)<\/a>\r\n<br \/>&#8220;Harnessing AI to Spark Curiosity: Experimental Evidence from Middle School Education&#8221; (with Jana Cahl\u00edkov\u00e1, Miroslava Hapalov\u00e1, Roman Lyach, Ipek Mumcu and SCIO Research)<\/td>\r\n<td class=\"date\">11.11.2026<\/td>\r\n<td><\/td>\r\n<\/tr>\r\n\r\n<tr>\r\n<td class=\"date\">17.11.2026<\/td>\r\n<td><a href=\"https:\/\/www.loukasbalafoutas.com\/\"target=\"_blank\" rel=\"noopener\"> Loukas Balafoutas (University of Exeter Business School)<\/a>\r\n<br \/><i>tbd<\/i><\/td>\r\n<td class=\"date\">18.11.2026<\/td>\r\n<td><\/td>\r\n<\/tr>\r\n\r\n<tr>\r\n<td class=\"date\">24.11.2026<\/td>\r\n<td><a href=\"https:\/\/sites.google.com\/view\/tim-cason\"target=\"_blank\" rel=\"noopener\">Timothy N Cason (Purdue University)<\/a>\r\n<br \/><i>tbd<\/i><\/td>\r\n<td class=\"date\">25.11.2026<\/td>\r\n<td><\/td>\r\n<\/tr>\r\n\r\n<tr>\r\n<td class=\"date\">01.12.2026<\/td>\r\n<td><a href=\"https:\/\/www.wzb.eu\/de\/personen\/dorothea-kuebler\"target=\"_blank\" rel=\"noopener\">Dorothea K\u00fcbler (Wissenschaftszentrum Berlin f\u00fcr Sozialforschung)<\/a>\r\n<br \/><i>tbd<\/i><\/td>\r\n<td class=\"date\">02.12.2026<\/td>\r\n<td><\/td>\r\n<\/tr>\r\n\r\n<tr>\r\n<td class=\"date\">08.12.2026<\/td>\r\n<td><\/td>\r\n<td class=\"date\">09.12.2026<\/td>\r\n<td><\/td>\r\n<\/tr>\r\n\r\n<tr>\r\n<td class=\"date\">15.12.2026<\/td>\r\n<td><a href=\"https:\/\/www.pgonzalezfernandez.com\/\"target=\"_blank\" rel=\"noopener\">Pedro Gonzalez-Fernandez (Ruprecht-Karls-Universit\u00e4t Heidelberg)<\/a>\r\n<br \/>&#8220;Large Language Models can Predict Human Strategic Decisions&#8221;<\/td>\r\n<td class=\"date\">16.12.2026<\/td>\r\n<td><\/td>\r\n<\/tr>\r\n\r\n<tr>\r\n<td class=\"date\">22.12.2026<\/td>\r\n<td><\/td>\r\n<td class=\"date\">23.12.2026<\/td>\r\n<td><\/td>\r\n<\/tr>\r\n\r\n<tr>\r\n<td class=\"date\">12.01.2027<\/td>\r\n<td><a href=\"https:\/\/www.wu.ac.at\/en\/ims\/team\/prof-dr-ben-greiner\"target=\"_blank\" rel=\"noopener\">Ben Greiner (Wirtschaftsuniversit\u00e4t Wien)<\/a>\r\n<br \/><i>tbd<\/i><\/td>\r\n<td class=\"date\">13.01.2027<\/td>\r\n<td><\/td>\r\n<\/tr>\r\n\r\n<tr>\r\n<td class=\"date\">19.01.2027<\/td>\r\n<td><a href=\"https:\/\/rc-trust.ai\/about\/scientists\/nils-koebis\"target=\"_blank\" rel=\"noopener\">Nils K\u00f6bis (Universit\u00e4t Duisburg-Essen)<\/a>\r\n<br \/><i>tbd<\/i><\/td>\r\n<td class=\"date\">20.01.2027<\/td>\r\n<td><\/td>\r\n<\/tr>\r\n\r\n<tr>\r\n<td class=\"date\">26.01.2027<\/td>\r\n<td><a href=\"https:\/\/www.dropbox.com\/scl\/fi\/76gtlww6dxnki87syun9d\/CV_vonSchenk.pdf?rlkey=y80rvtlxlajzw90pwpw4c2cx7&#038;st=0136ubmy&#038;e=1&#038;dl=0 \"target=\"_blank\" rel=\"noopener\">Alicia von Schenk (Julius-Maximilians-Universit\u00e4t W\u00fcrzburg )<\/a>\r\n<br \/><i>tbd<\/i><\/td>\r\n<td class=\"date\">27.01.2027<\/td>\r\n<td><\/td>\r\n<\/tr>\r\n\r\n<tr>\r\n<td class=\"date\">02.02.2027<\/td>\r\n<td><\/td>\r\n<td class=\"date\">03.02.2027<\/td>\r\n<td><\/td>\r\n<\/tr>\r\n\r\n<\/tbody>\r\n<\/table>\r\n<\/div><\/div>\r\n<!-- Sommersemester 2026 -->\r\n<div class=\"akkordeonitem\"><h4 class=\"h4 akkordeonitem-headline\">Seminar schedule for SS 2026<\/h4><div class=\"akkordeonitem-content\">\r\n<table><colgroup> <col style=\"width: 10%;\" \/> <col style=\"width: 40%;\" \/> <col style=\"width: 10%;\" \/> <col style=\"width: 40%;\" \/> <\/colgroup>\r\n<tbody>\r\n\r\n<tr style=\"font-style: italic;\">\r\n<td><\/td>\r\n<td>Organisation: C-SEB \/\/ <a href=\"m&#97;&#105;&#x6c;&#x74;&#x6f;:&#99;&#45;&#x73;&#x65;&#x62;-s&#101;&#x6d;&#x69;&#x6e;ar&#115;&#64;&#x75;&#x6e;&#x69;-&#107;&#111;&#x65;&#x6c;&#x6e;&#46;&#100;&#101;\">&#99;&#x2d;&#115;&#x65;&#98;&#x2d;&#115;&#x65;&#109;&#x69;&#110;&#x61;&#114;&#x73;&#64;&#x75;&#110;&#x69;&#45;&#x6b;&#111;&#x65;&#108;&#x6e;&#46;&#x64;&#101;<\/a><br \/>\r\nRoom 3.206 in the SSC building<\/td>\r\n<td><\/td>\r\n<td>Organisation: <a href=\"https:\/\/econtribute.de\/events\/econtribute-seminar\/\" target=\"_blank\" rel=\"noopener\">ECONtribute<\/a> \/\/ <a href=\"mail&#116;&#111;&#58;&#114;&#101;&#115;&#101;&#x61;&#x72;&#x63;&#x68;&#x73;&#x65;&#x6d;&#x69;&#x6e;ar&#64;e&#99;&#111;&#110;&#116;&#114;&#105;&#98;&#x75;&#x74;&#x65;&#x2e;&#x64;&#x65;\">rese&#97;&#114;&#99;&#104;&#115;&#x65;&#x6d;&#x69;&#x6e;&#x61;&#x72;&#x40;econ&#116;&#114;&#105;&#98;&#117;&#x74;&#x65;&#x2e;&#x64;&#x65;<\/a>\r\n<br \/>Room 3.206 in the SSC building<\/td>\r\n<\/tr>\r\n\r\n<tr>\r\n<td class=\"date\">14.04.2026<\/td>\r\n<td><a href=\"https:\/\/sites.google.com\/view\/francescocapozza\"target=\"_blank\" rel=\"noopener\">Francesco Capozza (University of Barcelona)<\/a>\r\n<br \/>&#8220;Social Media Toxicity and Mental Health: Evidence from a Field Experiment&#8221;<\/td>\r\n<td class=\"date\">15.04.2026<\/td>\r\n<td><a href=\"https:\/\/michelacarlana.com\"target=\"_blank\" rel=\"noopener\">Michela Carlana (Harvard Kennedy School \/ Bocconi University)<\/a>\r\n<br \/>&#8220;Social Mobility and Teachers\u2019 Expectations&#8221;<\/td>\r\n<\/tr>\r\n\r\n<tr>\r\n<td class=\"date\">21.04.2026<\/td>\r\n<td><a href=\"https:\/\/sites.google.com\/view\/claireduquennois\/\"target=\"_blank\" rel=\"noopener\">Claire Duquennois (University of Pittsburgh)<\/a>\r\n<br \/>&#8220;Racial Retaliation and Updating: Black Athletes and Racial Hate&#8221;<\/td>\r\n<td class=\"date\">22.04.2026<\/td>\r\n<td><a href=\"https:\/\/personal.lse.ac.uk\/michaels\/\"target=\"_blank\" rel=\"noopener\">Guy Michaels (London School of Economics)<\/a>\r\n<br \/>&#8220;Slum Demolitions without Rehousing: Long-run Evidence from Victorian London&#8221;<\/td>\r\n<\/tr>\r\n\r\n<tr>\r\n<td class=\"date\">28.04.2026<\/td>\r\n<td><a href=\"https:\/\/www.philosophie.uni-hamburg.de\/en\/philosophisches-seminar\/personen\/meyer-marco.html\"target=\"_blank\" rel=\"noopener\">Marco Meyer (Uni Hamburg)<\/a>\r\n<br \/>\u201eThe Role of Epistemic Vice for Organizational Misconduct\u201c<\/td>\r\n<td class=\"date\">29.04.2026<\/td>\r\n<td><a href=\"https:\/\/sites.google.com\/site\/josephvecci\/home\"target=\"_blank\" rel=\"noopener\">Joe Vecci (Gothenburg University)<\/a>\r\n<br \/>&#8220;A Brave New World of Hiring: a Natural Field Experiment on How Asynchronous Interviews and AI Reshape Recruitment&#8221;<\/td>\r\n<\/tr>\r\n\r\n<tr>\r\n<td class=\"date\">05.05.2026<\/td>\r\n<td>\r\n<strong>CANCELLED<\/strong> <br\/>\r\n<a href=\"https:\/\/scholar.google.de\/citations?hl=de&#038;user=OAFkxoIAAAAJ&#038;view_op=list_works\"target=\"_blank\" rel=\"noopener\"><del>Judith K\u00fcnneke (Tilburg University)<\/del><\/a> <br\/> <del>&#8220;The Role of Performance Management in Recognizing Higher-Order Skills&#8221;<\/del>\r\n<\/td>\r\n<td class=\"date\">06.05.2026<\/td>\r\n<td><a href=\"https:\/\/www.bi.no\/en\/about-bi\/employees\/department-of-economics\/annika-bacher\/\"target=\"_blank\" rel=\"noopener\">Annika Bacher (BI Norwegian Business School)<\/a>\r\n<br \/>&#8220;Household Labor Supply Insurance around the World&#8221; (joint with Kevin Donovan, Philipp Gr\u00fcbener, Lukas Nord, and Todd Schoellman)&#8221;<\/td>\r\n<\/tr>\r\n\r\n<tr>\r\n<td class=\"date\">12.05.2026<\/td>\r\n<td><a href=\"https:\/\/web.ics.purdue.edu\/~gill53\/\"target=\"_blank\" rel=\"noopener\">David Gill (Purdue University)<\/a>\r\n<br \/>&#8220;Dynamic investment in teamwork skill: Theory and experimental evidence&#8221;\r\n<\/td>\r\n<td class=\"date\">13.05.2026<\/td>\r\n<td><a href=\"https:\/\/sites.google.com\/view\/simonwiederhold\"target=\"_blank\" rel=\"noopener\">Simon Wiederhold (IHW Halle)<\/a>\r\n<br \/>&#8220;Where Do STEM Graduates Stem From? The Intergenerational Transmission of Comparative Skill Advantages\r\n(with Eric A. Hanushek, Babs Jacobs, Guido Schwerdt, Rolf van der Velden, Stan Vermeulen)&#8221;<\/td>\r\n<\/tr>\r\n\r\n\r\n<tr>\r\n<td class=\"date\">19.05.2026<\/td>\r\n<td><a href=\"https:\/\/sites.google.com\/view\/ahlfeldt\/home\"target=\"_blank\" rel=\"noopener\">Gabriel Ahlfeldt (Humboldt-Universit\u00e4t Berlin) <\/a>\r\n<br \/>&#8220;The Economics of Architecture&#8221;<\/td>\r\n<td class=\"date\">20.05.2026<\/td>\r\n<td>\r\n<strong>CANCELLED<\/strong> <br\/>\r\n<a href=\"https:\/\/www.cbs.dk\/en\/research\/departments\/department-finance\/kathrin-schlafmann\"target=\"_blank\" rel=\"noopener\"><del>Kathrin Schlafmann (Copenhagen Business School)<\/del><\/a>\r\n<br \/><del>&#8220;Expectation and Wealth Heterogeneity in the Macroeconomy&#8221;<\/del><\/td>\r\n<\/tr>\r\n\r\n<tr>\r\n<td class=\"date\">26.05.2026<\/td>\r\n<td><a href=\"https:\/\/sites.google.com\/site\/torstenfigueiredowalter\/home\"target=\"_blank\" rel=\"noopener\">Torsten Figueiredo Walter (New York University Abu Dhabi)<\/a>\r\n<br \/> &#8220;Endogenous Sample Selection&#8221;<\/td>\r\n<td class=\"date\">27.05.2026<\/td>\r\n<td><i><\/i><\/td>\r\n<\/tr>\r\n\r\n<tr>\r\n<td class=\"date\">02.06.2026<\/td>\r\n<td><a href=\"https:\/\/www.jingzhouecon.com\"target=\"_blank\" rel=\"noopener\">Jing Zhou (University of Edinburgh)<\/a>\r\n<br \/> <i>&#8220;From Signals to Beliefs: The Use and Valuation of Statistical Features&#8221;<\/i> <\/td>\r\n<td class=\"date\">03.06.2026<\/td>\r\n<td><a href=\"https:\/\/www.benjamin-arold.com\"target=\"_blank\" rel=\"noopener\">Benjamin Arold (University of Cambridge)<\/a>\r\n<br \/>&#8220;Worker Rights in Collective Bargaining&#8221;<\/td>\r\n<\/tr>\r\n\r\n\r\n<tr>\r\n<td class=\"date\">09.06.2026<\/td>\r\n<td><\/td>\r\n<td class=\"date\">10.06.2026<\/td>\r\n<td><a href=\"https:\/\/www.sciencespo.fr\/department-economics\/directory\/galbiati-roberto\/\" target=\"_blank\" rel=\"noopener\">Roberto Galbiati (Sciences Po &#8211; Paris)<\/a> \r\n<br\/> &#8220;Science under Inquisition: The allocation of talent in early modern Europe&#8221;<\/td>\r\n<\/tr>\r\n\r\n<tr>\r\n<td class=\"date\">16.06.2026<\/td>\r\n<td><a href=\"https:\/\/www.econ.uni-bonn.de\/en\/department\/doctoral-students\/simon-cordes?set_language=en\" target=\"_blank\" rel=\"noopener\">Simon Cordes (University Bonn)<\/a> \r\n<br\/> &#8220;Do Firms Know What Workers Want?&#8221;<\/td>\r\n<td class=\"date\">17.06.2026<\/td>\r\n<td><a href=\"https:\/\/sites.google.com\/view\/pfaeuti\/\"target=\"_blank\" rel=\"noopener\">Oliver Pf\u00e4uti (University of Texas at Austin) <\/a>\r\n<br \/>&#8220;Public Debt and the Price of Fiscal Uncertainty: Attention and Inflation Volatility&#8221;<\/td>\r\n<\/tr>\r\n\r\n<tr>\r\n<td class=\"date\">23.06.2026<\/td>\r\n<td><a href=\"https:\/\/shakkednoy.com\/\"target=\"_blank\" rel=\"noopener\">Shakked Noy (MIT Economics)<\/a>\r\n<br \/>&#8220;Manufacturing (Dis)Content&#8221; (with Aakaash Rao)<\/td>\r\n<td class=\"date\">24.06.2026<\/td>\r\n<td><a href=\"https:\/\/www.econ.lmu.de\/de\/personen\/kontaktseite\/davide-cantoni-34ec5bfb.html\"target=\"_blank\" rel=\"noopener\">Davide Cantoni (LMU M\u00fcnchen)<\/a>\r\n<br \/>&#8220;Identity and Institutional Change: Evidence from First Names in Germany, 1700\u20131850&#8221;<\/td>\r\n<\/tr>\r\n\r\n<tr>\r\n<td class=\"date\">30.06.2026<\/td>\r\n<td><a href=\"https:\/\/sop.washington.edu\/people\/jing-li\/\"target=\"_blank\" rel=\"noopener\">Jing Li (University of Washington)<\/a>\r\n<br \/>&#8220;Economic Preferences and Practice Patterns of Physicians&#8221;<\/td>\r\n<td class=\"date\">01.07.2026<\/td>\r\n<td><\/td>\r\n<\/tr>\r\n\r\n<tr>\r\n    <td class=\"date\">&nbsp;<\/td>\r\n    <td>&nbsp;<\/td>\r\n    <td class=\"date\">06.07.2026<\/td>\r\n    <td>\r\n        <a href=\"https:\/\/sites.google.com\/site\/matthiaskehrig\/\" target=\"_blank\" rel=\"noopener\">\r\n            Matthias Kehrig (Duke University, USA)\r\n        <\/a><br \/>\r\n        Allocative Efficiency of Public R&amp;D: Evidence from NIH Funding\r\n    <\/td>\r\n<\/tr>\r\n\r\n<tr>\r\n<td class=\"date\">07.07.2026<\/td>\r\n<td><a href=\"https:\/\/sites.google.com\/site\/dmitriysergeyev\/\" target=\"_blank\" rel=\"noopener\">Dmitry Sergeyev (Bocconi University)<\/a> \r\n<br\/> &#8220;Perceived Budget Constraint of the Government&#8221;<\/td>\r\n<td class=\"date\">08.07.2026<\/td>\r\n<td><a href=https:\/\/www.thomas-cornelissen.de target=\"_blank\" rel=\"noopener\">Thomas Cornellisen (University of Essex, UK)<\/a> \r\n<br\/>&#8220;Labor Market Tightness and the Effects of Immigration&#8221;<\/td>\r\n<\/tr>\r\n\r\n<tr>\r\n<td class=\"date\">14.07.2026<\/td>\r\n<td><a href=\"https:\/\/sites.google.com\/site\/alexanderkkoch\/\" target=\"_blank\" rel=\"noopener\">Alexander Koch (Aarhus University)<\/a> \r\n<br\/> &#8220;Gender Norms, Stereotypical Beliefs, and Competitivenes&#8221;<\/td>\r\n<td class=\"date\">15.07.2026<\/td>\r\n<td><a href=\"https:\/\/janfeld.weebly.com \"target=\"_blank\" rel=\"noopener\"> Jan Feld (Victoria University of Wellington, NZ) <\/a> \r\n<br\/> &#8220;Generalizability and the Evidence We Happen to Have&#8221;<\/td>\r\n<\/tr>\r\n\r\n<tr>\r\n<td class=\"date\">21.07.2026<\/td>\r\n<td> <a href=\"https:\/\/louisheizlsperger.github.io\" target=\"_blank\" rel=\"noopener\"> Louis Heizlsperger (UC Berkeley) <\/a>\r\n<br\/>&#8220;Thinking versus Doing: Cognitive Capacity, Decision Making and Medical Diagnosis&#8221; (with Ben Handel, Jonas Knecht, Jon Kolstad, Ulrike Malmendier, and Filip Matejka)<\/td>\r\n<td class=\"date\">22.07.2026<\/td>\r\n<td><a href=\"https:\/\/wiso.uni-koeln.de\/de\/forschung\/professorinnen\/professorinnen-a-bis-z\/prof-dr-daniel-metzger\" target=\"_blank\" rel=\"noopener\"> Daniel Metzger (University of Cologne) <\/a>\r\n<br\/>&#8220;Finance, Firms, and People&#8221;<\/td>\r\n<\/tr>\r\n<\/tbody>\r\n<\/table>\r\n<\/div><\/div>\r\n\r\n<!-- Wintersemester 2025\/2026 -->\r\n<div class=\"akkordeonitem\"><h4 class=\"h4 akkordeonitem-headline\">Seminar schedule for WS 2025\/26<\/h4><div class=\"akkordeonitem-content\">\r\n<table>\r\n<colgroup> <col style=\"width: 10%;\" \/> <col style=\"width: 40%;\" \/> <col style=\"width: 10%;\" \/> <col style=\"width: 40%;\" \/> <\/colgroup>\r\n<tbody>\r\n\r\n<tr style=\"font-style: italic;\">\r\n<td><\/td>\r\n<td>Organisation: C-SEB \/\/ <a href=\"&#x6d;&#x61;&#x69;&#x6c;&#116;&#111;&#58;&#99;-se&#x62;&#x2d;&#x73;&#x65;&#x6d;&#105;&#110;&#97;rs&#64;&#x75;&#x6e;&#x69;&#x2d;&#x6b;&#111;&#101;&#108;n&#46;d&#x65;\">&#99;-&#x73;e&#x62;-&#x73;e&#x6d;i&#x6e;a&#x72;&#115;&#x40;&#117;&#x6e;&#105;&#x2d;&#107;&#x6f;&#101;&#x6c;&#110;&#x2e;&#100;e<\/a>\r\n<br \/>Room 3.206 in the SSC building<\/td>\r\n<td><\/td>\r\n<td>Organisation: <a href=\"https:\/\/econtribute.de\/events\/econtribute-seminar\/\" target=\"_blank\" rel=\"noopener\">ECONtribute<\/a> \/\/ <a href=\"&#x6d;&#x61;&#x69;&#x6c;&#x74;&#x6f;&#x3a;&#x72;&#x65;&#x73;&#x65;&#x61;&#x72;&#x63;&#x68;&#x73;&#x65;&#x6d;&#x69;&#x6e;&#x61;&#x72;&#x40;&#x65;&#x63;&#x6f;&#x6e;&#x74;&#x72;&#x69;&#x62;&#x75;&#x74;&#x65;&#x2e;&#x64;&#x65;\">&#114;&#x65;&#115;&#x65;a&#x72;c&#104;&#x73;&#101;&#x6d;&#105;&#x6e;a&#x72;&#64;&#101;&#x63;&#111;&#x6e;t&#x72;i&#x62;&#x75;&#116;&#x65;&#46;&#x64;e<\/a>\r\n<br \/>Room 3.206 in the SSC building<\/td>\r\n<\/tr>\r\n\r\n<tr style=\"font-weight: bold; color: #fff; background-color: #33475b;\">\r\n<td class=\"date\">Tuesday<\/td>\r\n<td>12:00 &#8211; 13:00\r\n<br \/>ECONtribute and C-SEB Design &amp; Behavior Seminar<\/td>\r\n<td class=\"date\">Wednesday<\/td>\r\n<td>12:00 &#8211; 13:15\r\n<br \/>ECONtribute and C-SEB Seminar<\/td>\r\n<\/tr>\r\n\r\n\r\n<tr>\r\n<td class=\"date\">14.10.2025<\/td>\r\n<td><i>no seminar<\/i><\/td>\r\n<td class=\"date\">15.10.2025<\/td>\r\n<td><a href=\"https:\/\/sites.google.com\/view\/matthiasrodemeier\/startseite\"target=\"_blank\" rel=\"noopener\">Matthias Rodemeier (Bocconi University)<\/a>\r\n<br \/>\u201eGambling for Retirement: The Economics of Savings Lotteries\u201c<\/td>\r\n<\/tr>\r\n\r\n<tr>\r\n<td class=\"date\">21.10.2025<\/td>\r\n<td><a href=\"https:\/\/sites.google.com\/view\/shuigeliu\/\" target=\"_blank\" rel=\"noopener\">Shuige  Liu (Bocconi University)<\/a>\r\n<br \/>&#8220;Information Sufficiency and Stability in Decentralized Decision-Making\u201d<\/td>\r\n<td class=\"date\">22.10.2025<\/td>\r\n<td><a href=\"https:\/\/www.ronjahelensdotter.com\/\"target=\"_blank\" rel=\"noopener\">Ronja Hel\u00e9nsdotter (MIT Sloan School of Management)<\/a>\r\n<br \/>\u201eTreated Together: Spillovers Among Youths Admitted to Residential Treatment\u201c<\/td>\r\n<\/tr>\r\n\r\n<tr>\r\n<td class=\"date\">28.10.2025<\/td>\r\n<td><a href=\"https:\/\/profiles.imperial.ac.uk\/prashant.garg\" target=\"_blank\" rel=\"noopener\">Prashant Gargh (Imperial College London)<\/a>\r\n<br \/>&#8220;Cross-Border Regulatory Enforcement and Innovation Spillovers&#8221;<\/td>\r\n<td class=\"date\">29.10.2025<\/td>\r\n<td><a href=\"https:\/\/liberalarts.utexas.edu\/economics\/faculty\/ec34977\"target=\"_blank\" rel=\"noopener\">Eric Chyn (University of Texas at Austin)<\/a>\r\n<br \/>\u201eIdeology in Government: Evidence from the Office of Indian Affairs and the Assimilation Era\u201c<\/td>\r\n<\/tr>\r\n\r\n<tr>\r\n<td class=\"date\">04.11.2025<\/td>\r\n<td><a href=\"https:\/\/www.ankebeckerecon.com\/\"target=\"_blank\" rel=\"noopener\">Anke Becker (Harvard Business School)<\/a>\r\n<br \/>&#8220;Networks and Identity in the Second Industrial Revolution&#8221; (joint with Gustav Agneman and Anne Sofie Beck Knudsen)<\/td>\r\n<td class=\"date\">05.11.2025<\/td>\r\n<td><a href=\"https:\/\/www.tatianamocanu.com\/\"target=\"_blank\" rel=\"noopener\">Tatiana Mocanu (Columbia University)<\/a>\r\n<br \/>\u201ePersonal Connections and Hiring Decisions in the Public Sector\u201c<\/td>\r\n<\/tr>\r\n\r\n<tr>\r\n<td class=\"date\">11.11.2025<\/td>\r\n<td><i>no seminar<\/i><\/td>\r\n<td class=\"date\">12.11.2025<\/td>\r\n<td><a href=\"https:\/\/sites.google.com\/site\/erinaytsma\/\"target=\"_blank\" rel=\"noopener\">Erina Ytsma (Carnegie Mellon University)<\/a>\r\n<br \/>\u201eGender Differences in the Response to Incentives: Evidence from Academia\u201c<\/td>\r\n<\/tr>\r\n\r\n<tr>\r\n<td class=\"date\">18.11.2025<\/td>\r\n<td><a href=\"https:\/\/sites.google.com\/view\/nilswehrhoefer\/nils-wehrh%C3%B6fer\"target=\"_blank\" rel=\"noopener\">Nils Wehrh\u00f6fer (Deutsche Bundesbank)<\/a>\r\n<br \/>&#8220;Causal effects of interest rate expectations on firm decisions and their aggregate implications&#8221;<\/td>\r\n<td class=\"date\">19.11.2025<\/td>\r\n<td><a href=\"https:\/\/www.frankfurt-school.de\/de\/research-and-faculty\/faculty\/faculty-directory\/alina-kristin-bartscher\" target=\"_blank\" rel=\"noopener\">Alina Bartscher (Frankfurt School of Finance &#038; Management)<\/a>\r\n<br \/>\u201eCausal Effects of Interest Rate Expectations on Firm Decisions and Their Aggregate Implications\u201c<\/td>\r\n<\/tr>\r\n\r\n<tr>\r\n<td class=\"date\">25.11.2025<\/td>\r\n<td><a href=\"https:\/\/people.ceu.edu\/marc_kaufmann\"target=\"_blank\" rel=\"noopener\">Marc Kaufmann (Central European University<\/a>\r\n<br \/>&#8220;Social Responsibility in Secondary Markets&#8221; &#8211; joint with Malte Kornemann and Botond K\u0151szegi (both University of Bonn)<\/td>\r\n<td class=\"date\">26.11.2025<\/td>\r\n<td><a href=\"https:\/\/sites.google.com\/view\/constantin-charles\/home\"target=\"_blank\" rel=\"noopener\">Constantin Charles (LSE)<\/a>\r\n<br \/>\u201eMarketwide Memory\u201c<\/td>\r\n<\/tr>\r\n\r\n<tr>\r\n<td class=\"date\">02.12.2025<\/td>\r\n<td><a href=\"https:\/\/www.uibk.ac.at\/de\/publicfinance\/team_m\/adrian-dull\/\"target=\"_blank\" rel=\"noopener\">Adrian D\u00fcll (Universit\u00e4t Innsbruck)<\/a>\r\n<br \/>&#8220;Platform Design and Market Power&#8221;<\/td>\r\n<td class=\"date\">03.12.2025<\/td>\r\n<td><a href=\"https:\/\/economics.mit.edu\/people\/faculty\/tobias-salz\"target=\"_blank\" rel=\"noopener\">Tobias Salz (MIT Economics)<\/a>\r\n<br \/>\u201eSources of Market Power in Web Search: Evidence from a Field Experiment\u201c<\/td>\r\n<\/tr>\r\n\r\n<tr>\r\n<td class=\"date\">09.12.2025<\/td>\r\n<td><a href=\"https:\/\/jkochems.github.io\/\"target=\"_blank\" rel=\"noopener\">Johannes Kochems (University of Cologne)<\/a>\r\n<br \/>&#8220;Local Tax Havens&#8221;<\/td>\r\n<td class=\"date\">10.12.2025<\/td>\r\n<td>\u201eSources of Market Power in Web Search: Evidence from a Field Experiment\u201c<\/td>\r\n<\/tr>\r\n\r\n<tr>\r\n<td class=\"date\">16.12.2025<\/td>\r\n<td><a href=\"http:\/\/www.robertmahlstedt.com\/\"target=\"_blank\" rel=\"noopener\">Robert Mahlstedt (University of Copenhagen)<\/a>\r\n<br \/>\u201eThe More, the Better? Online Job Search Advice and the Curse of Information\u201c<\/td>\r\n<td class=\"date\">17.12.2025<\/td>\r\n<td><a href=\"https:\/\/fnce.wharton.upenn.edu\/profile\/lliu1\/#research\"target=\"_blank\" rel=\"noopener\">Lu Liu (The Wharton School at the University of Pennsylvania)<\/a>\r\n<br \/>\u201eUnlocking Mortgage Lock-In: Evidence From a Spatial Housing Ladder Model\u201c<\/td>\r\n<\/tr>\r\n\r\n<tr>\r\n<td class=\"date\">06.01.2026<\/td>\r\n<td><i>no seminar<\/i><\/td>\r\n<td class=\"date\">07.01.2026<\/td>\r\n<td><a href=\"https:\/\/sites.google.com\/site\/matthiaskehrig\/\"target=\"_blank\" rel=\"noopener\">Matthias Kehrig (Duke University)<\/a>\r\n<br \/><i>tbd<\/i><\/td>\r\n<\/tr>\r\n\r\n<tr>\r\n<td class=\"date\">13.01.2026<\/td>\r\n<td><a href=\"https:\/\/sites.google.com\/view\/martenritterrath\/\"target=\"_blank\" rel=\"noopener\">Marten Ritterrath (University of Colonge) <\/a>\r\n<br \/><del>&#8220;Inventors&#8217; Personal Experience of Natural Disasters and Green Innovation&#8221; <\/del> (Entf\u00e4llt)<\/td>\r\n<td class=\"date\">14.01.2026<\/td>\r\n<td><a href=\"https:\/\/economics.uni-koeln.de\/de\/team\/faculty-and-post-docs\/prof-dr-felix-bierbrauer\" target=\"_blank\" rel=\"noopener\">Felix Bierbrauer (University of Cologne) <\/a>\r\n<br \/>\u201cStandard Economic Agents, Socially Responsible Consumers and the Political Economy of Climate Policy\u201d<\/td>\r\n<\/tr>\r\n\r\n<tr>\r\n<td class=\"date\">20.01.2026<\/td>\r\n<td><\/td>\r\n<td class=\"date\">21.01.2026<\/td>\r\n<td> <a href=\"https:\/\/medienoekonomie.uni-koeln.de\/de\/team\/prof-dr-johannes-muenster\"target=\"_blank\" rel=\"noopener\">Johannes M\u00fcnster (University of Cologne) <\/a>\r\n<br\/> \u201cSignal-wise cognitive noise and belief updating\u201d with Anna Kerkhof and Frederik Schwerter <\/td>\r\n<\/tr>\r\n\r\n<tr>\r\n<td class=\"date\">27.01.2026<\/td>\r\n<td><\/td>\r\n<td class=\"date\">28.01.2026<\/td>\r\n<td><a href=\"https:\/\/sites.northwestern.edu\/dworczak\/\" target=\"_blank\" rel=\"noopener\">Piotr Dworczak (Northwestern University)<\/a>\r\n<br \/> &#8220;Pareto-improving Pricing: Why 3 is better than 2&#8221; (with Zi Yang Kang)<\/td>\r\n<\/tr>\r\n\r\n<tr>\r\n<td class=\"date\">03.02.2026<\/td>\r\n<td><a href=\"https:\/\/www.armandomeier.com\/\"target=\"_blank\" rel=\"noopener\">Armando Meier (University of Basel)<\/a>\r\n<br \/>&#8220;What Money Shouldn\u2019t Buy? Measuring Aversion to Monetary Incentives for Health Behaviors&#8221;<\/td>\r\n<td class=\"date\">04.02.2026<\/td>\r\n<td><\/td>\r\n<\/tr>\r\n\r\n<\/tbody>\r\n<\/table>\r\n<\/div><\/div>\r\n\r\n\r\n<!-- Sommersemester 2025 -->\r\n<div class=\"akkordeonitem\"><h4 class=\"h4 akkordeonitem-headline\">Seminar schedule for SS 2025<\/h4><div class=\"akkordeonitem-content\">\r\n<table>\r\n<colgroup> <col style=\"width: 10%;\" \/> <col style=\"width: 40%;\" \/> <col style=\"width: 10%;\" \/> <col style=\"width: 40%;\" \/> <\/colgroup>\r\n<tbody>\r\n\r\n<tr style=\"font-style: italic;\">\r\n<td><\/td>\r\n<td>Organisation: C-SEB \/\/ <a href=\"m&#97;&#x69;&#x6c;t&#111;&#58;&#x63;&#x2d;s&#101;&#x62;&#x2d;s&#101;&#109;&#x69;&#x6e;a&#114;&#x73;&#x40;u&#110;&#105;&#x2d;&#x6b;o&#101;&#x6c;&#x6e;&#46;&#100;&#101;\">&#99;&#x2d;&#x73;&#101;&#x62;&#x2d;&#115;&#x65;&#x6d;&#105;&#x6e;&#x61;&#114;&#x73;&#x40;&#117;&#x6e;&#x69;&#45;&#x6b;&#x6f;&#101;&#x6c;&#x6e;&#46;&#x64;&#x65;<\/a>\r\n<br \/>Room 3.206 in the SSC building<\/td>\r\n<td><\/td>\r\n<td>Organisation: <a href=\"https:\/\/econtribute.de\/events\/econtribute-seminar\/\" target=\"_blank\" rel=\"noopener\">ECONtribute<\/a> \/\/ <a href=\"ma&#105;&#108;&#x74;&#x6f;&#x3a;&#x72;es&#101;&#97;&#x72;&#x63;&#x68;&#x73;em&#105;&#110;&#97;&#x72;&#x40;&#x65;&#x63;on&#116;&#114;&#x69;&#x62;&#x75;&#x74;e&#46;&#100;&#101;\">&#114;e&#x73;e&#x61;r&#x63;&#104;&#x73;&#101;&#x6d;&#105;n&#x61;r&#x40;e&#x63;&#111;&#x6e;&#116;&#x72;&#105;&#x62;&#117;t&#x65;&#46;&#x64;e<\/a>\r\n<br \/>Room 3.206 in the SSC building<\/td>\r\n<\/tr>\r\n\r\n<tr style=\"font-weight: bold; color: #fff; background-color: #33475b;\">\r\n<td class=\"date\">Tuesday<\/td>\r\n<td>12:00 &#8211; 13:00\r\n<br \/>ECONtribute and C-SEB Design &amp; Behavior Seminar<\/td>\r\n<td class=\"date\">Wednesday<\/td>\r\n<td>12:00 &#8211; 13:15\r\n<br \/>ECONtribute and C-SEB Seminar<\/td>\r\n<\/tr>\r\n\r\n<tr>\r\n<td class=\"date\"><\/td>\r\n<td><\/td>\r\n<td class=\"date\">19.03.2025<\/td>\r\n<td><i>Special ECONtribute Seminar Talk:<\/i>\r\n<br \/><a href=\"https:\/\/tuuli-v.github.io\/\" target=\"_blank\" rel=\"noopener\">Tuuli Vanhapelto (University of Glasgow)<\/a>\r\n<br \/>&#8220;The Incidence of Rent Subsidies: Evidence on Rents, Housing Choices and Supply&#8221;\r\n<\/tr>\r\n\r\n<tr>\r\n<td class=\"date\">15.04.2025<\/td>\r\n<td><a href=\"https:\/\/www.wiwi.uni-muenster.de\/con\/de\/team\/jens-boeke-1\" target=\"_blank\" rel=\"noopener\">Jens B\u00f6ke (University of M\u00fcnster)<\/a>\r\n<br \/>&#8220;Incentive and Sorting Effects of Challenging Performance Targets: Evidence From the Field&#8221;<\/td>\r\n<td class=\"date\">16.04.2025<\/td>\r\n<td><\/td>\r\n<\/tr>\r\n\r\n<tr>\r\n<td class=\"date\">29.04.2025<\/td>\r\n<td><a href=\"https:\/\/luca-henkel.github.io\/\" target=\"_blank\" rel=\"noopener\">Luca Henkel (Erasmus University Rotterdam)<\/a>\r\n<br \/>&#8220;The Role of Interpersonal Uncertainty in Prosocial Behavior&#8221;<\/td>\r\n<td class=\"date\">30.04.2025<\/td>\r\n<td><a href=\"https:\/\/mattjlowe.github.io\/\" target=\"_blank\" rel=\"noopener\">Matt Lowe (University of British Columbia)<\/a>\r\n<br \/>&#8220;Psychedelics and Well-Being: A Field Experiment in Brazil&#8221; (with Patrick Francois and Ieda Matavelli)<\/td>\r\n<\/tr>\r\n\r\n<tr>\r\n<td class=\"date\">06.05.2025<\/td>\r\n<td><a href=\"https:\/\/krishnasrini.com\/\" target=\"_blank\" rel=\"noopener\">Krishna Srinivasan (UniDistance)<\/a>\r\n<br \/>&#8220;Who Deserves a Tax Break and Why? Evidence on Preferences for Taxing Personal Characteristics&#8221; (with Julien Senn)<\/td>\r\n<td class=\"date\">07.05.2025<\/td>\r\n<td><a href=\"https:\/\/sites.google.com\/view\/camille-urvoy\/\" target=\"_blank\" rel=\"noopener\">Camille Urvoy (University of Mannheim)<\/a>\r\n<br \/>&#8220;Political Bias in the Media. Evidence from the Universe of French Broadcasts, 2002-2020&#8221; (with Julia Cag\u00e9, Moritz Hengel &amp; Nicolas Herv\u00e9)<\/td>\r\n<\/tr>\r\n\r\n<tr>\r\n<td class=\"date\">13.05.2025<\/td>\r\n<td><\/td>\r\n<td class=\"date\">14.05.2025<\/td>\r\n<td><a href=\"https:\/\/personal.lse.ac.uk\/sturmd\/\" target=\"_blank\" rel=\"noopener\">Daniel Sturm (London School of Economics)<\/a>\r\n<br \/>&#8220;The Geography of Life: Evidence from Copenhagen&#8221; (with Gabriel M. Ahlfeldt, Ismir Mulalic and Caterina Soto-Vieira)<\/td>\r\n<\/tr>\r\n\r\n<tr>\r\n<td class=\"date\">20.05.2025<\/td>\r\n<td><a href=\"https:\/\/sites.google.com\/view\/cvanderlist\/\" target=\"_blank\" rel=\"noopener\">Catherine van der List (University of Essex)<\/a>\r\n<br \/>&#8220;Reshaping the Economy? Place-Based Policies and Regional Reallocation&#8221; (with Sarah Fritz)<\/td>\r\n<td class=\"date\">21.05.2025<\/td>\r\n<td><a href=\"https:\/\/www.charlierafkin.com\/\" target=\"_blank\" rel=\"noopener\">Charlie Rafkin (University of British Columbia)<\/a>\r\n<br \/>&#8220;Eviction as Bargaining Failure: Hostility and Misperceptions in the Rental Housing Market&#8221;<\/td>\r\n<\/tr>\r\n\r\n<tr>\r\n<td class=\"date\">27.05.2025<\/td>\r\n<td><a href=\"https:\/\/sites.google.com\/view\/elizaveta-zelnitskaia\/home\" target=\"_blank\" rel=\"noopener\">Elizaveta Zelnitskaia (CERGE-EI Prague)<\/a>\r\n<br \/>&#8220;Risk Aversion in Information Cascades&#8221;<\/td>\r\n<td class=\"date\">28.05.2025<\/td>\r\n<td><a href=\"https:\/\/sites.google.com\/site\/hyejku\/\" target=\"_blank\" rel=\"noopener\">Hyejin Ku (University College London)<\/a>\r\n<br \/>&#8220;Taxing Labor: Firm R&amp;D, Automation and the Labor Share&#8221;<\/td>\r\n<\/tr>\r\n\r\n<tr>\r\n<td class=\"date\">03.06.2025<\/td>\r\n<td><a href=\"https:\/\/www.rafaeljjd.com\/\" target=\"_blank\" rel=\"noopener\">Rafael Jim\u00e9nez-Dur\u00e1n (Bocconi University)<\/a>\r\n<br \/>&#8220;Social Media Advertising Loads As Prices&#8221; (with George Beknazar-Yuzbashev, Andrey Simonov &#038; Mateusz Stalinski)<\/td>\r\n<td class=\"date\">04.06.2025<\/td>\r\n<td><a href=\"https:\/\/www.econ.uzh.ch\/en\/people\/faculty\/mueller.html\" target=\"_blank\" rel=\"noopener\">Andreas I. Mueller (University of Zurich)<\/a>\r\n<br \/>&#8220;Macroeconomic Effects of UI Extensions at Short and Long Durations&#8221; (with Miguel Acosta)<\/td>\r\n<\/tr>\r\n\r\n<tr>\r\n<td class=\"date\">17.06.2025<\/td>\r\n<td><\/td>\r\n<td class=\"date\">18.06.2025<\/td>\r\n<td><a href=\"https:\/\/www.sevgiyuksel.com\/\" target=\"_blank\" rel=\"noopener\">Sevgi Yuksel (New York University)<\/a>\r\n<br \/>&#8220;Beyond Instrumental Value: How Complexity Shapes Information Demand&#8221;<\/td>\r\n<\/tr>\r\n\r\n<tr>\r\n<td class=\"date\">24.06.2025<\/td>\r\n<td><a href=\"https:\/\/www.waseda.jp\/fpse\/faculty-en\/2019\/08\/16\/959\/\" target=\"_blank\" rel=\"noopener\">Hideo Owan (Waseda University)<\/a>\r\n<br \/>&#8220;Personality Traits and Career Success: Understanding Workplace Dynamics&#8221; (with Liya Wang, Yingchao Zhang &amp; Yukiko Asai)<\/td>\r\n<td class=\"date\">25.06.2025<\/td>\r\n<td><a href=\"https:\/\/www.arnaolafsson.com\/\" target=\"_blank\" rel=\"noopener\">Arna Olafsson (Copenhagen Business School)<\/a>\r\n<br \/>&#8220;What Makes Depositors Tick? Bank Data Insights into Households\u2019 Liquid Asset Allocation&#8221;<\/td>\r\n<\/tr>\r\n\r\n<tr>\r\n<td class=\"date\">01.07.2025<\/td>\r\n<td><a href=\"https:\/\/thenormallab.uchicago.edu\/people\/\" target=\"_blank\" rel=\"noopener\">Aaron Leonard &amp; Filip Milojevi\u0107 (The University of Chicago)<\/a>\r\n<br \/>&#8220;Measuring Markets for Network Goods&#8221; (with Leonardo Bursztyn, Matthew Gentzkow, Rafael Jimenez-Duran &amp; Christopher Roth)<\/td>\r\n<td class=\"date\">02.07.2025<\/td>\r\n<td><\/td>\r\n<\/tr>\r\n\r\n<tr>\r\n<td class=\"date\">08.07.2025<\/td>\r\n<td><a href=\"https:\/\/aakaashrao.github.io\/\" target=\"_blank\" rel=\"noopener\">Aakaash Rao (Harvard University)<\/a>\r\n<br \/>&#8220;What Drives Political Attention?&#8221;<\/td>\r\n<td class=\"date\">09.07.2025<\/td>\r\n<td><a href=\"https:\/\/www.goodman-bacon.com\/\" target=\"_blank\" rel=\"noopener\">Andrew Goodman-Bacon (Federal Reserve Bank of Minneapolis)<\/a>\r\n<br \/>\u201cThe Impact of Medicare on Life Expectancy\u201d (with Adriana Lleras-Muney, Joe Price &amp; Dahai Yue)<\/td>\r\n<\/tr>\r\n\r\n<tr>\r\n<td class=\"date\">15.07.2025<\/td>\r\n<td><a href=\"https:\/\/sites.google.com\/view\/peterkatuscak\" target=\"_blank\" rel=\"noopener\">Peter Katu\u0161\u010d\u00e1k (RWTH Aachen)<\/a>\r\n<br \/>&#8220;Separating Contingent From Thinking: On Non-Truthtelling in Strategy-Proof Matching Mechanisms&#8221;<\/td>\r\n<td class=\"date\">16.07.2025<\/td>\r\n<td><a href=\"https:\/\/www.ronak-jain.com\/\" target=\"_blank\" rel=\"noopener\">Ronak Jain (University of Zurich)<\/a>\r\n<br \/>&#8220;Prosocial Market Behavior and Children in Street Vending&#8221;<\/td>\r\n<\/tr>\r\n\r\n<\/tbody>\r\n<\/table>\r\n<\/div><\/div>\r\n\r\n<!-- Wintersemester 2024\/25 -->\r\n<div class=\"akkordeonitem\"><h4 class=\"h4 akkordeonitem-headline\">Seminar schedule for WS 2024\/25<\/h4><div class=\"akkordeonitem-content\">\r\n<table>\r\n<colgroup> <col style=\"width: 10%;\" \/> <col style=\"width: 40%;\" \/> <col style=\"width: 10%;\" \/> <col style=\"width: 40%;\" \/> <\/colgroup>\r\n<tbody>\r\n\r\n<tr style=\"font-style: italic;\">\r\n<td><\/td>\r\n<td>Organisation: C-SEB \/\/ <a href=\"&#109;&#x61;&#105;&#x6c;t&#x6f;:&#99;&#x2d;&#115;&#x65;&#98;&#x2d;s&#x65;m&#105;&#x6e;&#97;&#x72;s&#x40;u&#x6e;&#x69;&#45;&#x6b;&#111;&#x65;l&#x6e;&#46;&#100;&#x65;\">c&#45;&#115;&#x65;&#x62;-&#115;&#101;&#x6d;&#x69;&#x6e;a&#114;&#115;&#x40;&#x75;ni&#45;&#x6b;&#x6f;&#x65;l&#110;&#46;&#x64;&#x65;<\/a><br \/>\r\nRoom 3.206 in the SSC building<\/td>\r\n<td><\/td>\r\n<td>Organisation: <a href=\"https:\/\/econtribute.de\/events\/econtribute-seminar\/\" target=\"_blank\" rel=\"noopener\">ECONtribute<\/a> \/\/ <a href=\"m&#97;&#x69;&#x6c;&#x74;o&#58;&#114;&#x65;&#x73;e&#97;&#114;&#x63;&#x68;se&#109;&#x69;&#x6e;&#x61;r&#64;&#x65;&#x63;&#x6f;n&#116;&#114;&#x69;&#x62;u&#116;&#101;&#x2e;&#x64;e\">&#114;&#x65;&#115;&#x65;&#97;&#x72;&#99;&#x68;&#115;&#x65;&#109;&#x69;&#110;&#x61;&#114;&#x40;&#101;&#x63;&#111;&#x6e;&#116;&#x72;&#105;&#x62;&#117;&#x74;e&#x2e;d&#x65;<\/a><br \/>\r\nRoom 3.206 in the SSC building<\/td>\r\n<\/tr>\r\n\r\n<tr style=\"font-weight: bold; color: #fff; background-color: #33475b;\">\r\n<td class=\"date\">Tuesday<\/td>\r\n<td>12:00 &#8211; 13:00<br \/>\r\nECONtribute and C-SEB Design &amp; Behavior Seminar<\/td>\r\n<td class=\"date\">Wednesday<\/td>\r\n<td>12:00 &#8211; 13:15<br \/>\r\nECONtribute and C-SEB Seminar<\/td>\r\n<\/tr>\r\n\r\n<tr>\r\n<td class=\"date\">08.10.2024<\/td>\r\n<td><a href=\"https:\/\/elasskenza.github.io\/website\/\" target=\"_blank\" rel=\"noopener\">Kenza Elass (Bocconi University)<\/a>\r\n<br \/>&#8220;What Do Women Want in a Job? Household Constraints, Gender-Biased Decisions and the Reservation Wage Gap&#8221;<\/td>\r\n<td class=\"date\">09.10.2024<\/td>\r\n<td><a href=\"https:\/\/www.amazon.science\/author\/meng-jhang-fong\" target=\"_blank\" rel=\"noopener\">Meng-Jhang Fong (Amazon Science)<\/a>\r\n<br \/>&#8220;Measuring Higher-Order Rationality with Belief Control&#8221; (with Wei James Chen &amp; Po-Hsuan Lin)<\/td>\r\n<\/tr>\r\n\r\n<tr>\r\n<td class=\"date\">15.10.2024<\/td>\r\n<td><a href=\"https:\/\/sites.google.com\/view\/bengrodeck\/\" target=\"_blank\" rel=\"noopener\">Ben Grodeck (University of Exeter)<\/a>\r\n<br \/>&#8220;No Intention to Profit, yet Still Repugnant: Experimental Evidence for Outcome-Based Repugnance&#8221;<\/td>\r\n<td class=\"date\">16.10.2024<\/td>\r\n<td><\/td>\r\n<\/tr>\r\n\r\n<tr>\r\n<td class=\"date\">22.10.2024<\/td>\r\n<td>Emmanuel Lagr\u00e9e (Universit\u00e9 Panth\u00e9on-Assas)\r\n<br \/>&#8220;How To Tame Experts With Identified Preferences but Hidden Competence?&#8221;<\/td>\r\n<td class=\"date\">23.10.2024<\/td>\r\n<td><a href=\"https:\/\/sites.google.com\/view\/pedroteles\/home\" target=\"_blank\" rel=\"noopener\">Pedro Teles (Universidade Cat\u00f3lica Portuguesa)<\/a>\r\n<br \/>&#8220;Behavioral Sticky Prices&#8221; (with Sergio Rebelo &amp; Miguel Santana)<\/td>\r\n<\/tr>\r\n\r\n<tr>\r\n<td class=\"date\">29.10.2024<\/td>\r\n<td><a href=\"https:\/\/sites.google.com\/iset.ge\/aramgrigoryan\" target=\"_blank\" rel=\"noopener\">Aram Grigoryan (University of California)<\/a>\r\n<br \/>&#8220;Market Design for Distributional Objectives in Allocation Problems: An Axiomatic Approach&#8221;<\/td>\r\n<td class=\"date\">30.10.2024<\/td>\r\n<td><a href=\"https:\/\/www.felix-tintelnot.com\/\" target=\"_blank\" rel=\"noopener\">Felix Tintelnot (University of Chicago)<\/a>\r\n<br \/>&#8220;The Effects of Green Industrial Policy: Electric Vehicles and the Inflation Reduction Act&#8221;<\/td>\r\n<\/tr>\r\n\r\n<tr>\r\n<td class=\"date\">05.11.2024<\/td>\r\n<td><a href=\"https:\/\/janfeld.weebly.com\/\" target=\"_blank\" rel=\"noopener\">Jan Feld (Victoria University of Wellington)<\/a>\r\n<br \/>&#8220;On the Generalizability of Sex-Differences in Risk Attitudes&#8221;<\/td>\r\n<td class=\"date\">06.11.2024<\/td>\r\n<td><a href=\"https:\/\/www.prottoyamanakbar.com\/\" target=\"_blank\" rel=\"noopener\">Prottoy Aman Akbar (Aalto University \/ Helsinki Graduate School of Economics)<\/a>\r\n<br \/>&#8220;Who Benefits from Faster Public Transit?&#8221;<\/td>\r\n<\/tr>\r\n\r\n<tr>\r\n<td class=\"date\">12.11.2024<\/td>\r\n<td><a href=\"https:\/\/experts.mcmaster.ca\/display\/ruffleb\" target=\"_blank\" rel=\"noopener\">Bradley Ruffle (McMaster University)<\/a>\r\n<br \/>&#8220;Matching in Co-Operative Education Programs: An Experimental Study&#8221;<\/td>\r\n<td class=\"date\">13.11.2024<\/td>\r\n<td><a href=\"https:\/\/david-schindler.de\/\" target=\"_blank\" rel=\"noopener\">David Schindler (Tilburg University)<\/a>\r\n<br \/>&#8220;The Transferability of Racial Prejudice through Collective Memory: The Marocchinate&#8221;<\/td>\r\n<\/tr>\r\n\r\n<tr>\r\n<td class=\"date\">19.11.2024<\/td>\r\n<td><a href=\"https:\/\/sites.google.com\/view\/stefanlipman\/home\" target=\"_blank\" rel=\"noopener\">Stefan Lipman (Erasmus University Rotterdam)<\/a>\r\n<br \/>&#8220;Tailoring Through Choice. Comparing the Effect of Randomly Assigned vs. Self-Chosen Behavioural Interventions in Promoting Healthier Snack Choice&#8221;<\/td>\r\n<td class=\"date\">20.11.2024<\/td>\r\n<td><a href=\"https:\/\/economics.uni-koeln.de\/de\/team\/faculty-and-post-docs\/jun-prof-sonja-kovacevic-phd\" target=\"_blank\" rel=\"noopener\">Sonja Kovacevic (University of Cologne)<\/a>\r\n<br \/>&#8220;Excessive Pay Is Not About the Numbers. How Power Abuse Erodes Inequality Acceptance&#8221;<\/td>\r\n<\/tr>\r\n\r\n<tr>\r\n<td class=\"date\">26.11.2024<\/td>\r\n<td><a href=\"https:\/\/sites.google.com\/view\/carolastapper\/home\" rel=\"noopener\" target=\"_blank\">Carola Stapper (University of Cologne)<\/a>\r\n<br \/>&#8220;Worker Displacement and Labor Market Success: Evidence from Forced Labor Conscription during WWII&#8221;<\/td>\r\n<td class=\"date\">27.11.2024<\/td>\r\n<td><a href=\"https:\/\/www.wiwiss.fu-berlin.de\/fachbereich\/vwl\/danzer\/Team\/Professorin\/Natalia-Danzer\/index.html\" target=\"_blank\" rel=\"noopener\">Natalia Danzer (FU Berlin)<\/a>\r\n<br \/>&#8220;Gender Attitudes in Times of Economic Uncertainty&#8221; (with Nerina Guri, Piotr Pawel Larysz, Alessandro Noventa, &amp; Ana Tur Prats)<\/td>\r\n<\/tr>\r\n\r\n<tr>\r\n<td class=\"date\">03.12.2024<\/td>\r\n<td><a href=\"https:\/\/marta-kozakiewicz.github.io\/\" target=\"_blank\" rel=\"noopener\">Marta Kozakiewicz (Frankfurt School of Finance &amp; Management)<\/a>\r\n<br \/>&#8220;Belief-Based Utility and Signal Interpretation&#8221;<\/td>\r\n<td class=\"date\">04.12.2024<\/td>\r\n<td><a href=\"https:\/\/www.ingridhaegele.com\/\" target=\"_blank\" rel=\"noopener\">Ingrid H\u00e4gele (LMU M\u00fcnchen)<\/a>\r\n<br \/>&#8220;Bargaining and Inequality in the Labor Market&#8221; (with Sydnee Caldwell and J\u00f6rg Heining)<\/td>\r\n<\/tr>\r\n\r\n<tr>\r\n<td class=\"date\">10.12.2024<\/td>\r\n<td><a href=\"https:\/\/www.andreasziegler.eu\/home\" target=\"_blank\" rel=\"noopener\">Andreas Ziegler (VU Amsterdam)<\/a>\r\n<br \/>&#8220;Consumer Perceptions of Corporate Value Communication&#8221; (with Sili Zhang)<\/td>\r\n<td class=\"date\">11.12.2024<\/td>\r\n<td><a href=\"https:\/\/www.caterinachiopris.com\/\" target=\"_blank\" rel=\"noopener\">Caterina Chiopris  (Harvard University)<\/a>\r\n<br \/>&#8220;The Diffusion of Ideas&#8221;<\/td>\r\n<\/tr>\r\n\r\n<tr>\r\n<td class=\"date\">17.12.2024<\/td>\r\n<td><a href=\"https:\/\/www.medarden.com\/\" target=\"_blank\" rel=\"noopener\">Michael E. Darden (Carey Business School, Johns Hopkins University)<\/a>\r\n<br \/>&#8220;Medical Innovation and Health Inequality: Evidence from Direct-Acting Antivirals&#8221;<\/td>\r\n<td class=\"date\">18.12.2024<\/td>\r\n<td><a href=\"https:\/\/www.tse-fr.eu\/people\/matteo-bobba\" target=\"_blank\" rel=\"noopener\">Matteo Bobba (Toulouse School of Economics)<\/a>\r\n<br \/>&#8220;Teacher Compensation and Structural Inequality: Evidence from Centralized Teacher School Choice in Per\u00fa&#8221; (with Tim Ederer, Gianmarco Leon-Ciliotta, Christopher Neilson, &amp; Marco G. Nieddu)<\/td>\r\n<\/tr>\r\n\r\n<tr>\r\n<td class=\"date\">14.01.2025<\/td>\r\n<td><a href=\"https:\/\/enhua-hu.com\/\" target=\"_blank\" rel=\"noopener\">En Hua Hu (Nuffield College, Oxford)<\/a>\r\n<br \/>&#8220;Confidence in Inference&#8221;<\/td>\r\n<td class=\"date\">15.01.2025<\/td>\r\n<td><\/td>\r\n<\/tr>\r\n\r\n<tr>\r\n<td class=\"date\">21.01.2025<\/td>\r\n<td><a href=\"https:\/\/www.dwalkerjones.com\/\" target=\"_blank\" rel=\"noopener\">David Walker-Jones (University of Surrey)<\/a>\r\n<br \/>&#8220;Naive Frequentists and Redundant Information&#8221;<\/td>\r\n<td class=\"date\">22.01.2025<\/td>\r\n<td><a href=\"https:\/\/richard-franke.com\/\" target=\"_blank\" rel=\"noopener\">Richard Franke (Trinity College Dublin)<\/a>\r\n<br \/>&#8220;Reversing Fortunes of German Regions, 1926\u20132019: Boon and Bane of Early Industrialization?&#8221;<\/td>\r\n<\/tr>\r\n\r\n<tr>\r\n<td class=\"date\">28.01.2025<\/td>\r\n<td><a href=\"https:\/\/www.pgonzalezfernandez.com\/\" target=\"_blank\">Pedro Gonzalez-Fernandez (Maastricht University)<\/a>\r\n<br \/>&#8220;Shaping Beliefs: Elicitation and Bias Identification&#8221;<\/td>\r\n<td class=\"date\">29.01.2025<\/td>\r\n<td><\/td>\r\n<\/tr>\r\n\r\n<tr>\r\n<td class=\"date\"><\/td>\r\n<td><\/td>\r\n<td class=\"date\">05.02.2025<\/td>\r\n<td><i>Special ECONtribute Seminar Talk:<\/i>\r\n<br \/><a href=\"https:\/\/sites.google.com\/view\/jarkkoharju\/home\" target=\"_blank\" rel=\"noopener\">Jarkko Harju (Tampere University)<\/a>\r\n<br \/>&#8220;Taxi Market Deregulation: Effects on Market outcomes, Tax Evasion, and Crime&#8221;\r\n<\/tr>\r\n\r\n<\/tbody>\r\n<\/table>\r\n<\/div><\/div>\r\n\r\n<!-- Sommersemester 2024 -->\r\n<div class=\"akkordeonitem\"><h4 class=\"h4 akkordeonitem-headline\">Seminar schedule for SS 2024<\/h4><div class=\"akkordeonitem-content\">\r\n<table>\r\n<colgroup> <col style=\"width: 10%;\" \/> <col style=\"width: 40%;\" \/> <col style=\"width: 10%;\" \/> <col style=\"width: 40%;\" \/> <\/colgroup>\r\n<tbody>\r\n\r\n<tr style=\"font-style: italic;\">\r\n<td><\/td>\r\n<td>Organisation: C-SEB \/\/ <a href=\"&#109;&#97;&#x69;l&#116;&#x6f;&#x3a;c&#45;&#x73;&#x65;b&#45;&#x73;e&#109;&#x69;&#x6e;a&#114;&#x73;&#x40;u&#110;&#x69;-&#107;&#x6f;&#x65;l&#110;&#x2e;&#x64;e\">&#99;&#x2d;&#x73;&#101;&#x62;&#x2d;s&#x65;&#x6d;i&#110;&#x61;r&#115;&#x40;u&#110;&#x69;-&#107;&#x6f;e&#108;&#x6e;&#x2e;&#100;&#x65;<\/a><br \/>\r\nRoom 3.206 in the SSC building<\/td>\r\n<td><\/td>\r\n<td>Organisation: <a href=\"https:\/\/econtribute.de\/events\/econtribute-seminar\/\" target=\"_blank\" rel=\"noopener\">ECONtribute<\/a> \/\/ <a href=\"&#109;&#x61;&#x69;&#108;&#x74;&#x6f;:&#x72;&#x6f;t&#104;&#x40;w&#105;&#x73;o&#46;&#x75;n&#105;&#x2d;k&#111;&#x65;&#x6c;&#110;&#x2e;&#x64;&#101;\">Prof. Dr. Christopher Roth<\/a><br \/>\r\nRoom 3.206 in the SSC building<\/td>\r\n<\/tr>\r\n\r\n<tr style=\"font-weight: bold; color: #fff; background-color: #33475b;\">\r\n<td class=\"date\">Tuesday<\/td>\r\n<td>12:00 &#8211; 13:00<br \/>\r\nECONtribute and C-SEB Design &amp; Behavior Seminar<\/td>\r\n<td class=\"date\">Wednesday<\/td>\r\n<td>12:00 &#8211; 13:15<br \/>\r\nECONtribute and C-SEB Seminar<\/td>\r\n<\/tr>\r\n\r\n<tr>\r\n<td class=\"date\">09.04.2024<\/td>\r\n<td><a href=\"https:\/\/miguelangelballester.weebly.com\/\" rel=\"noopener\" target=\"_blank\">Miguel Ballester (University of Oxford)<\/a>\r\n<br \/>&#8220;The Rationalizability of Survey Responses&#8221;<\/td>\r\n<td class=\"date\">10.04.2024<\/td>\r\n<td><a href=\"https:\/\/sites.google.com\/site\/ineshelm10\" rel=\"noopener\" target=\"_blank\">Ines Helm (LMU Munich)<\/a>\r\n<br \/>&#8220;Firm Expansion in Imperfect Labor Markets&#8221;<\/td>\r\n<\/tr>\r\n\r\n<tr>\r\n<td class=\"date\">16.04.2024<\/td>\r\n<td><a href=\"https:\/\/sites.google.com\/site\/ingarhaaland\/\" target=\"_blank\" rel=\"noopener\">Ingar Haaland (Norwegian School of Economics (NHH))<\/a>\r\n<br \/>&#8220;Conducting Qualitative Interviews with AI&#8221;<\/td>\r\n<td class=\"date\">17.04.2024<\/td>\r\n<td><a href=\"https:\/\/sites.google.com\/site\/gobbipaula\/\" rel=\"noopener\" target=\"_blank\">Paula Gobbi (Universit\u00e9 Libre de Bruxelles)<\/a>\r\n<br \/>&#8220;Revolutionary Transition: Inheritance Change and Fertility Decline&#8221;<\/td>\r\n<\/tr>\r\n\r\n<tr>\r\n<td class=\"date\">23.04.2024<\/td>\r\n<td><a href=\"https:\/\/sites.google.com\/view\/manuelmenkhoff\" rel=\"noopener\" target=\"_blank\">Manuel Menkhoff (LMU Munich)<\/a>\r\n<br \/>&#8220;The Devil Is in the Tail: Macroeconomic Tail Risk Expectations of Firms&#8221;<\/td>\r\n<td class=\"date\">24.04.2024<\/td>\r\n<td><a href=\"https:\/\/sites.google.com\/site\/yanoszylberberg\/home\" rel=\"noopener\" target=\"_blank\">Yanos Zylberberg (University of Bristol)<\/a>\r\n<br \/>&#8220;State of the Art: Economic Development Through the Lens of Paintings&#8221;<\/td>\r\n<\/tr>\r\n\r\n<tr>\r\n<td class=\"date\">07.05.2024<\/td>\r\n<td>&nbsp;<\/td>\r\n<td class=\"date\">08.05.2024<\/td>\r\n<td><a href=\"https:\/\/mypage.unibocconi.eu\/nicolagennaioli\/index.php\" rel=\"noopener\" target=\"_blank\">Nicola Gennaioli (Bocconi University)<\/a>\r\n<br \/>&#8220;How People Use Statistics&#8221;<\/td>\r\n<\/tr>\r\n\r\n<tr>\r\n<td class=\"date\">14.05.2024<\/td>\r\n<td><a href=\"http:\/\/www.peter-andre.com\/\" rel=\"noopener\" target=\"_blank\">Peter Andre (Leibniz Institute for Financial Research SAFE)<\/a>\r\n<br \/>&#8220;Mental Models of the Stock Market&#8221;<\/td>\r\n<td class=\"date\">15.05.2024<\/td>\r\n<td><a href=\"https:\/\/sites.google.com\/site\/miriamwuestecon\/home\" rel=\"noopener\" target=\"_blank\">Miriam W\u00fcst (University of Copenhagen)<\/a>\r\n<br \/>&#8220;Universal Investments in Toddler Health. Learning from a Large Government Trial&#8221;<\/td>\r\n<\/tr>\r\n\r\n<tr>\r\n<td class=\"date\">28.05.2024<\/td>\r\n<td><a href=\"https:\/\/sites.google.com\/site\/topimiettinen\/home\" rel=\"noopener\" target=\"_blank\">Topi Miettinen (Hanken School of Economics \/ Helsinki GSE)<\/a>\r\n<br \/>&#8220;The Welfare Consequences of Learning Where One Stands: A Comparison of Reference Groups in a Large Field Experiment&#8221;<\/td>\r\n<td class=\"date\">29.05.2024<\/td>\r\n<td><a href=\"https:\/\/elliottash.com\/\" target=\"_blank\" rel=\"noopener\">Elliott Ash (ETH Zurich)<\/a>\r\n<br \/>&#8220;Proverbs and Cultural Change&#8221;<\/td>\r\n<\/tr>\r\n\r\n<tr>\r\n<td class=\"date\">04.06.2024<\/td>\r\n<td><a href=\"https:\/\/sites.google.com\/view\/lmtimm\/about\" rel=\"noopener\" target=\"_blank\">Lisa Timm (University of Amsterdam)<\/a><br \/>\r\n&#8220;The Impact of Multinational Enterprises in Local Labor Markets: What Drives the Effect on Domestic Workers?&#8221;<\/td>\r\n<td class=\"date\">05.06.2024<\/td>\r\n<td><a href=\"https:\/\/www.xavierjaravel.com\/\" rel=\"noopener\" target=\"_blank\">Xavier Jaravel (LSE London School of Economics and Political Science)<\/a>\r\n<br \/>&#8220;Distributional Consumer Price Indices&#8221;<\/td>\r\n<\/tr>\r\n\r\n<tr>\r\n<td class=\"date\">11.06.2024<\/td>\r\n<td><a href=\"https:\/\/www.mariawaldinger.com\/\" rel=\"noopener\" target=\"_blank\">Maria Waldinger (ifo Institute)<\/a>\r\n<br \/>&#8220;The Long-Term Effects of Exposure to Air Pollution: Evidence from Socialist East Germany&#8221;<\/td>\r\n<td class=\"date\">12.06.2024<\/td>\r\n<td><a href=\"https:\/\/sites.google.com\/site\/guillaumehaeringer\/Home\" target=\"_blank\" rel=\"noopener\">Guillaume Haeringer (Zicklin School of Business at Baruch College)<\/a>\r\n<br \/>&#8220;Incontestable Assignments&#8221;<\/td>\r\n<\/tr>\r\n\r\n<tr>\r\n<td class=\"date\">18.06.2024<\/td>\r\n<td><a href=\"https:\/\/www.surrey.ac.uk\/people\/martin-foureaux-koppensteiner\" rel=\"noopener\" target=\"_blank\">Martin Foureaux Koppensteiner (University of Surrey)<\/a>\r\n<br \/>&#8220;The Spillover Effect of Criminal Neighbors: Evidence From Newly Formed Neighborhoods&#8221;<\/td>\r\n<td class=\"date\">19.06.2024<\/td>\r\n<td><a href=\"https:\/\/terrysmoon.com\/\" target=\"_blank\" rel=\"noopener\">Terry Moon (University of British Columbia)<\/a>\r\n<br \/>&#8220;Corporate Tax Cuts and Worker Earnings: Evidence From Small Businesses&#8221;<\/td>\r\n<\/tr>\r\n\r\n<tr>\r\n<td class=\"date\">25.06.2024<\/td>\r\n<td>&nbsp;<\/td>\r\n<td class=\"date\">26.06.2024<\/td>\r\n<td><a href=\"https:\/\/sites.google.com\/site\/charlottedsbartels\/\" target=\"_blank\" rel=\"noopener\">Charlotte Bartels (German Institute for Economic Research (DIW))<\/a>\r\n<br \/>&#8220;Born in the Land of Milk and Honey: Hometown Growth and Individual Wealth&#8221;<\/td>\r\n<\/tr>\r\n\r\n<tr>\r\n<td class=\"date\">09.07.2024<\/td>\r\n<td><a href=\"https:\/\/sites.google.com\/view\/mtecon\/\" rel=\"noopener\" target=\"_blank\">Max Thon (University of Cologne)<\/a>\r\n<br \/>&#8220;How To Attract Talents? Field-Experimental Evidence on Emphasizing Flexibility and Pay in Job Advertisements&#8221;<\/td>\r\n<td class=\"date\">10.07.2024<\/td>\r\n<td><a href=\"https:\/\/www.stefanocaria.com\/\" target=\"_blank\" rel=\"noopener\">Stefano Caria (University of Warwick)<\/a>\r\n<br \/>&#8220;Mental Models of Competition: Experimental Evidence from Ethiopia&#8221;<\/td>\r\n<\/tr>\r\n\r\n<\/tbody>\r\n<\/table>\r\n<\/div><\/div>\r\n\r\n<!-- Wintersemester 2023\/24 -->\r\n<div class=\"akkordeonitem\"><h4 class=\"h4 akkordeonitem-headline\">Seminar schedule for WS 2023\/24<\/h4><div class=\"akkordeonitem-content\">\r\n<table><colgroup> <col style=\"width: 10%;\" \/> <col style=\"width: 40%;\" \/> <col style=\"width: 10%;\" \/> <col style=\"width: 40%;\" \/> <\/colgroup>\r\n<tbody>\r\n\r\n<tr style=\"font-style: italic;\">\r\n<td><\/td>\r\n<td>Organisation: C-SEB \/\/ <a href=\"&#x6d;&#97;i&#x6c;&#116;o&#x3a;&#x63;&#45;&#x73;&#x65;&#98;-&#x73;&#101;m&#x69;&#x6e;&#97;&#x72;&#x73;&#64;u&#x6e;&#105;-&#x6b;&#x6f;&#101;&#x6c;&#x6e;&#46;d&#x65;\">c-seb-semina&#114;&#115;&#64;&#117;&#110;&#105;&#45;&#107;&#111;&#101;&#108;&#110;&#46;&#100;&#101;<\/a><br \/>Room 3.206 in the SSC building<\/td>\r\n<td><\/td>\r\n<td>Organisation: <a href=\"https:\/\/econtribute.de\/events\/econtribute-seminar\/\" target=\"_blank\" rel=\"noopener\">ECONtribute<\/a> \/\/ <a href=\"&#109;&#x61;&#x69;&#108;&#x74;&#x6f;:&#x72;&#x6f;t&#104;&#x40;w&#105;&#x73;o&#46;&#x75;n&#105;&#x2d;k&#111;&#x65;&#x6c;&#110;&#x2e;&#x64;&#101;\">Prof. Dr. Christopher Roth<\/a><br \/>Room 3.206 in the SSC building<\/td>\r\n<\/tr>\r\n\r\n<tr style=\"font-weight: bold; color: #fff; background-color: #33475b;\">\r\n<td class=\"date\">Tuesday<\/td>\r\n<td>12:00 &#8211; 13:00<br \/>\r\nECONtribute and C-SEB Design &amp; Behavior Seminar<\/td>\r\n<td class=\"date\">Wednesday<\/td>\r\n<td>12:00 &#8211; 13:15<br \/>\r\nECONtribute and C-SEB Seminar<\/td>\r\n<\/tr>\r\n\r\n<tr>\r\n<td class=\"date\"><\/td>\r\n<td><\/td>\r\n<td class=\"date\">04.10.2023<\/td>\r\n<td><i>Special Date, 10:00 &#8211; 12:00:<\/i>\r\n<br \/><a href=\"https:\/\/nwerquin.com\/\" target=\"_blank\" rel=\"noopener\">Nicolas Werquin (Federal Reserve Bank of Chicago)<\/a>\r\n<br \/>&#8220;A Fair Day&#8217;s Pay for a Fair Day&#8217;s Work: Optimal Tax Design as Redistributional Arbitrage&#8221;\r\n<br \/><a href=\"https:\/\/economics.uni-koeln.de\/de\/team\/faculty-and-post-docs\/prof-dr-felix-bierbrauer\" rel=\"noopener\" target=\"_blank\">Felix Bierbrauer (University of Cologne)<\/a>\r\n<br \/>&#8220;Is a Market-Based Approach to Climate Policy Desirable?&#8221;<\/td>\r\n<\/tr>\r\n\r\n<tr>\r\n<td class=\"date\">10.10.2023<\/td>\r\n<td>&nbsp;<\/td>\r\n<td class=\"date\">11.10.2023<\/td>\r\n<td><a href=\"https:\/\/www.anderson.ucla.edu\/faculty\/nico.v\/\" rel=\"noopener\" target=\"_blank\">Nico Voigtl\u00e4nder (UCLA)<\/a><br \/>\r\n&#8220;Organizing a Kingdom&#8221;<\/td>\r\n<\/tr>\r\n\r\n<tr>\r\n<td class=\"date\">17.10.2023<\/td>\r\n<td><i>[canceled]<\/i> Valentina Melentyeva (University of Cologne)\r\n<br \/>&#8220;Child Penalty Estimation and Mothers&#8217; Age at First Birth&#8221;<\/td>\r\n<td class=\"date\">18.10.2023<\/td>\r\n<td>&nbsp;<\/td>\r\n<\/tr>\r\n\r\n<tr>\r\n<td class=\"date\">24.10.2023<\/td>\r\n<td><a href=\"https:\/\/sites.google.com\/view\/jonathanstaebler\" rel=\"noopener\" target=\"_blank\">Jonathan St\u00e4bler (University of Mannheim)<\/a><br \/>\r\n&#8220;Disclosure Policy in Contests with Sabotage and Group Size Uncertainty&#8221;<\/td>\r\n<td class=\"date\">25.10.2023<\/td>\r\n<td><a href=\"https:\/\/www.rafaeljjd.com\/\" rel=\"noopener\" target=\"_blank\">Rafael Jim\u00e9nez Dur\u00e1n (Bocconi University)<\/a><br \/>\r\n&#8220;Toxic Content and User Engagement on Social Media: Evidence from a Field Experiment&#8221;<\/td>\r\n<\/tr>\r\n\r\n<tr>\r\n<td class=\"date\">31.10.2023<\/td>\r\n<td>12:00 &#8211; 13:00: <a href=\"https:\/\/behavecon.uni-koeln.de\/de\/team\/soeren-harrs\" rel=\"noopener\" target=\"_blank\">S\u00f6ren Harrs (University of Cologne)<\/a><br \/>\r\n&#8220;Fairness and Support for Welfare Policies: Preferences and Beliefs&#8221;<br \/>\r\n14:00 &#8211; 15:00: <a href=\"https:\/\/www.alexchan.net\/\" rel=\"noopener\" target=\"_blank\">Alex Chan (Harvard University)<\/a><br \/>\r\n&#8220;Discrimination Against Doctors: A Field Experiment&#8221;<\/td>\r\n<td class=\"date\">01.11.2023<\/td>\r\n<td>&nbsp;<\/td>\r\n<\/tr>\r\n\r\n<tr>\r\n<td class=\"date\">07.11.2023<\/td>\r\n<td><i>[canceled]<\/i> <a href=\"https:\/\/www.dzhw.eu\/gmbh\/mitarbeiter?m_id=861\" rel=\"noopener\" target=\"_blank\">Frauke Peter (DZHW)<\/a>\r\n<br \/>&#8220;Early Child Care, Maternal Labor Supply, and Gender Equality: A Randomized Controlled Trial&#8221;<\/td>\r\n<td class=\"date\">08.11.2023<\/td>\r\n<td><a href=\"https:\/\/wiwi.tu-dortmund.de\/en\/department\/department-members\/galina-zudenkova\/\" rel=\"noopener\" target=\"_blank\">Galina Zudenkova (TU Dortmund)<\/a><br \/>\r\n&#8220;Can Public Policy Increase Paternity Acknowledgement? Evidence From Earnings-Related Parental Leave&#8221;<\/td>\r\n<\/tr>\r\n\r\n<tr>\r\n<td class=\"date\">14.11.2023<\/td>\r\n<td><a href=\"https:\/\/valeriaburdea.weebly.com\/\" rel=\"noopener\" target=\"_blank\">Valeria Burdea (LMU)<\/a><br \/>\r\n&#8220;Fact Polarization, Motivated Reasoning, and Source Credibility&#8221;<\/td>\r\n<td class=\"date\">15.11.2023<\/td>\r\n<td><a href=\"https:\/\/www.fabianwaldinger.com\/\" rel=\"noopener\" target=\"_blank\">Fabian Waldinger (LMU)<\/a><br \/>\r\n&#8220;Climbing the Ivory Tower: Socio-Economic-Background and the Creation of Knowledge&#8221;<\/td>\r\n<\/tr>\r\n\r\n<tr>\r\n<td class=\"date\">21.11.2023<\/td>\r\n<td><a href=\"https:\/\/peiranjiao.wordpress.com\/\" rel=\"noopener\" target=\"_blank\">Peiran Jiao (Maastricht University)<\/a><br \/>\r\n&#8220;Motivated Reasoning in the Social Domain&#8221;<\/td>\r\n<td class=\"date\">22.11.2023<\/td>\r\n<td><a href=\"https:\/\/www.christinafelfe.com\/\" rel=\"noopener\" target=\"_blank\">Christina Felfe (University of Konstanz)<\/a><br \/>\r\n<i>tbd<\/i><\/td>\r\n<\/tr>\r\n\r\n<tr>\r\n<td class=\"date\">28.11.2023<\/td>\r\n<td>&nbsp;<\/td>\r\n<td class=\"date\">29.11.2023<\/td>\r\n<td><a href=\"https:\/\/sites.google.com\/site\/amandayagan\/\" rel=\"noopener\" target=\"_blank\">Amanda Agan (Rutgers University)<\/a><br \/>\r\n&#8220;Removing the Mark: Labor Market Impacts of Criminal Record Remediation&#8221;<\/td>\r\n<\/tr>\r\n\r\n<tr>\r\n<td class=\"date\">05.12.2023<\/td>\r\n<td><a href=\"https:\/\/www.ru.nl\/en\/people\/heijden-b-van-der\" rel=\"noopener\" target=\"_blank\">Beatrice I. J. M. van der Heijden (Radboud University)<\/a><br \/>\r\n&#8220;How Supervisor\u2019s Life-Span Related HRM Practices relate to Work-Related Flow and Employability: The Role of Leader-Member Exchange&#8221;<\/td>\r\n<td class=\"date\">06.12.2023<\/td>\r\n<td><a href=\"https:\/\/sites.google.com\/site\/giovannimastrobuoni\/\" rel=\"noopener\" target=\"_blank\">Giovanni Mastroboni (University of Turin)<\/a><br \/>\r\n&#8220;Strategic Bureaucratic Opacity: Evidence from Death Investigation Laws and Police Killings&#8221;<\/td>\r\n<\/tr>\r\n\r\n<tr>\r\n<td class=\"date\">12.12.2023<\/td>\r\n<td><a href=\"https:\/\/sites.google.com\/view\/lucabraghieri\/home\" rel=\"noopener\" target=\"_blank\">Luca Braghieri (Bocconi University)<\/a><br \/>\r\n&#8220;Biased Decoding and the Foundations of Communication&#8221;<\/td>\r\n<td class=\"date\">13.12.2023<\/td>\r\n<td><a href=\"https:\/\/sites.google.com\/view\/saraheichmeyer\/home\" rel=\"noopener\" target=\"_blank\">Sarah Eichmeyer (Bocconi University)<\/a><br \/>\r\n&#8220;The Slant of Online News&#8221;<\/td>\r\n<\/tr>\r\n\r\n<tr>\r\n<td class=\"date\">19.12.2023<\/td>\r\n<td>&nbsp;<\/td>\r\n<td class=\"date\">20.12.2023<\/td>\r\n<td><a href=\"https:\/\/www.leanderheldring.com\/\" rel=\"noopener\" target=\"_blank\">Leander Heldring (Northwestern University)<\/a><br \/>\r\n&#8220;Bureaucracy as a Tool for Politicians: Evidence From Germany&#8221;<\/td>\r\n<\/tr>\r\n\r\n<tr>\r\n<td class=\"date\">23.01.2024<\/td>\r\n<td><a href=\"https:\/\/cris.bgu.ac.il\/en\/persons\/roi-zultan\" rel=\"noopener\" target=\"_blank\">Ro&#8217;i Zultan (Ben-Gurion University of the Negev)<\/a>\r\n<br \/>&#8220;Social Image, Observer Identity, and Crowding Up&#8221;<\/td>\r\n<td class=\"date\">24.01.2024<\/td>\r\n<td><a href=\"https:\/\/sites.google.com\/prod\/view\/sonjasettele\/startseite\" rel=\"noopener\" target=\"_blank\">Sonja Settele (University of Cologne)<\/a>\r\n<br \/><i>tbd<\/i><\/td>\r\n<\/tr>\r\n\r\n<tr>\r\n<td class=\"date\">30.01.2024<\/td>\r\n<td>&nbsp;<\/td>\r\n<td class=\"date\">31.01.2024<\/td>\r\n<td><a href=\"https:\/\/sites.google.com\/site\/johanneswohlfartecon\/home\" rel=\"noopener\" target=\"_blank\">Johannes Wohlfart (University of Cologne)<\/a>\r\n<br \/>&#8220;Unemployment Narratives&#8221;<\/td>\r\n<\/tr>\r\n\r\n<\/tbody>\r\n<\/table>\r\n<\/div><\/div>\r\n\r\n<!-- SOMMERSEMESTER 2023 -->\r\n<div class=\"akkordeonitem\"><h4 class=\"h4 akkordeonitem-headline\">Seminar schedule for SS 2023<\/h4><div class=\"akkordeonitem-content\">\r\n\r\n<table><colgroup> <col style=\"width: 10%;\" \/> <col style=\"width: 40%;\" \/> <col style=\"width: 10%;\" \/> <col style=\"width: 40%;\" \/> <\/colgroup>\r\n<tbody>\r\n\r\n<tr style=\"font-style: italic;\">\r\n<td><\/td>\r\n<td>Organisation: C-SEB \/\/ <a href=\"&#109;&#x61;&#x69;l&#116;&#x6f;:&#99;&#x2d;&#x73;e&#98;&#x2d;s&#101;&#x6d;&#x69;n&#97;&#x72;s&#64;&#x75;&#x6e;&#105;&#45;&#x6b;o&#101;&#x6c;&#x6e;&#46;&#x64;&#x65;\">c-&#115;&#101;&#98;&#x2d;&#x73;&#x65;&#x6d;in&#97;&#114;&#115;&#x40;&#x75;&#x6e;&#x69;-k&#111;&#101;&#108;&#x6e;&#x2e;&#x64;&#x65;<\/a><br \/>Room 3.206 in the SSC building <u>or<\/u> online via Zoom<\/td>\r\n<td><\/td>\r\n<td>Organisation: <a href=\"https:\/\/econtribute.de\/events\/econtribute-seminar\/\" target=\"_blank\" rel=\"noopener\">ECONtribute<\/a> \/\/ <a href=\"&#109;a&#x69;l&#x74;&#111;&#x3a;&#114;&#x6f;&#116;h&#x40;w&#x69;&#115;&#x6f;&#46;&#x75;&#110;&#x69;&#45;k&#x6f;e&#x6c;&#110;&#x2e;&#100;&#x65;\">Prof. Dr. Christopher Roth<\/a><br \/>Room 3.206 in the SSC building<\/td>\r\n<\/tr>\r\n\r\n<tr style=\"font-weight: bold; color: #fff; background-color: #33475b;\">\r\n<td class=\"date\">Tuesday<\/td>\r\n<td>12:00 &#8211; 13:00<br \/>\r\nECONtribute and C-SEB Design &amp; Behavior Seminar<\/td>\r\n<td class=\"date\">Wednesday<\/td>\r\n<td>12:00 &#8211; 13:00<br \/>\r\nECONtribute and C-SEB Seminar<\/td>\r\n<\/tr>\r\n\r\n<tr>\r\n<td class=\"date\"><u>18.04.2023<\/u>\r\n<br \/>in person<\/td>\r\n<td><a href=\"https:\/\/marketing.uni-koeln.de\/en\/team\/marc-fischer\" target=\"_blank\" rel=\"noopener\">Marc Fischer (University of Cologne)<\/a>\r\n<br \/>&#8220;Perceived Inflation: Theory and Measurement&#8221;<\/td>\r\n<td class=\"date\"><u>19.04.2023<\/u><\/td>\r\n<td><a href=\"https:\/\/sites.google.com\/view\/ahlfeldt\/home\" target=\"_blank\" rel=\"noopener\">Gabriel Ahlfeldt (London School of Economics and Political Science)<\/a>\r\n<br \/>&#8220;Optimal Minimum Wages in Spatial Economies&#8221;<\/td>\r\n<\/tr>\r\n\r\n<tr>\r\n<td class=\"date\"><u>25.04.2023<\/u>\r\n<br \/>in person<\/td>\r\n<td><a href=\"https:\/\/sites.google.com\/site\/ingarhaaland\/\" target=\"_blank\" rel=\"noopener\">Ingar Haaland (Norwegian School of Economics (NHH))<\/a>\r\n<br \/>&#8220;Misperceived Returns to Active Investing&#8221;<\/td>\r\n<td class=\"date\"><u>26.04.2023<\/u><\/td>\r\n<td>&nbsp;<\/td>\r\n<\/tr>\r\n\r\n<tr>\r\n<td class=\"date\"><u>02.05.2023<\/u><\/td>\r\n<td>&nbsp;<\/td>\r\n<td class=\"date\"><u>03.05.2023<\/u><\/td>\r\n<td>Rudi Bachmann (University of Notre Dame)\r\n<br \/>&#8220;Pandemic Consumption&#8221;<\/td>\r\n<\/tr>\r\n\r\n<tr>\r\n<td class=\"date\"><u>09.05.2023<\/u><\/td>\r\n<td>&nbsp;<\/td>\r\n<td class=\"date\"><u>10.05.2023<\/u><\/td>\r\n<td><a href=\"https:\/\/www.annegielen.nl\/\" target=\"_blank\" rel=\"noopener\">Anne Gielen (Erasmus University Rotterdam)<\/a>\r\n<br \/>\u201cMultigenerational Impacts of a Natural Disaster\u201d<\/td>\r\n<\/tr>\r\n\r\n<tr>\r\n<td class=\"date\"><u>16.05.2023<\/u>\r\n<br \/>in person<\/td>\r\n<td><a href=\"https:\/\/profiles.uts.edu.au\/Robert.Slonim\" target=\"_blank\" rel=\"noopener\">Robert Slonim (University of Technology Sydney)<\/a>\r\n<br \/>&#8220;Lab Studies Examining Credit Card Payment Choice Architecture&#8221;\r\n<br><i>This seminar takes place in room 0.04 in the seminarbuilding 106.<\/i><\/td>\r\n<td class=\"date\"><u>17.05.2023<\/u><\/td>\r\n<td><a href=\"https:\/\/nielsjohannesen.net\/\" target=\"_blank\" rel=\"noopener\">Niels Johannesen (University of Copenhagen)<\/a>\r\n<br \/>\u201eContagion in the Supermarket: How Much did Transmission Between Consumers Contribute to the Covid-19 Pandemic?\u201c<\/td>\r\n<\/tr>\r\n\r\n<tr>\r\n<td class=\"date\"><u>23.05.2023<\/u>\r\n<br \/>in person<\/td>\r\n<td><a href=\"https:\/\/www.felixchopra.com\/\" target=\"_blank\" rel=\"noopener\">Felix Chopra (University of Copenhagen)<\/a>\r\n<br \/>&#8220;Media Persuasion and Consumption: Evidence From the Dave Ramsey Show&#8221;<\/td>\r\n<td class=\"date\"><u>24.05.2023<\/u><\/td>\r\n<td><a href=\"http:\/\/plug.economists.nl\/\" target=\"_blank\" rel=\"noopener\">Erik Plug (University of Amsterdam)<\/a>\r\n<br \/>\u201cThe only child\u201d <\/td>\r\n<\/tr>\r\n\r\n<tr>\r\n<td class=\"date\"><u>06.06.2023<\/u><\/td>\r\n<td>&nbsp;<\/td>\r\n<td class=\"date\"><u>07.06.2023<\/u><\/td>\r\n<td><a href=\"https:\/\/sites.google.com\/site\/srbhalotra\/\" target=\"_blank\" rel=\"noopener\">Sonia Bhalotra (University of Warwick)<\/a>\r\n<br \/>&#8220;On Prescribing Antidepressants to Children&#8221;<\/td>\r\n<\/tr>\r\n\r\n<tr>\r\n<td class=\"date\"><u>13.06.2023<\/u>\r\n<br \/>in person<\/td>\r\n<td><a href=\"http:\/\/www.simonsiegenthaler.com\/\" target=\"_blank\" rel=\"noopener\">Simon Siegenthaler (University of Texas at Dallas)<\/a>\r\n<br \/>&#8220;Eliciting Thresholds for Collective Behavior: The Case of Affirmative Action&#8221;<\/td>\r\n<td class=\"date\"><u>14.06.2023<\/u><\/td>\r\n<td><a href=\"https:\/\/sites.google.com\/site\/jonathanfschulz\/\" target=\"_blank\" rel=\"noopener\">Jonathan Schulz (George Mason University)<\/a>\r\n<br \/>&#8220;Surname Diversity, Social Ties and Innovation&#8221;<\/td>\r\n<\/tr>\r\n\r\n<tr>\r\n<td class=\"date\"><u>20.06.2023<\/u>\r\n<br \/>in person<\/td>\r\n<td><a href=\"https:\/\/sites.google.com\/view\/eugendimant\/home\" target=\"_blank\" rel=\"noopener\">Eugen Dimant (University of Pennsylvania)<\/a>\r\n<br \/>&#8220;Hate Trumps Love: The Impact of Political Polarization on Social Preferences&#8221;<\/td>\r\n<td class=\"date\"><u>21.06.2023<\/u><\/td>\r\n<td><a href=\"https:\/\/www.giuliagiupponi.com\/\" target=\"_blank\" rel=\"noopener\">Giulia Giupponi (Bocconi University)<\/a>\r\n<br \/>&#8220;Forward-Looking Labor Supply Responses to Changes in Pension Wealth: Evidence from Germany&#8221;<\/td>\r\n<\/tr>\r\n\r\n<tr>\r\n<td class=\"date\"><u>27.06.2023<\/u><\/td>\r\n<td>&nbsp;<\/td>\r\n<td class=\"date\"><u>28.06.2023<\/u><\/td>\r\n<td><a href=\"https:\/\/www.janagallus.com\/\" target=\"_blank\" rel=\"noopener\">Jana Gallus (UCLA Anderson)<\/a>\r\n<br \/><i>tba<\/i><\/td>\r\n<\/tr>\r\n\r\n<tr>\r\n<td class=\"date\"><u>04.07.2023<\/u><br \/>\r\nin person<\/td>\r\n<td><a href=\"https:\/\/sites.google.com\/site\/bernhardecon\/\" rel=\"noopener\" target=\"_blank\">Bernhard Schmidpeter (Johannes Kepler University Linz)<\/a><br \/>\r\n&#8220;Labor Market News and Expectations about Jobs and Earnings&#8221;<\/td>\r\n<td class=\"date\"><u>05.07.2023<\/u><\/td>\r\n<td><a href=\"https:\/\/www.estherarenasarroyo.com\/\" rel=\"noopener\" target=\"_blank\">Esther Arenas Arroyo (Vienna University of Economics and Business)<\/a><br \/>\r\n<i>tba<\/i><\/td>\r\n<\/tr>\r\n\r\n<\/tbody>\r\n\r\n<\/table>\r\n\r\n<\/div><\/div>\r\n\r\n<!-- WINTERSEMESTER 2022\/2023 -->\r\n<div class=\"akkordeonitem\"><h4 class=\"h4 akkordeonitem-headline\">Seminar schedule for WS 2022\/23<\/h4><div class=\"akkordeonitem-content\">\r\n<table><colgroup> <col style=\"width: 10%;\" \/> <col style=\"width: 40%;\" \/> <col style=\"width: 10%;\" \/> <col style=\"width: 40%;\" \/> <\/colgroup>\r\n<tbody>\r\n\r\n<tr style=\"font-style: italic;\">\r\n<td><\/td>\r\n<td>Organisation: C-SEB \/\/ <a href=\"&#109;&#97;&#x69;l&#116;&#x6f;&#x3a;c&#45;&#x73;&#x65;b&#45;&#x73;e&#109;&#x69;&#x6e;a&#114;&#x73;&#x40;u&#110;&#x69;-&#107;&#x6f;&#x65;l&#110;&#x2e;&#x64;e\">&#x63;-&#x73;e&#x62;&#45;&#x73;&#101;m&#x69;n&#x61;&#114;&#x73;&#64;&#x75;&#110;i&#x2d;k&#x6f;&#101;&#x6c;&#110;&#x2e;&#x64;e<\/a>\r\n<br \/>Online via Zoom <u>or<\/u> room 3.206 in the SSC building<\/td>\r\n<td><\/td>\r\n<td>Organisation: <a href=\"https:\/\/econtribute.de\/events\/econtribute-seminar\/\" target=\"_blank\" rel=\"noopener\">ECONtribute<\/a> \/\/ <a href=\"&#109;&#x61;&#105;&#x6c;t&#x6f;:&#114;&#x6f;&#116;&#x68;&#64;&#x77;i&#x73;o&#46;&#x75;&#110;&#x69;-&#x6b;o&#x65;&#x6c;&#110;&#x2e;&#100;&#x65;\">Prof. Dr. Christopher Roth<\/a>\r\n<br \/>Room 3.206 in the SSC building<\/td>\r\n<\/tr>\r\n\r\n<tr style=\"font-weight: bold; color: #fff; background-color: #33475b;\">\r\n<td class=\"date\">Tuesday<\/td>\r\n<td>12:00 &#8211; 13:00<br \/>\r\nECONtribute and C-SEB Design &amp; Behavior Seminar<\/td>\r\n<td class=\"date\">Wednesday<\/td>\r\n<td>12:00 &#8211; 13:00<br \/>\r\nECONtribute and C-SEB Seminar<\/td>\r\n<\/tr>\r\n\r\n<tr>\r\n<td class=\"date\">11.10.2022<\/td>\r\n<td>&nbsp;<\/td>\r\n<td class=\"date\">12.10.2022<\/td>\r\n<td><a href=\"https:\/\/sites.google.com\/site\/stefanofiorineconomics\/home\" target=\"_blank\" rel=\"noopener\">Stefano Fiorin (Bocconi University)<\/a>\r\n<br \/>&#8220;How Do Borrowers Respond to a Debt Moratorium? Experimental Evidence From Consumer Loans in India&#8221;<\/td>\r\n<\/tr>\r\n\r\n<tr>\r\n<td class=\"date\">18.10.2022<\/td>\r\n<td><a href=\"https:\/\/wiso.uni-koeln.de\/de\/forschung\/find-an-expert\/expertinnen\/prof-dr-markus-weinmann\" target=\"_blank\" rel=\"noopener\">Markus Weinmann (University of Cologne)<\/a>\r\n<br \/>&#8220;Face Time: How Project Images Influence Crowdfunding Success&#8221;<\/td>\r\n<td class=\"date\">19.10.2022<\/td>\r\n<td><a href=\"https:\/\/www.sdabocconi.it\/it\/faculty\/carlo-schwarz\" target=\"_blank\" rel=\"noopener\">Carlo Schwarz (Bocconi University)<\/a><\/td>\r\n<\/tr>\r\n\r\n<tr>\r\n<td class=\"date\">25.10.2022<\/td>\r\n<td><a href=\"https:\/\/sites.google.com\/site\/drgurerk\/\" target=\"_blank\" rel=\"noopener\">\u00d6zg\u00fcr G\u00fcrerk (University of Cologne)<\/a>\r\n<br \/>&#8220;Conditional Commitments and Cooperation in Public Goods: Theory and Experimental Evidence&#8221;<\/td>\r\n<td class=\"date\">26.10.2022<\/td>\r\n<td><a href=\"https:\/\/www.mpifg.de\/baccaro_en\" target=\"_blank\" rel=\"noopener\">Lucio Baccaro (Max Planck Institute for the Study of Societies)<\/a>\r\n<br \/>&#8220;What Growth Strategies Do Citizens Want? Evidence From a New Survey&#8221;<\/td>\r\n<\/tr>\r\n\r\n<tr>\r\n<td class=\"date\">01.11.2022<\/td>\r\n<td>&nbsp;<\/td>\r\n<td class=\"date\">02.11.2022<\/td>\r\n<td><a href=\"https:\/\/sites.google.com\/view\/elisafacchetti\/home\" target=\"_blank\" rel=\"noopener\">Elisa Facchetti (Queen Mary University)<\/a>\r\n<br \/>&#8220;When Non-Native Speakers Compete for Top Schools: Displacement and Peer Effects in Primary Education&#8221;<\/td>\r\n<\/tr>\r\n\r\n<tr>\r\n<td class=\"date\">08.11.2022<\/td>\r\n<td><a href=\"https:\/\/www.management-en.unito.it\/do\/docenti.pl\/Alias?nadia.campaniello#tab-profilo\" target=\"_blank\" rel=\"noopener\">Nadia Campaniello (University of Turin)<\/a>\r\n<br \/>&#8220;Gender Gaps in Crime: The Role of Culture&#8221;\r\n<br \/><i>This seminar takes place in room 3.206 in the SSC building.<\/i><\/td>\r\n<td class=\"date\">09.11.2022<\/td>\r\n<td>&nbsp;<\/td>\r\n<\/tr>\r\n\r\n<tr>\r\n<td class=\"date\">15.11.2022<\/td>\r\n<td>Lukas Reinhardt (University of Cologne)\r\n<br \/>&#8220;Take Back Control: Identity and Resistance Against Choice Restrictions&#8221;<\/td>\r\n<td class=\"date\">16.11.2022<\/td>\r\n<td>&nbsp;<\/td>\r\n<\/tr>\r\n\r\n<tr>\r\n<td class=\"date\">22.11.2022<\/td>\r\n<td><a href=\"https:\/\/www.jantsje.nl\/\" target=\"_blank\" rel=\"noopener\">Jantsje Mol (University of Amsterdam)<\/a>\r\n<br \/>&#8220;Spoiling the party. Experimental evidence on the willingness to transmit inconvenient ethical information&#8221;<\/td>\r\n<td class=\"date\">23.11.2022<\/td>\r\n<td><a href=\"https:\/\/sites.google.com\/site\/timothyjmoore\/\" target=\"_blank\" rel=\"noopener\">Tim Moore (Purdue University)<\/a>\r\n<br \/>&#8220;Importing the Opioid Crisis? The Relationship Between Trade and Fentanyl Smuggling&#8221;<br \/><i>This seminar is online via Zoom. <\/i><\/td>\r\n<\/tr>\r\n\r\n<tr>\r\n<td class=\"date\">29.11.2022<\/td>\r\n<td><a href=\"https:\/\/anastasiadanilov.de\/\" target=\"_blank\" rel=\"noopener\">Anastasia Danilov (Humboldt University of Berlin)<\/a><br \/>&#8220;Agile management and productivity: Evidence from a Large Chinese Enterprise&#8221;\r\n<br \/><i> This seminar takes place in room 3.206 in the SSC building.<\/i><\/td>\r\n<td class=\"date\">30.11.2022<\/td>\r\n<td><a href=\"https:\/\/thomasgraeber.com\/\" target=\"_blank\" rel=\"noopener\">Thomas Graeber (Harvard Business School)<\/a><br \/>&#8220;Stories, Statistics, and Memory&#8221;<\/td>\r\n<\/tr>\r\n<tr>\r\n<td class=\"date\">06.12.2022<\/td>\r\n<td><a href=\"https:\/\/sites.google.com\/view\/diyaelizabethabraham\/home\" target=\"_blank\" rel=\"noopener\">Diya Abraham (Vienna University of Economics and Business)<\/a>\r\n<br \/>&#8220;Motivational Effects of Feeling Trusted&#8221;<\/td>\r\n<td class=\"date\">07.12.2022<\/td>\r\n<td><a href=\"https:\/\/ninaroussille.github.io\/\" target=\"_blank\" rel=\"noopener\">Nina Roussille (MIT)<\/a><\/td>\r\n<\/tr>\r\n\r\n<tr>\r\n<td class=\"date\">13.12.2022<\/td>\r\n<td>&nbsp;<\/td>\r\n<td class=\"date\">14.12.2022<\/td>\r\n<td><a href=\"https:\/\/juliacage.com\/\" target=\"_blank\" rel=\"noopener\">Julia Cag\u00e9 (Sciences Po Paris)<\/a>\r\n<br \/>&#8220;Political Donations, Charitable Giving and Ideology&#8221;<\/td>\r\n<\/tr>\r\n\r\n<tr>\r\n<td class=\"date\">20.12.2022<\/td>\r\n<td><a href=\"https:\/\/sites.google.com\/view\/virginiaminni\" target=\"_blank\" rel=\"noopener\">Virginia Minni (London School of Economics)<\/a>\r\n<br \/>&#8220;Making the Invisible Hand Visible: Managers and the Allocation of Workers to Jobs&#8221;<\/td>\r\n<td class=\"date\">21.12.2022<\/td>\r\n<td>&nbsp;<\/td>\r\n<\/tr>\r\n\r\n<tr>\r\n<td class=\"date\">10.01.2023<\/td>\r\n<td><a href=\"https:\/\/dss.uni-koeln.de\/de\/department\/lehrstuehle-und-professuren\/wirtschafts-und-sozialpsychologie-prof-dr-detlef-fetchenhauer\" target=\"_blank\" rel=\"noopener\">Detlef Fetchenhauer (University of Cologne)<\/a>\r\n<br \/>&#8220;Trust in Competence Versus Trust in Morality&#8221;<\/td>\r\n<td class=\"date\">11.01.2023<\/td>\r\n<td>&nbsp;<\/td>\r\n<\/tr>\r\n\r\n<tr>\r\n<td class=\"date\">17.01.2023<\/td>\r\n<td><a href=\"https:\/\/sites.google.com\/view\/sorenharrs-econ\">S\u00f6ren Harrs (University of Cologne)<\/a>\r\n<br \/>&#8220;Meritocratic Ideology and the Welfare State&#8221;<\/td>\r\n<td class=\"date\">18.01.2023<\/td>\r\n<td><a href=\"https:\/\/people.unil.ch\/mathiasthoenig\/\" target=\"_blank\" rel=\"noopener\">Matthias Thoenig (University of Lausanne)<\/a>\r\n<br \/>&#8220;The Gravity of Violence &#8211; A Quantitative Model of Trade and Conflict&#8221;<\/td>\r\n<\/tr>\r\n\r\n<tr>\r\n<td class=\"date\">24.01.2023<\/td>\r\n<td>&nbsp;<\/td>\r\n<td class=\"date\">25.01.2023<\/td>\r\n<td><a href=\"https:\/\/www.ariannaornaghi.com\/\" target=\"_blank\" rel=\"noopener\">Arianna Ornaghi (Hertie School)<\/a><br \/>&#8220;Media Consolidation&#8221;<\/td>\r\n<\/tr>\r\n\r\n<tr>\r\n<td class=\"date\">07.02.2023<\/td>\r\n<td><i>Special Date, 14:00 &#8211; 15:00:<\/i>\r\n<br \/><a href=\"http:\/\/ereuben.net\/\" target=\"_blank\" rel=\"noopener\">Ernesto Reuben (NYU Abu Dhabi)<\/a>\r\n<br \/>&#8220;Performance Feedback and Gender&#8221;<br \/><i>This seminar takes place in room 3.206 in the SSC building.<\/i><\/td>\r\n<td class=\"date\"><\/td>\r\n<td><\/td>\r\n<\/tr>\r\n<\/tbody>\r\n<\/table>\r\n<\/div><\/div>\r\n\r\n<!-- SOMMERSEMESTER 2022 -->\r\n<div class=\"akkordeonitem\"><h4 class=\"h4 akkordeonitem-headline\">Seminar schedule for SS 22<\/h4><div class=\"akkordeonitem-content\">\r\n\r\n<table><colgroup> <col style=\"width: 10%;\" \/> <col style=\"width: 40%;\" \/> <col style=\"width: 10%;\" \/> <col style=\"width: 40%;\" \/> <\/colgroup>\r\n<tbody>\r\n\r\n<tr style=\"font-style: italic;\">\r\n<td><\/td>\r\n<td>Organisation: C-SEB \/\/ <a href=\"&#x6d;&#97;&#105;l&#x74;&#x6f;&#58;c&#x2d;&#x73;&#101;b&#x2d;&#x73;&#101;m&#x69;&#x6e;&#97;r&#x73;&#x40;&#117;n&#x69;&#x2d;&#107;&#111;e&#x6c;&#x6e;&#46;d&#x65;\">&#99;&#x2d;&#115;&#x65;&#98;&#x2d;&#115;&#x65;m&#x69;n&#x61;r&#x73;&#64;&#117;&#x6e;&#105;&#x2d;&#107;&#x6f;&#101;&#x6c;&#110;&#x2e;d&#x65;<\/a>\r\n<br \/>Online via Zoom<\/td>\r\n<td><\/td>\r\n<td>Organisation: <a href=\"https:\/\/econtribute.de\/events\/econtribute-seminar\/\" target=\"_blank\" rel=\"noopener\">ECONtribute<\/a> \/\/ <a href=\"&#x6d;&#97;i&#x6c;&#x74;&#111;:&#x72;&#x6f;&#116;h&#x40;&#x77;&#105;s&#x6f;&#x2e;&#117;n&#x69;&#45;&#107;o&#x65;&#108;n&#x2e;&#x64;&#101;\">Prof. Dr. Christopher Roth<\/a>\r\n<br \/>Online via Zoom <u>or<\/u> in room 3.206 in the SSC building<\/td>\r\n<\/tr>\r\n\r\n<tr style=\"font-weight: bold; color: #fff; background-color: #33475b;\">\r\n<td class=\"date\">Tuesday<\/td>\r\n<td>12:00 &#8211; 13:00<br \/>\r\nECONtribute and C-SEB Design &amp; Behavior Seminar<\/td>\r\n<td class=\"date\">Wednesday<\/td>\r\n<td>12:00 &#8211; 13:00<br \/>\r\nECONtribute and C-SEB Seminar<\/td>\r\n<\/tr>\r\n\r\n<tr>\r\n<td class=\"date\">05.04.2022<\/td>\r\n<td><a href=\"https:\/\/sites.google.com\/view\/peterandre-econ\" target=\"_blank\" rel=\"noopener\">Peter Andre (briq Institute on Behavior &amp; Inequality)<\/a>\r\n<br \/>&#8220;Shallow Meritocracy&#8221;<\/td>\r\n<td class=\"date\">06.04.2022<\/td>\r\n<td><a href=\"https:\/\/sites.google.com\/site\/ocoibion\/\" target=\"_blank\" rel=\"noopener\">Olivier Coibion (The University of Texas at Austin)<\/a>\r\n<br \/><i>This seminar takes place at 4 pm CET. <\/i><\/td>\r\n<\/tr>\r\n\r\n<tr>\r\n<td class=\"date\">12.04.2022<\/td>\r\n<td>Christina Langer (Catholic University of Eichst\u00e4tt-Ingolstadt)\r\n<br \/>&#8220;The Value of Skills: New Evidence From Apprenticeship Plans&#8221;<\/td>\r\n<td class=\"date\">13.04.2022<\/td>\r\n<td>&nbsp;<\/td>\r\n<\/tr>\r\n\r\n<tr>\r\n<td class=\"date\">26.04.2022<\/td>\r\n<td><a href=\"https:\/\/www.navidsabet.com\/\" target=\"_blank\" rel=\"noopener\">Navid Sabet (Goethe University Frankfurt)<\/a>\r\n<br \/>&#8220;Terrorism, Political Activation and Realignment: Evidence from Terror Attacks and Far-Right Voting in Germany&#8221;<\/td>\r\n<td class=\"date\">27.04.2022<\/td>\r\n<td><a href=\"https:\/\/www.utaschoenberg.com\/\" target=\"_blank\" rel=\"noopener\">Uta Sch\u00f6nberg (University College London)<\/a>\r\n<br \/>&#8220;The Effects of Business Taxation on Local Labor Markets, Firms and Workers&#8221;<\/td>\r\n<\/tr>\r\n\r\n<tr>\r\n<td class=\"date\">03.05.2022<\/td>\r\n<td><a href=\"https:\/\/maddalenaronchi.weebly.com\/\" target=\"_blank\" rel=\"noopener\">Maddalena Ronchi (Bocconi University)<\/a>\r\n<br \/>&#8220;Early Exposure to Entrepreneurship and the Creation of Female Entrepreneurs&#8221;<\/td>\r\n<td class=\"date\">04.05.2022<\/td>\r\n<td>Elisa Macchi (MIT Economics)\r\n<br \/>&#8220;Worth Your Weight: Experimental Evidence on the Benefits of Obesity in Low-Income Countries&#8221;\r\n<br \/><i>This seminar takes place at 4 pm CET. <\/i><\/td>\r\n<\/tr>\r\n\r\n<tr>\r\n<td class=\"date\">10.05.2022<\/td>\r\n<td><a href=\"https:\/\/sites.google.com\/view\/marcoislam\/home\" target=\"_blank\" rel=\"noopener\">Marco Islam (Lund University)<\/a>\r\n<br \/>&#8220;Motivated Risk Assessments&#8221;<\/td>\r\n<td class=\"date\">11.05.2022<\/td>\r\n<td><a href=\"http:\/\/guoxu.org\/\" target=\"_blank\" rel=\"noopener\">Guo Xu (Berkeley Haas School of Business)<\/a>\r\n<br \/>&#8220;Strengthening State Capacity: Postal Reform and Innovation During the Gilded Age&#8221;\r\n<br \/><i>This seminar takes place at 4 pm CET. <\/i><\/td>\r\n<\/tr>\r\n\r\n<tr>\r\n<td class=\"date\">17.05.2022<\/td>\r\n<td>Ariel Stern (Harvard Business School)\r\n<br \/>&#8220;Regulatory Incentives for Pharmaceutical Innovation: The U.S. FDA\u2019s Breakthrough Therapy Designation&#8221;<\/td>\r\n<td class=\"date\">18.05.2022<\/td>\r\n<td><a href=\"https:\/\/kseniashakhgildyan.wordpress.com\/\" target=\"_blank\" rel=\"noopener\">Ksenia Shakhgildyan (Bocconi University)<\/a>\r\n<br \/>&#8220;Artificial Intelligence, Algorithmic Bidding and Collusion in Online Advertising&#8221;<\/td>\r\n<\/tr>\r\n\r\n<tr>\r\n<td class=\"date\">24.05.2022<\/td>\r\n<td><a href=\"https:\/\/sites.google.com\/view\/tobiaswekhof\/\" target=\"_blank\" rel=\"noopener\">Tobias Wekhof (ETH Z\u00fcrich)<\/a>\r\n<br \/>&#8220;The Conditional Topic Allocation for Text Data&#8221;<\/td>\r\n<td class=\"date\">25.05.2022<\/td>\r\n<td><a href=\"https:\/\/sites.google.com\/view\/hagenbachjeanne\" target=\"_blank\" rel=\"noopener\">Jeanne Hagenbach (CNRS &amp; Science Po Paris)<\/a>\r\n<br \/>&#8220;Motivated vs. Skeptical Beliefs&#8221;\r\n<br \/><i>This seminar takes place in room 3.206 in the SSC building at 4 pm CET.<\/i><\/td>\r\n<\/tr>\r\n\r\n<tr>\r\n<td class=\"date\">31.05.2022<\/td>\r\n<td>&nbsp;<\/td>\r\n<td class=\"date\">01.06.2022<\/td>\r\n<td><a href=\"https:\/\/sites.google.com\/site\/martinnybom\/home\" target=\"_blank\" rel=\"noopener\">Martin Nybom (Uppsala University)<\/a>\r\n<br \/>&#8220;Like Mother, Like Child? The Rise of Women\u2019s Intergenerational Income Persistence in Sweden and the United States&#8221;\r\n<br \/><i>This seminar takes place in room 3.206 in the SSC building.<\/i><\/td>\r\n<\/tr>\r\n\r\n<tr>\r\n<td class=\"date\">07.06.2022<\/td>\r\n<td>&nbsp;<\/td>\r\n<td class=\"date\">08.06.2022<\/td>\r\n<td><a href=\"https:\/\/www.hbs.edu\/faculty\/Pages\/profile.aspx?facId=879471\" target=\"_blank\" rel=\"noopener\">Zoe Cullen (Harvard Business School)<\/a>\r\n<br \/>&#8220;What&#8217;s My Employee Worth? The Effects of Salary Benchmarking&#8221;\r\n<br \/><i>This seminar takes place in room 3.206 in the SSC building.<\/i><\/td>\r\n<\/tr>\r\n\r\n<tr>\r\n<td class=\"date\">14.06.2022<\/td>\r\n<td>&nbsp;<\/td>\r\n<td class=\"date\">15.06.2022<\/td>\r\n<td><a href=\"http:\/\/www.columbia.edu\/~ap3116\/\" target=\"_blank\" rel=\"noopener\">Andrea Prat (Columbia University)<\/a><\/td>\r\n<\/tr>\r\n\r\n<tr>\r\n<td class=\"date\">21.06.2022<\/td>\r\n<td>&nbsp;<\/td>\r\n<td class=\"date\">22.06.2022<\/td>\r\n<td><a href=\"https:\/\/sites.google.com\/site\/andreassteinhauer\/\" target=\"_blank\" rel=\"noopener\">Andreas Steinhauer (University of Edinburgh)<\/a>\r\n<br \/>&#8220;Do Family Policies Reduce Gender Inequality?&#8221;<\/td>\r\n<\/tr>\r\n\r\n<tr>\r\n<td class=\"date\">28.06.2022<\/td>\r\n<td>Max R. P. Grossmann (University of Cologne)\r\n<br \/>&#8220;Paternalism in Data Sharing&#8221;<\/td>\r\n<td class=\"date\">29.06.2022<\/td>\r\n<td><a href=\"https:\/\/jspenkuch.github.io\/\" target=\"_blank\" rel=\"noopener\">J\u00f6rg Spenkuch (Kellogg School of Management at Northwestern University)<\/a>\r\n<br \/>&#8220;Ideology and Performance in Public Organizations&#8221;\r\n<br \/><i>This seminar takes place at 4 pm CET.<\/i><\/td>\r\n<\/tr>\r\n\r\n<tr>\r\n<td class=\"date\">05.07.2022<\/td>\r\n<td><a href=\"https:\/\/www.paulhufe.net\/\" rel=\"noopener target=\">Paul Hufe (University of Bristol)<\/a>\r\n<br \/>&#8220;Genetic Endowments, Educational Outcomes and the Mediating Influence of School Investments&#8221;<\/td>\r\n<td class=\"date\">06.07.2022<\/td>\r\n<td><a href=\"https:\/\/scholar.harvard.edu\/straub\/home\" rel=\"noopener target=\">Ludwig Straub (Harvard University)<\/a>\r\n<br \/>&#8220;A Goldilocks Theory of Fiscal Deficits&#8221;\r\n<br \/><i>This seminar takes place at 4 pm CET.<\/i><\/td>\r\n<\/tr>\r\n\r\n<tr>\r\n<td class=\"date\">12.07.2022<\/td>\r\n<td><a href=\"https:\/\/ninasophieweber.com\/\" target=\"_blank\" rel=\"noopener\">Nina Weber (King&#8217;s College London)<\/a>\r\n<br \/>&#8220;Procedural Fairness and Externalities Under Uncertainty&#8221;<\/td>\r\n<td class=\"date\">13.07.2022<\/td>\r\n<td>&nbsp;<\/td>\r\n<\/tr>\r\n\r\n<\/tbody>\r\n<\/table>\r\n<\/div><\/div>\r\n\r\n<!-- WINTERSEMESTER 2021\/22 -->\r\n<div class=\"akkordeonitem\"><h4 class=\"h4 akkordeonitem-headline\">Seminar schedule for WS 2021\/22<\/h4><div class=\"akkordeonitem-content\">\r\n\r\n<table><colgroup> <col style=\"width: 10%;\" \/> <col style=\"width: 40%;\" \/> <col style=\"width: 10%;\" \/> <col style=\"width: 40%;\" \/> <\/colgroup>\r\n<tbody>\r\n\r\n<tr style=\"font-style: italic;\">\r\n<td><\/td>\r\n<td>Organisation: C-SEB \/\/ <a href=\"&#x6d;&#97;i&#x6c;&#116;o&#x3a;&#99;-&#x73;&#101;b&#x2d;&#115;e&#x6d;&#x69;n&#x61;&#x72;&#115;&#x40;&#x75;&#110;&#x69;&#x2d;&#107;o&#x65;&#108;n&#x2e;&#100;e\">&#x63;&#x2d;&#115;e&#x62;&#x2d;&#x73;&#101;m&#x69;&#x6e;&#x61;&#114;s&#x40;&#x75;&#x6e;&#105;-&#x6b;&#x6f;&#x65;&#108;n&#x2e;&#x64;&#x65;<\/a>\r\n<br \/>Online via Zoom<\/td>\r\n<td><\/td>\r\n<td>Organisation: <a href=\"https:\/\/econtribute.de\/events\/econtribute-seminar\/\" target=\"_blank\" rel=\"noopener\">ECONtribute<\/a> \/\/ <a href=\"&#x6d;&#x61;&#x69;&#108;&#116;&#111;:b&#x69;&#x6e;&#x64;&#x6c;&#101;&#114;&#64;w&#x69;&#x73;&#x6f;&#x2e;&#117;&#110;i-&#x6b;&#x6f;&#x65;&#x6c;&#110;&#46;&#100;e\">Prof. Dr. Anna Bindler<\/a>\r\n<br \/>Online via Zoom<\/td>\r\n<\/tr>\r\n\r\n<tr style=\"font-weight: bold; color: #fff; background-color: #33475b;\">\r\n<td class=\"date\">Tuesday<\/td>\r\n<td>12:00 &#8211; 13:00<br \/>\r\nECONtribute and C-SEB Design &amp; Behavior Seminar<\/td>\r\n<td class=\"date\">Wednesday<\/td>\r\n<td>12:00 &#8211; 13:00<br \/>\r\n<a href=\"https:\/\/econtribute.de\/research-seminars\/\" rel=\"noopener\" target=\"_blank\">ECONtribute and C-SEB Seminar<\/a><\/td>\r\n<\/tr>\r\n\r\n<tr>\r\n<td class=\"date\">12.10.2021<\/td>\r\n<td>&nbsp;<\/td>\r\n<td class=\"date\">13.10.2021<\/td>\r\n<td><a href=\"http:\/\/www.davidseim.com\/\" rel=\"noopener\" target=\"_blank\">David Seim (Stockholm University)<\/a>\r\n<br \/>&#8220;How Do Inheritances Shape Wealth Inequality? Theory and Evidence From Sweden&#8221;<\/td>\r\n<\/tr>\r\n\r\n<tr>\r\n<td class=\"date\">19.10.2021<\/td>\r\n<td><a href=\"https:\/\/lisaspantig.com\/\" rel=\"noopener\" target=\"_blank\"> Lisa Spantig (RWTH Aachen)<\/a>\r\n<br \/>&#8220;Flexible Microcredit: Effects on Loan Repayment and Social Pressure&#8221;<\/td>\r\n<td class=\"date\">20.10.2021<\/td>\r\n<td><a href=\"https:\/\/sites.google.com\/site\/jordiblanesvidal\/\" rel=\"noopener\" target=\"_blank\">Jordi Blanes i Vidal (London School of Economics)<\/a>\r\n<br \/>&#8220;Monitoring Workers Through Their Peers&#8221;<\/td>\r\n<\/tr>\r\n\r\n<tr>\r\n<td class=\"date\">26.10.2021<\/td>\r\n<td>&nbsp;<\/td>\r\n<td class=\"date\">27.10.2021<\/td>\r\n<td><a href=\"https:\/\/ingelaalger.weebly.com\/\" rel=\"noopener\" target=\"_blank\">Ingela Alger (Toulouse School of Economics)<\/a>\r\n<br \/>&#8220;Homo Moralis Goes to the Voting Booth: (i) Voter Participation and (ii) the Divided Majority Dilemma&#8221;<\/td>\r\n<\/tr>\r\n\r\n<tr>\r\n<td class=\"date\">02.11.2021<\/td>\r\n<td><a href=\"https:\/\/aalexee.com\/\" rel=\"noopener\" target=\"_blank\">Aleksandr Alekseev (University of Regensburg)<\/a>\r\n<br \/>&#8220;The Economics of Babysitting a Robot&#8221;<\/td>\r\n<td class=\"date\">03.11.2021<\/td>\r\n<td><a href=\"https:\/\/scholar.princeton.edu\/lboustan\/home\" rel=\"noopener\" target=\"_blank\">Leah Boustan (Princeton University)<\/a>\r\n<br \/>&#8220;Political Speech About Immigration to the US Is More Positive but More Polarized Than Any Time in the Past 150 Years&#8221;\r\n<br \/><i>This seminar takes place at 4 pm CET.<\/i><\/td>\r\n<\/tr>\r\n\r\n<tr>\r\n<td class=\"date\">09.11.2021<\/td>\r\n<td>&nbsp;<\/td>\r\n<td class=\"date\">10.11.2021<\/td>\r\n<td><a href=\"https:\/\/sites.google.com\/site\/andreaweberkirchweger\/\" rel=\"noopener\" target=\"_blank\">Andrea Weber (Central European University)<\/a>\r\n<br \/>&#8220;What Can We Learn From Temporary Layoffs and Recall Hires About Firm and Worker Expectations?&#8221;<\/td>\r\n<\/tr>\r\n\r\n<tr>\r\n<td class=\"date\">16.11.2021<\/td>\r\n<td><a href=\"https:\/\/www.ingridhaegele.com\/\" rel=\"noopener\" target=\"_blank\">Ingrid H\u00e4gele (University of California, Berkeley)<\/a>\r\n<br \/>&#8220;Talent Hoarding in Organizations&#8221;<\/td>\r\n<td class=\"date\">17.11.2021<\/td>\r\n<td><a href=\"https:\/\/sites.google.com\/site\/sandroambuehl\/home\" rel=\"noopener\" target=\"_blank\">Sandro Ambuehl (University of Zurich)<\/a>\r\n<br \/>&#8220;Interpreting the Will of the People: A Positive Analysis of Ordinal Preference Aggregation&#8221; &amp; &#8220;Politicians&#8217; Social Welfare Criteria: An Experiment With German Legislators&#8221;<\/td>\r\n<\/tr>\r\n\r\n<tr>\r\n<td class=\"date\">23.11.2021<\/td>\r\n<td>&nbsp;<\/td>\r\n<td class=\"date\">24.11.2021<\/td>\r\n<td><a href=\"https:\/\/fuchsschuendeln.com\/\" rel=\"noopener\" target=\"_blank\">Nicola Fuchs-Sch\u00fcndeln (Goethe University Frankfurt)<\/a>\r\n<br \/>&#8220;Structural Change in Labor Supply and Cross-Country Differences in Hours Worked&#8221;<\/td>\r\n<\/tr>\r\n\r\n<tr>\r\n<td class=\"date\">30.11.2021<\/td>\r\n<td>&nbsp;<\/td>\r\n<td class=\"date\">01.12.2021<\/td>\r\n<td>Mich\u00e8le Tertilt (University of Mannheim)\r\n<br \/>&#8220;This Time It&#8217;s Different: The Role of Women&#8217;s Employment in a Pandemic Recession&#8221;<\/td>\r\n<\/tr>\r\n\r\n<tr>\r\n<td class=\"date\">07.12.2021<\/td>\r\n<td>&nbsp;<\/td>\r\n<td class=\"date\">08.12.2021<\/td>\r\n<td><a href=\"https:\/\/www.danreck.com\/\" rel=\"noopener\" target=\"_blank\">Daniel Reck (London School of Economics)<\/a>\r\n<br \/>&#8220;The Welfare Economics of Reference Dependence&#8221;<\/td>\r\n<\/tr>\r\n\r\n<tr>\r\n<td class=\"date\">14.12.2021<\/td>\r\n<td><a href=\"https:\/\/sites.google.com\/site\/myramohnen\/\" rel=\"noopener\" target=\"_blank\">Myra Mohnen (University of Ottawa)<\/a>\r\n<br \/>&#8220;Train to Opportunity: The Effect of Infrastructure on Intergenerational Mobility&#8221;<\/td>\r\n<td class=\"date\">15.12.2021<\/td>\r\n<td><a href=\"https:\/\/sites.google.com\/site\/tarekalexanderhassan\" rel=\"noopener\" target=\"_blank\">Tarek Hassan (Boston University)<\/a>\r\n<br \/>&#8220;The Immigrant Next Door: Exposure, Prejudice, and Altruism&#8221;<\/td>\r\n<\/tr>\r\n\r\n<tr>\r\n<td class=\"date\">21.12.2021<\/td>\r\n<td><a href=\"https:\/\/sites.google.com\/site\/marcomariottiwebsite\" rel=\"noopener\" target=\"_blank\">Marco Mariotti (Queen Mary University of London)<\/a>\r\n<br \/>&#8220;A Model of Online Click Behaviour&#8221;<\/td>\r\n<td class=\"date\">22.12.2021<\/td>\r\n<td>&nbsp;<\/td>\r\n<\/tr>\r\n\r\n<tr>\r\n<td class=\"date\">11.01.2022<\/td>\r\n<td>Sonja Settele (University of Copenhagen)\r\n<br \/>&#8220;The Drivers of Socioeconomic Inequality in Life Expectancy &#8211; Evidence From the Context of Cancer&#8221;<\/td>\r\n<td class=\"date\">12.01.2022<\/td>\r\n<td><a href=\"https:\/\/sites.google.com\/view\/abdoulaye-ndiaye\" target=\"_blank\" rel=\"noopener\">Abdoulaye Ndiaye (New York University)<\/a>\r\n<br \/><i>This seminar takes place at 4 pm CET.<\/i><\/td>\r\n<\/tr>\r\n\r\n<tr>\r\n<td class=\"date\">18.01.2022<\/td>\r\n<td>&nbsp;<\/td>\r\n<td class=\"date\">19.01.2022<\/td>\r\n<td><a href=\"https:\/\/chrisblattman.com\/\" rel=\"noopener\" target=\"_blank\">Chris Blattman (University of Chicago)<\/a>\r\n<br \/>&#8220;How Organized Crime Is Organized: The Gangs of Medell\u00edn&#8221;\r\n<br \/><i>This seminar takes place at 4 pm CET.<\/i><\/td>\r\n<\/tr>\r\n\r\n<tr>\r\n<td class=\"date\">25.01.2022<\/td>\r\n<td>Keyu Wu (University of Zurich)\r\n<br \/>&#8220;Context-Dependent Perceptions and Decision Making&#8221;<\/td>\r\n<td class=\"date\">26.01.2022<\/td>\r\n<td><a href=\"https:\/\/www.kroneberg.eu\/\" rel=\"noopener\" target=\"_blank\">Clemens Kroneberg (University of Cologne)<\/a>\r\n<br \/>&#8220;The Long Arm of the Country of Origin? Evaluating the Cultural Baggage Hypothesis on Inter-Ethnic Differences in Youth Violence&#8221;<\/td>\r\n<\/tr>\r\n\r\n<\/tbody>\r\n<\/table>\r\n<\/div><\/div>\r\n\r\n\r\n<!-- SOMMERSEMESTER 2021 -->\r\n<div class=\"akkordeonitem\"><h4 class=\"h4 akkordeonitem-headline\">Seminar schedule for SS 2021<\/h4><div class=\"akkordeonitem-content\">\r\n\r\n<table><colgroup> <col style=\"width: 10%;\" \/> <col style=\"width: 40%;\" \/> <col style=\"width: 10%;\" \/> <col style=\"width: 40%;\" \/> <\/colgroup>\r\n<tbody>\r\n\r\n<tr style=\"font-style: italic;\">\r\n<td><\/td>\r\n<td>Organisation: C-SEB \/\/ <a href=\"&#x6d;&#x61;&#105;&#108;t&#x6f;&#x3a;&#x63;&#45;se&#x62;&#x2d;&#115;&#101;m&#x69;&#x6e;&#x61;&#114;s&#64;&#x75;&#x6e;&#105;&#45;k&#x6f;&#x65;&#x6c;&#110;&#46;d&#x65;\">&#x63;&#45;s&#x65;&#x62;&#45;s&#x65;&#x6d;&#105;n&#x61;&#114;s&#x40;&#x75;&#110;i&#x2d;&#x6b;&#111;e&#x6c;&#110;&#46;&#x64;&#x65;<\/a>\r\n<br \/>Online via Zoom<\/td>\r\n<td><\/td>\r\n<td>Organisation: <a href=\"https:\/\/econtribute.de\/research-seminars\/\" target=\"_blank\" rel=\"noopener\">ECONtribute<\/a> \/\/ <a href=\"&#x6d;&#97;&#105;l&#x74;&#x6f;&#58;b&#x69;&#x6e;&#100;l&#x65;&#x72;&#64;w&#x69;&#x73;&#111;&#46;&#x75;&#x6e;&#105;-&#x6b;&#x6f;&#101;&#108;n&#x2e;&#x64;&#101;\">Prof. Dr. Anna Bindler<\/a>\r\n<br \/>Online via Zoom<\/td>\r\n<\/tr>\r\n\r\n<tr style=\"font-weight: bold; color: #fff; background-color: #33475b;\">\r\n<td class=\"date\">Tuesday<\/td>\r\n<td>12:00 &#8211; 13:00<br \/>\r\nECONtribute and C-SEB Design &amp; Behavior Seminar<\/td>\r\n<td class=\"date\">Wednesday<\/td>\r\n<td>12:00 &#8211; 13:00<br \/>\r\n<a href=\"https:\/\/econtribute.de\/research-seminars\/\" rel=\"noopener\" target=\"_blank\">ECONtribute and C-SEB Seminar<\/a><\/td>\r\n<\/tr>\r\n\r\n<tr>\r\n<td class=\"date\">13.04.2021<\/td>\r\n<td><a href=\"https:\/\/sites.google.com\/stanford.edu\/adthakur\" rel=\"noopener\" target=\"_blank\">Ashutosh Thakur (University of Cologne)<\/a>\r\n<br \/><a href=\"http:\/\/c-seb.de\/wp-content\/uploads\/2021\/04\/Thakur_Paper_InstitutionalStability_Apr2021.pdf\" rel=\"noopener\" target=\"_blank\">&#8220;Combining social choice and matching theory to study institutional stability&#8221;<\/a><\/td>\r\n<td class=\"date\">14.04.2021<\/td>\r\n<td><a href=\"https:\/\/www.columbia.edu\/~wk2110\/\" rel=\"noopener\" target=\"_blank\">Wojciech Kopczuk (Columbia University)<\/a>\r\n<br \/>&#8220;Accounting for Business Income in Measuring Top Income Shares: Integrated Accrual Approach Using Individual and Firm Data From Norway&#8221;\r\n<br \/><i>This seminar takes place at 4 pm CET.<\/i><\/td>\r\n<\/tr>\r\n\r\n<tr>\r\n<td class=\"date\">20.04.202<\/td>\r\n<td>Anna Bindler (University of Cologne)\r\n<br \/>&#8220;Discontinuities in the Age-Victimization Profile and the Determinants of Victimization&#8221;<\/td>\r\n<td class=\"date\">21.04.2021<\/td>\r\n<td><a href=\"https:\/\/sociology.fas.harvard.edu\/people\/joscha-legewie\" rel=\"noopener\" target=\"_blank\">Joscha Legewie (Harvard University)<\/a>\r\n<br \/>&#8220;The Enduring Impact of NYC&#8217;s Stop, Question &amp; Frisk Program. Lessons From &#8220;Big Data&#8221;&#8221;\r\n<br \/><i>This seminar takes place at 4 pm CET.<\/i><\/td>\r\n<\/tr>\r\n\r\n<tr>\r\n<td class=\"date\">27.04.2021<\/td>\r\n<td>&nbsp;<\/td>\r\n<td class=\"date\">28.04.2021<\/td>\r\n<td><a href=\"http:\/\/www.tomwilkening.com\/\" rel=\"noopener\" target=\"_blank\">Tom Wilkening (University of Melbourne)<\/a>\r\n<br \/>&#8220;Getting Dynamic Implementation to Work&#8221;<\/td>\r\n<\/tr>\r\n\r\n<tr>\r\n<td class=\"date\">04.05.2021<\/td>\r\n<td>&nbsp;<\/td>\r\n<td class=\"date\">05.05.2021<\/td>\r\n<td><a href=\"http:\/\/www.trfetzer.com\/\" rel=\"noopener\" target=\"_blank\">Thiemo Fetzer (University of Warwick)<\/a>\r\n<br \/>&#8220;How Big is the Media Multiplier? Evidence From Dyadic News Data&#8221;<\/td>\r\n<\/tr>\r\n\r\n<tr>\r\n<td class=\"date\">11.05.2021<\/td>\r\n<td>&nbsp;<\/td>\r\n<td class=\"date\">12.05.2021<\/td>\r\n<td><a href=\"https:\/\/sites.google.com\/site\/decrgmayaeden\/home\" rel=\"noopener\" target=\"_blank\">Maya Eden (Brandeis University)<\/a>\r\n<br \/>&#8220;Price-Independent Anonymity Implies the Social Ranking of Income Distributions&#8221;\r\n<br \/><i>This seminar takes place at 4 pm CET.<\/i><\/td>\r\n<\/tr>\r\n\r\n<tr>\r\n<td class=\"date\">18.05.2021<\/td>\r\n<td>&nbsp;<\/td>\r\n<td class=\"date\">19.05.2021<\/td>\r\n<td>Arun Advani (University of Warwick)\r\n<br \/>&#8220;Race-Related Research in Economics and Other Social sciences&#8221;<\/td>\r\n<\/tr>\r\n\r\n<tr>\r\n<td class=\"date\">01.06.2021<\/td>\r\n<td>Julian Teichgr\u00e4ber (UZH University of Zurich)\r\n<br \/>&#8220;Inequality in Models With a Competition for Market Shares&#8221;<\/td>\r\n<td class=\"date\">02.06.2021<\/td>\r\n<td><a href=\"https:\/\/scholar.princeton.edu\/kuziemko\/home\" target=\"_blank\" rel=\"noopener\">Ilyana Kuziemko (Princeton University)<\/a>\r\n<br \/>&#8220;Mobility for All: Representative Intergenerational Mobility Estimates Over the 20th Century&#8221;<br \/>\r\n<br \/><i>This seminar takes place at 4 pm CET.<\/i><\/td>\r\n<\/tr>\r\n\r\n<tr>\r\n<td class=\"date\">08.06.2021<\/td>\r\n<td>&nbsp;<\/td>\r\n<td class=\"date\">09.06.2021<\/td>\r\n<td><a href=\"https:\/\/www.jarellanobover.com\/\" rel=\"noopener\" target=\"_blank\">Jaime Arellano-Bover (Yale University)<\/a>\r\n<br \/>&#8220;Differences in On-the-Job Learning Across Firms&#8221;<\/td>\r\n<\/tr>\r\n\r\n<tr>\r\n<td class=\"date\">15.06.2021<\/td>\r\n<td>&nbsp;<\/td>\r\n<td class=\"date\">16.06.2021<\/td>\r\n<td><a href=\"https:\/\/sites.google.com\/site\/alinebuetikofer\/home\" rel=\"noopener\" target=\"_blank\">Aline B\u00fctikofer (Norwegian School of Economics (NHH))<\/a>\r\n<br \/>&#8220;Building Bridges and Widening Gaps&#8221;<\/td>\r\n<\/tr>\r\n\r\n<tr>\r\n<td class=\"date\">22.06.2021<\/td>\r\n<td>&nbsp;<\/td>\r\n<td class=\"date\">23.06.2021<\/td>\r\n<td><a href=\"https:\/\/www.lse.ac.uk\/management\/people\/academic-staff\/cthomas\" rel=\"noopener\" target=\"_blank\">Catherine Thomas (London School of Economicsand Political Science (LSE))<\/a>\r\n<br \/>&#8220;Who Benefits From Online Gig Economy Platforms?&#8221;<\/td>\r\n<\/tr>\r\n\r\n<tr>\r\n<td class=\"date\">29.06.2021<\/td>\r\n<td>Johannes Wohlfart (University of Copenhagen)\r\n<br \/>&#8220;Beliefs About the Stock Market and Investment Choices: Evidence From a Field Experiment&#8221;<\/td>\r\n<td class=\"date\">30.06.2021<\/td>\r\n<td><a href=\"https:\/\/sites.google.com\/view\/paolo-pinotti\/home\" rel=\"noopener\" target=\"_blank\">Paolo Pinotti (Bocconi University)<\/a>\r\n<br \/>&#8220;Public Subsidies, Political Discretion, and Policy Effectiveness&#8221;<\/td>\r\n<\/tr>\r\n\r\n<tr>\r\n<td class=\"date\">06.07.2021<\/td>\r\n<td>Yiqiu Chen (University of Cologne)\r\n<br \/>&#8220;Optimal Sequential Implementation&#8221;<\/td>\r\n<td class=\"date\">07.07.2021<\/td>\r\n<td><a href=\"https:\/\/soccco.uni-koeln.de\/lammers-group-team\/joris-lammers\" rel=\"noopener\" target=\"_blank\">Joris Lammers (University of Cologne)<\/a>\r\n<br \/>&#8220;Misjudgments of Nonlinear Past and Future Growth for Perceptions of Climate Change and the COVID-19 Pandemic \u2014 Their Consequences and the Benefits of their Correction&#8221;<\/td>\r\n<\/tr>\r\n\r\n<tr>\r\n<td class=\"date\">13.07.2021<\/td>\r\n<td>&nbsp;<\/td>\r\n<td class=\"date\">14.07.2021<\/td>\r\n<td><a href=\"https:\/\/abiadams.com\/\" rel=\"noopener\" target=\"_blank\">Abi Adams-Prassl (University of Oxford)<\/a>\r\n<br \/>&#8220;The Gender Wage Gap in an Online Labour Market: The Cost of Interruptions&#8221;<\/td>\r\n<\/tr>\r\n\r\n<tr>\r\n<td class=\"date\">20.07.2021<\/td>\r\n<td>Markus M\u00f6ller (University of Cologne)\r\n<br \/>&#8220;Regret-Free Truthtelling in School Choice With Consent&#8221;<\/td>\r\n<td class=\"date\">21.07.2021<\/td>\r\n<td>&nbsp;<\/td>\r\n<\/tr>\r\n\r\n<\/tbody>\r\n<\/table>\r\n<\/div><\/div>\r\n\r\n\r\n<!-- WINTERSEMESTER 2020\/21 -->\r\n<div class=\"akkordeonitem\"><h4 class=\"h4 akkordeonitem-headline\">Seminar schedule for WS 2020\/21<\/h4><div class=\"akkordeonitem-content\">\r\n\r\n<table><colgroup> <col style=\"width: 10%;\" \/> <col style=\"width: 40%;\" \/> <col style=\"width: 10%;\" \/> <col style=\"width: 40%;\" \/> <\/colgroup>\r\n<tbody>\r\n\r\n<tr style=\"font-style: italic;\">\r\n<td><\/td>\r\n<td>Organisation: C-SEB \/\/ <a href=\"m&#97;&#105;&#108;&#x74;&#x6f;&#x3a;c-&#115;&#101;&#x62;&#x2d;&#x73;&#x65;mi&#110;&#97;&#x72;&#x73;&#x40;&#x75;n&#105;&#45;&#107;&#x6f;&#x65;&#x6c;n&#46;&#100;&#101;\">&#x63;&#x2d;&#115;e&#x62;&#x2d;&#115;em&#x69;&#x6e;&#97;r&#x73;&#x40;&#117;&#110;i&#x2d;&#x6b;&#111;e&#x6c;&#x6e;&#46;&#100;e<\/a>\r\n<br \/>Online via Zoom<\/td>\r\n<td><\/td>\r\n<td>Organisation: <a href=\"https:\/\/econtribute.de\/research-seminars\/\" target=\"_blank\" rel=\"noopener\">ECONtribute<\/a> \/\/ <a href=\"&#109;&#x61;&#105;&#x6c;&#116;&#x6f;&#58;&#x62;i&#x6e;d&#x6c;e&#x72;&#64;&#119;&#x69;&#115;&#x6f;&#46;&#x75;&#110;&#x69;&#45;&#x6b;o&#x65;l&#x6e;&#46;&#x64;e\">Prof. Dr. Anna Bindler<\/a>\r\n<br \/>Online via Zoom<\/td>\r\n<\/tr>\r\n\r\n<tr style=\"font-weight: bold; color: #fff; background-color: #33475b;\">\r\n<td class=\"date\">Tuesday<\/td>\r\n<td>12:00 &#8211; 13:00<br \/>\r\nECONtribute and C-SEB Design &amp; Behavior Seminar<\/td>\r\n<td class=\"date\">Wednesday<\/td>\r\n<td>12:00 &#8211; 13:00<br \/>\r\n<a href=\"https:\/\/econtribute.de\/research-seminars\/\" rel=\"noopener\" target=\"_blank\">ECONtribute and C-SEB Seminar<\/a><\/td>\r\n<\/tr>\r\n\r\n<tr>\r\n<td class=\"date\">03.11.2020<\/td>\r\n<td>Max R.P. Grossmann (University of Cologne)\r\n<br \/>&#8220;z-Tree Unleashed: A Novel Client-Integrating Architecture for Conducting z-Tree Experiments over the Internet&#8221;\r\n<br \/><i>If you are interested in the presentation slides, please email <a href=\"m&#97;&#105;&#x6c;&#x74;&#x6f;:c&#45;&#115;&#x65;&#x62;&#x2d;s&#101;&#109;&#105;&#x6e;&#x61;&#x72;s&#64;&#117;&#x6e;&#x69;&#x2d;ko&#101;&#108;&#x6e;&#x2e;&#x64;e\" target=\"_blank\" rel=\"noopener\">Max Grossmann<\/a>.<\/i><\/td>\r\n<td class=\"date\">04.11.2020<\/td>\r\n<td><a href=\"https:\/\/www.coll.mpg.de\/162684\/dr-lukas-kiessling\" rel=\"noopener\" target=\"_blank\">Lukas Kiessling (Max Planck Institute Bonn)<\/a>\r\n<br \/>&#8220;Parental Paternalism&#8221;<\/td>\r\n<\/tr>\r\n\r\n<tr>\r\n<td class=\"date\">10.11.2020<\/td>\r\n<td><a href=\"https:\/\/codebe.uni-koeln.de\/en\/team\/jprof-dr-goenuel-dogan\" rel=\"noopener\" target=\"_blank\">G\u00f6n\u00fcl Do\u011fan (University of Cologne)<\/a>\r\n<br \/>&#8220;Pyramid Schemes&#8221;<\/td>\r\n<td class=\"date\">11.11.2020<\/td>\r\n<td><a href=\"https:\/\/sites.google.com\/view\/ingoeisphording\/about-me\" rel=\"noopener\" target=\"_blank\">Ingo Isphording (IZA Institute of Labor Economics)<\/a>\r\n<br \/>&#8220;The Value of a Peer&#8221;<\/td>\r\n<\/tr>\r\n\r\n<tr>\r\n<td class=\"date\">17.11.2020<\/td>\r\n<td><a href=\"https:\/\/scm.uni-koeln.de\/en\/senior-faculty\/jun-prof-dr-yingshuai-zhao\" rel=\"noopener\" target=\"_blank\">Yingshuai Zhao (University of Cologne)<\/a>\r\n<br \/>&#8220;The Value of Response Time Information in Supply Chain Bargaining&#8221;<\/td>\r\n<td class=\"date\">18.11.2020<\/td>\r\n<td><a href=\"https:\/\/pages.nes.ru\/okuzmina\/\" rel=\"noopener\" target=\"_blank\">Olga Kuzmina (New Economic School Moscow)<\/a>\r\n<br \/>&#8220;Gender Diversity and Firm Performance: Evidence from Quota-Implied Discontinuities&#8221;<\/td>\r\n<\/tr>\r\n\r\n<tr>\r\n<td class=\"date\">24.11.2020<\/td>\r\n<td><a href=\"https:\/\/codebe.uni-koeln.de\/en\/team\/maivand-sarin\" rel=\"noopener\" target=\"_blank\">Maivand Sarin (University of Cologne)<\/a>\r\n<br \/>&#8220;In Your Name! The Effect of Intermediaries on Discrimination&#8221;<\/td>\r\n<td class=\"date\">25.11.2020<\/td>\r\n<td>Albrecht Ritschl (London School of Economics)\r\n<br \/>&#8220;Hitler&#8217;s Mefo Bills, 1933-1939 \u2013 A Case for MMT?&#8221;<\/td>\r\n<\/tr>\r\n\r\n<tr>\r\n<td class=\"date\">01.12.2020<\/td>\r\n<td>Lukas Reinhardt (University of Cologne)\r\n<br \/>&#8220;Loss of Control and Choice Restriction&#8221;<\/td>\r\n<td class=\"date\">02.12.2020<\/td>\r\n<td><a href=\"https:\/\/www.socsci.uci.edu\/~harding1\/\" rel=\"noopener\" target=\"_blank\">Matthew Harding (University of California-Irvine)<\/a>\r\n<br \/>&#8220;Managers vs Algorithms: Can Algorithms Replicate Human Intuition?&#8221;\r\n<br \/><i>This seminar takes place at 4 pm CET.<\/i><\/td>\r\n<\/tr>\r\n\r\n<tr>\r\n<td class=\"date\">08.12.2020<\/td>\r\n<td><a href=\"https:\/\/www.sophoscape.de\/html\/index.html\" rel=\"noopener\" target=\"_blank\">Johannes Reich (SAP)<\/a>\r\n<br \/>&#8220;Money as a Social Coordination Mechanism to Fairly Express our Free Material Preferences&#8221;<\/td>\r\n<td class=\"date\">09.12.2020<\/td>\r\n<td><a href=\"https:\/\/scholar.google.de\/citations?user=cYkqkkMAAAAJ&#038;hl=de\" rel=\"noopener\" target=\"_blank\">Andreas Irmen (University of Luxembourg)<\/a>\r\n<br \/>&#8220;Automation, Growth, and Factor Shares in the Era of Population Aging&#8221;<\/td>\r\n<\/tr>\r\n\r\n<tr>\r\n<td class=\"date\">15.12.2020<\/td>\r\n<td>Marvin Deversi (University of Cologne)\r\n<br \/>&#8220;Cooperation in a Company: A Large-Scale Experiment&#8221;<\/td>\r\n<td class=\"date\">16.12.2020<\/td>\r\n<td><a href=\"https:\/\/sites.google.com\/site\/giovannimastrobuoni\/\" rel=\"noopener\" target=\"_blank\">Giovanni Mastrobuoni (Collegio Carlo Alberto and University of Turin)<\/a>\r\n<br \/>&#8220;Migrants at Sea: Unintended Consequences of Search and Rescue Operations&#8221;<\/td>\r\n<\/tr>\r\n\r\n<tr>\r\n<td class=\"date\">12.01.2021<\/td>\r\n<td>Marius Vogel (University of Cologne)\r\n<br \/>&#8220;Fair Compensations for Heterogeneous Labor Inputs&#8221;<\/td>\r\n<td class=\"date\">13.01.2021<\/td>\r\n<td><a href=\"https:\/\/www.wzb.eu\/en\/persons\/dorothea-kubler\" rel=\"noopener\" target=\"_blank\">Dorothea K\u00fcbler (WZB and Technical University of Berlin)<\/a>\r\n<br \/>&#8220;How to Avoid Black Markets for Appointments with Online Booking Systems&#8221;<\/td>\r\n<\/tr>\r\n\r\n<tr>\r\n<td class=\"date\">19.01.2021<\/td>\r\n<td>Maoliang Ye (Southern University of Science and Technology)\r\n<br \/>&#8220;Building Cooperation Through Gradualism in Finitely Repeated Investment Games&#8221;<\/td>\r\n<td class=\"date\">20.01.2021<\/td>\r\n<td><a href=\"https:\/\/www.marsilius-kolleg.uni-heidelberg.de\/fellows\/gathmann.html\" rel=\"noopener\" target=\"_blank\">Christina Gathmann (Heidelberg University)<\/a>\r\n<br \/>&#8220;College Openings and Local Economic Development&#8221;<\/td>\r\n<\/tr>\r\n\r\n<tr>\r\n<td class=\"date\">26.01.2021<\/td>\r\n<td>Max R.P. Grossmann (University of Cologne)\r\n<br \/>&#8220;AnonPay: Enhancing Participant Privacy in Online Experiments&#8221;\r\n<br \/><i>If you are interested in the presentation slides and further information, please visit <a href=\"https:\/\/gitlab.com\/cler1\/AnonPay\" target=\"_blank\" rel=\"noopener\">this website<\/a>.<\/i><\/td>\r\n<td class=\"date\">27.01.2021<\/td>\r\n<td><a href=\"https:\/\/sites.google.com\/site\/cbinzel\" rel=\"noopener\" target=\"_blank\">Christine Binzel (University of Erlangen\u2013Nuremberg)<\/a>\r\n<br \/>&#8220;Vernacularization and Linguistic Democratization&#8221;<\/td>\r\n<\/tr>\r\n\r\n<tr>\r\n<td class=\"date\">02.02.2021<\/td>\r\n<td><a href=\"https:\/\/www.wzb.eu\/de\/personen\/robert-stueber\" rel=\"noopener\" target=\"_blank\">Robert St\u00fcber (WZB Berlin)<\/a>\r\n<br \/>&#8220;Why High Incentives Cause Repugnance&#8221;<\/td>\r\n<td class=\"date\">03.02.2021<\/td>\r\n<td><a href=\"https:\/\/www.wiwi.hu-berlin.de\/en\/Professorships\/vwl\/microeconomics\/people\/gweizsaecker\" rel=\"noopener\" target=\"_blank\">Georg Weizs\u00e4cker (Humboldt University of Berlin)<\/a>\r\n<br \/>&#8220;Biased Wage Expectations and Female Labor Supply&#8221;\r\n<br \/><i>This seminar takes place at 4 pm CET.<\/i><\/td>\r\n<\/tr>\r\n\r\n<tr>\r\n<td class=\"date\">09.02.2021<\/td>\r\n<td>&nbsp;<\/td>\r\n<td class=\"date\">10.02.2021<\/td>\r\n<td><a href=\"https:\/\/sites.google.com\/site\/ricknejohanna\/\" rel=\"noopener\" target=\"_blank\">Johanna Rickne (Stockholm University (SOFI) and Nottingham University)<\/a>\r\n<br \/>&#8220;Sexual Harassment and Gender Inequality in the Labor Market&#8221;<\/td>\r\n<\/tr>\r\n\r\n<tr>\r\n<td class=\"date\">16.03.2021<\/td>\r\n<td>&nbsp;<\/td>\r\n<td class=\"date\">17.03.2021<\/td>\r\n<td><a href=\"https:\/\/sites.google.com\/site\/stefaniaalbanesi\/home\" rel=\"noopener\" target=\"_blank\">Stefania Albanesi (University of Pittsburgh)<\/a>\r\n<br \/>&#8220;Predicting Consumer Default&#8221;\r\n<br \/><i>This seminar takes place at 4 pm CET.<\/i><\/td>\r\n<\/tr>\r\n\r\n<\/tbody>\r\n<\/table>\r\n<\/div><\/div>\r\n\r\n<!-- SOMMERSEMESTER 2020 -->\r\n<div class=\"akkordeonitem\"><h4 class=\"h4 akkordeonitem-headline\">Seminar schedule for SS 2020<\/h4><div class=\"akkordeonitem-content\">\r\n\r\n<p><i>Due to the restrictions imposed by the COVID-19 pandemic, C-SEB did not organize on-site seminars in the summer semester 2020. The <b><a href=\"https:\/\/econtribute.de\/research-seminars\/\" rel=\"noopener\" target=\"_blank\">ECONtribute and C-SEB Seminar<\/a><\/b>, originally scheduled for Wednesday, was cancelled for the summer semester.<\/i><\/p>\r\n\r\n<table><colgroup> <col style=\"width: 10%;\" \/> <col style=\"width: 40%;\" \/> <col style=\"width: 10%;\" \/> <col style=\"width: 40%;\" \/> <\/colgroup>\r\n<tbody>\r\n\r\n<tr style=\"font-style: italic;\">\r\n<td><\/td>\r\n<td>Organisation: C-SEB \/\/ <a href=\"ma&#105;&#108;&#116;&#111;&#x3a;&#x63;&#x2d;&#x73;&#x65;b-&#115;&#101;&#109;&#105;&#x6e;&#x61;&#x72;&#x73;&#x40;un&#105;&#45;&#107;&#111;&#x65;&#x6c;&#x6e;&#x2e;&#x64;e\">c&#45;&#115;&#x65;&#x62;-&#115;&#101;&#x6d;&#x69;&#x6e;a&#114;&#115;&#x40;&#x75;ni&#45;&#x6b;&#x6f;&#x65;l&#110;&#46;&#x64;&#x65;<\/a>\r\n<br \/>Online via Zoom<\/td>\r\n<td><\/td>\r\n<td>Organisation: <a href=\"https:\/\/econtribute.de\/research-seminars\/\" target=\"_blank\" rel=\"noopener\">ECONtribute<\/a> \/\/ <a href=\"&#x6d;&#x61;&#x69;&#x6c;&#116;&#111;&#58;&#98;ind&#x6c;&#x65;&#x72;&#x40;&#x77;&#105;&#115;&#111;&#46;un&#x69;&#x2d;&#x6b;&#x6f;&#x65;&#108;&#110;&#46;de\">Prof. Dr. Anna Bindler<\/a>\r\n<br \/>Cancelled<\/td>\r\n<\/tr>\r\n\r\n<tr style=\"font-weight: bold; color: #fff; background-color: #33475b;\">\r\n<td class=\"date\">Tuesday<\/td>\r\n<td>12:00 &#8211; 13:00<br \/>\r\nECONtribute and C-SEB Design &amp; Behavior Seminar<\/td>\r\n<td class=\"date\"><\/td>\r\n<td><\/td>\r\n<\/tr>\r\n\r\n<tr>\r\n<td class=\"date\">19.05.2020<\/td>\r\n<td><a href=\"https:\/\/www.pwl.uni-koeln.de\/en\/team\/doctoral-students\/jakob-alfitian\/\" rel=\"noopener\" target=\"_blank\">Jakob Alfitian (University of Cologne)<\/a>\r\n<br \/>&#8220;The Hidden Costs of Dismissals: Empirical Evidence on the Effect of Termination Notices on Employee Attendance&#8221;<\/td>\r\n<td class=\"date\"><\/td>\r\n<td><\/td>\r\n<\/tr>\r\n\r\n<\/tbody>\r\n<\/table>\r\n<\/div><\/div>\r\n\r\n\r\n<!-- WINTERSEMESTER 2019\/20 -->\r\n<div class=\"akkordeonitem\"><h4 class=\"h4 akkordeonitem-headline\">Seminar schedule for WS 2019\/20<\/h4><div class=\"akkordeonitem-content\">\r\n\r\n<table><colgroup> <col style=\"width: 10%;\" \/> <col style=\"width: 40%;\" \/> <col style=\"width: 10%;\" \/> <col style=\"width: 40%;\" \/> <\/colgroup>\r\n<tbody>\r\n\r\n<tr style=\"font-weight: bold; color: #fff; background-color: #33475b;\">\r\n<td class=\"date\">Tuesday<\/td>\r\n<td>12:00 &#8211; 13:00<br \/>\r\nSeminar in Applied Microeconomics<\/td>\r\n<td class=\"date\">Tuesday<\/td>\r\n<td>13:30 &#8211; 14:45<br \/>\r\n<a href=\"https:\/\/econtribute.de\/research-seminars\/\" rel=\"noopener\" target=\"_blank\">ECONtribute and C-SEB Seminar<\/a><\/td>\r\n<\/tr>\r\n\r\n<tr>\r\n<td class=\"date\">08.10.2019<\/td>\r\n<td>Sebastian Mertesacker (University of Cologne)\r\n<br \/>&#8220;Incorporating Engineering Fuel Requierements into Econometric Analyses of Households&#8217; Fuel Demands&#8221;<\/td>\r\n<td class=\"date\">08.10.2019<\/td>\r\n<td>Brice Corgnet (Emlyon Business School)\r\n<br \/>&#8220;Working Too Much for Too Little: Stochastic Rewards Cause Work Addiction&#8221;<\/td>\r\n<\/tr>\r\n\r\n<tr>\r\n<td class=\"date\">15.10.2019<\/td>\r\n<td>Konrad Burchardi (Stockholm University)\r\n<br \/>&#8220;Credit Constraints and Capital Allocation: Theory and Evidence from Uganda Agriculture&#8221;<\/td>\r\n<td class=\"date\">15.10.2019<\/td>\r\n<td>Philipp Eisenhauer (University of Bonn)\r\n<br \/>&#8220;The Option Value of Human Capital Investment&#8221;<\/td>\r\n<\/tr>\r\n\r\n<tr>\r\n<td class=\"date\">29.10.2019<\/td>\r\n<td>Felix K\u00f6lle (University of Cologne)\r\n<br \/>&#8220;Governance and Group Conflict&#8221;<\/td>\r\n<td class=\"date\">29.10.2019<\/td>\r\n<td>Daphn\u00e9 Skandalis (Federal Reserve Bank of New York)\r\n<br \/>&#8220;Unemployment Insurance and Job Search&#8221;<\/td>\r\n<\/tr>\r\n\r\n<tr>\r\n<td class=\"date\">05.11.2019<\/td>\r\n<td>Oliver G\u00fcrtler (University of Cologne)\r\n<br \/>&#8220;A New Framework for Studying Contests with an Application to Diversity in Organizations&#8221;<\/td>\r\n<td class=\"date\">05.11.2019<\/td>\r\n<td>Lorenz G\u00f6tte (University of Bonn)\r\n<br \/>&#8220;The Habit-Forming Effects of Feedback: Evidence from a Large-Scale Field Experiment&#8221;<\/td>\r\n<\/tr>\r\n\r\n<tr>\r\n<td class=\"date\">12.11.2019<\/td>\r\n<td>Felix Chopra (University of Bonn)\r\n<br \/>&#8220;Do People Value More Informative News?&#8221;<\/td>\r\n<td class=\"date\">12.11.2019<\/td>\r\n<td>Ingvild Almas (Stockholm University)\r\n<br \/>&#8220;Fairness Across the World: Preferences and Beliefs&#8221;<\/td>\r\n<\/tr>\r\n\r\n<tr>\r\n<td class=\"date\">19.11.2019<\/td>\r\n<td>Helena Fornwagner (University of Innsbruck)\r\n<br \/>&#8220;Saving the Planet, One Tree at a Time&#8221;\r\n<br \/><i>In cooperation with the Cluster of Excellence ECONtribute<\/i><\/td>\r\n<td class=\"date\">19.11.2019<\/td>\r\n<td>Sule Alan (European University Institute)\r\n<br \/>&#8220;Mitigating the Social Exclusion of Refugee Children: An Intervention on Perspective Taking&#8221;<\/td>\r\n<\/tr>\r\n\r\n<tr>\r\n<td class=\"date\">26.11.2019<\/td>\r\n<td>Lena Detlefsen (Kiel Institute for the World Economy)\r\n<br \/>&#8220;Redistribution in Ethnically Diverse Germany&#8221;<\/td>\r\n<td class=\"date\">26.11.2019<\/td>\r\n<td>Andreas Grunewald (Goethe University Frankfurt)\r\n<br \/>&#8220;Auto Dealer Loan Intermediation: Consumer Behavior and Competitive Effects&#8221;<\/td>\r\n<\/tr>\r\n\r\n<tr>\r\n<td class=\"date\">03.12.2019<\/td>\r\n<td>Mareike Peters-Olbrich (University of Cologne)\r\n<br \/>&#8220;The Effect of Enforcement on Auditor Conservatism&#8221;<\/td>\r\n<td class=\"date\">03.12.2019<\/td>\r\n<td>Christine Laudenbach (Goethe University Frankfurt)\r\n<br \/>&#8220;Personal Communication in a Digital World \u2013 Evidence from Loan Repayments&#8221;<\/td>\r\n<\/tr>\r\n\r\n<tr>\r\n<td class=\"date\">10.12.2019<\/td>\r\n<td>Razi Farukh (University of Cologne)\r\n<br \/>&#8220;Inefficiency and Regulation in Credence Goods Markets with Altruistic Experts&#8221;<\/td>\r\n<td class=\"date\">10.12.2019<\/td>\r\n<td>Michael Zierhut (HU Berlin)\r\n<br \/>&#8220;Dynamic Inconsistency and Inefficiency of Equilibrium under Knightian Uncertainty&#8221;<\/td>\r\n<\/tr>\r\n\r\n<tr>\r\n<td class=\"date\">17.12.2019<\/td>\r\n<td>Michel Serafinelli (University of Essex)\r\n<br \/>&#8220;Foreign Direct Investment and Knowledge Diffusion in Poor Locations&#8221;\r\n<br \/><i>In cooperation with the Cluster of Excellence ECONtribute<\/i><\/td>\r\n<td class=\"date\">17.12.2019<\/td>\r\n<td>Thomas Crossley (European University Institute)\r\n<br \/>&#8220;House Price Shocks and Borrowing to Invest&#8221;<\/td>\r\n<\/tr>\r\n\r\n<tr>\r\n<td class=\"date\">07.01.2020<\/td>\r\n<td>&nbsp;<\/td>\r\n<td class=\"date\">07.01.2020<\/td>\r\n<td>Anna Gumpert (LMU Munich)\r\n<br \/>&#8220;Firm Organization with Multiple Establishments&#8221;<\/td>\r\n<\/tr>\r\n\r\n<tr>\r\n<td class=\"date\">14.01.2020<\/td>\r\n<td>Marius Gramb (University of Cologne)\r\n<br \/>&#8220;Anonymous or Personal: A Simple Model of Repeated Personalized Advice&#8221;<\/td>\r\n<td class=\"date\">14.01.2020<\/td>\r\n<td>Claudia Steinwender (MIT Sloan School of Management)\r\n<br \/>&#8220;All Aboard: The Aggregate Effects of Port Development&#8221;<\/td>\r\n<\/tr>\r\n\r\n<tr>\r\n<td class=\"date\">21.01.2020<\/td>\r\n<td>Felix Holzmeister (University of Innsbruck)\r\n<br \/>&#8220;Delegated Decision-Making in Finance&#8221;<\/td>\r\n<td class=\"date\">21.01.2020<\/td>\r\n<td>Daniel Metzger (Rotterdam School of Management)\r\n<br \/>&#8220;The Impact of Financial Education of Managers on Medium and Large Enterprises \u2013 A Randomized Controlled Trial in Mozambique&#8221;<\/td>\r\n<\/tr>\r\n\r\n<tr>\r\n<td class=\"date\">28.01.2020<\/td>\r\n<td>Matthias Rodemeier (University of M\u00fcnster)\r\n<br \/>&#8220;The Welfare Effects of Persuasion and Taxation \u2013 Theory and Evidence from the Field&#8221;<\/td>\r\n<td class=\"date\">28.01.2020<\/td>\r\n<td>Cristina Belles-Obrero (University of Mannheim)\r\n<br \/>&#8220;Who Benefits from General Knowledge?&#8221;<\/td>\r\n<\/tr>\r\n\r\n<\/tbody>\r\n<\/table>\r\n<\/div><\/div>\r\n\r\n\r\n<!-- SOMMERSEMESTER 2019 -->\r\n<div class=\"akkordeonitem\"><h4 class=\"h4 akkordeonitem-headline\">Seminar schedule for SS 2019<\/h4><div class=\"akkordeonitem-content\">\r\n\r\n<table><colgroup> <col style=\"width: 10%;\" \/> <col style=\"width: 40%;\" \/> <col style=\"width: 10%;\" \/> <col style=\"width: 40%;\" \/> <\/colgroup>\r\n<tbody>\r\n\r\n<tr style=\"font-weight: bold; color: #fff; background-color: #33475b;\">\r\n<td class=\"date\">Tuesday<\/td>\r\n<td>12:00 &#8211; 13:00<br \/>\r\nSeminar in Applied Microeconomics<\/td>\r\n<td class=\"date\">Tuesday<\/td>\r\n<td>13:30 &#8211; 14:45<br \/>\r\nC-SEB Research Seminar<\/td>\r\n<\/tr>\r\n\r\n<tr>\r\n<td class=\"date\">02.04.2019<\/td>\r\n<td>Frederik Schwerter (University of Cologne)\r\n<br \/>&#8220;Memory and Representativeness&#8221;<\/td>\r\n<td class=\"date\">02.04.2019<\/td>\r\n<td>Helena Fornwagner (University of Innsbruck)\r\n<br \/>&#8220;Credence Goods Markets&#8221;<\/td>\r\n<\/tr>\r\n\r\n<tr>\r\n<td class=\"date\">09.04.2019<\/td>\r\n<td>Christoph Wigger (University of Cologne)\r\n<br \/>&#8220;Spillover Effects of High-Skilled Immigration on Native Innovation&#8221;<\/td>\r\n<td class=\"date\">09.04.2019<\/td>\r\n<td>Michael Kirchler (University Innsbruck)\r\n<br \/>&#8220;Cognitive Skills and Economic Preferences in the Fund Industry&#8221;<\/td>\r\n<\/tr>\r\n\r\n<tr>\r\n<td class=\"date\">11.04.2019<\/td>\r\n<td><i>Special date, 13:00-14:00 Uhr:<\/i>\r\n<br \/> Johann Graf Lambsdorff (University of Passau)\r\n<br \/>&#8220;Money Illusion&#8221;<\/td>\r\n<td class=\"date\">11.04.2019<\/td>\r\n<td>&nbsp;<\/td>\r\n<\/tr>\r\n\r\n<tr>\r\n<td class=\"date\">16.04.2019<\/td>\r\n<td>Maria Cotofan (Erasmus School of Economics Rotterdam)\r\n<br \/>&#8220;Repeated Praise: Evidence from a Field Experiment&#8221;<\/td>\r\n<td class=\"date\">16.04.2019<\/td>\r\n<td>Sarah Auster (Universita&#8217; Bocconi)\r\n<br \/>&#8220;Robust Bidding and Revenue in Descending Price Auctions&#8221;<\/td>\r\n<\/tr>\r\n\r\n<tr>\r\n<td class=\"date\">18.04.2019<\/td>\r\n<td><i>Special date, 13:00-14:00 Uhr:<\/i>\r\n<br \/>Nils K\u00f6bis (University of Amsterdam)\r\n<br \/>&#8220;Psychology of Corruption&#8221;<\/td>\r\n<td class=\"date\">18.04.2019<\/td>\r\n<td>&nbsp;<\/td>\r\n<\/tr>\r\n\r\n<tr>\r\n<td class=\"date\">23.04.2019<\/td>\r\n<td>&nbsp;<\/td>\r\n<td class=\"date\">23.04.2019<\/td>\r\n<td>Simeon Schudy (LMU Munich)\r\n<br \/>&#8220;Campaign Promises with (Un)Observable Policy Actions&#8221;<\/td>\r\n<\/tr>\r\n\r\n<tr>\r\n<td class=\"date\">30.04.2019<\/td>\r\n<td>Milena Djourelova (University Pompeu Fabra)\r\n<br \/>&#8220;Media, Immigration and the Power of Words&#8221;<\/td>\r\n<td class=\"date\">30.04.2019<\/td>\r\n<td>Jesper R\u00fcdiger (University of Madrid)\r\n<br \/>&#8220;Who Acquires Information in Dealer Markets?&#8221;<\/td>\r\n<\/tr>\r\n\r\n<tr>\r\n<td class=\"date\">07.05.2019<\/td>\r\n<td>Lea Heursen (Humboldt University Berlin)\r\n<br \/>&#8220;Are Women Less Effective Leaders Than Men? Evidence from Experiments Using Coordination Games&#8221;<\/td>\r\n<td class=\"date\">07.05.2019<\/td>\r\n<td>Frank Moers (Maastricht University)\r\n<br \/>&#8220;Promotions as Implicit Incentives for the Acquisition of Task-Specific Human Capital&#8221;<\/td>\r\n<\/tr>\r\n\r\n<tr>\r\n<td class=\"date\">14.05.2019<\/td>\r\n<td>Andras Molnar (Carnegie Mellon University)\r\n<br \/>&#8220;The Demand for, and Avoidance of, Information&#8221;<\/td>\r\n<td class=\"date\">14.05.2019<\/td>\r\n<td>Stefan Trautmann (Heidelberg University)\r\n<br \/>&#8220;Implementing (Un)Fair Procedures? Favoritism and Process Fairness When Inequality Is Inevitable&#8221;<\/td>\r\n<\/tr>\r\n\r\n<tr>\r\n<td class=\"date\">21.05.2019<\/td>\r\n<td>&nbsp;<\/td>\r\n<td class=\"date\">21.05.2019<\/td>\r\n<td>Sven Seuken (University of Zurich)\r\n<br \/>&#8220;Machine Learning-powered Iterative Combinatorial Auctions&#8221;<\/td>\r\n<\/tr>\r\n\r\n<tr>\r\n<td class=\"date\">28.05.2019<\/td>\r\n<td>Guido Friebel (Goethe University Frankfurt)\r\n<br \/>&#8220;A Pay Change and its Long-Term Consequences&#8221;\r\n<br \/><i>In cooperation with the Cluster of Excellence ECONtribute<\/i><\/td>\r\n<td class=\"date\">28.05.2019<\/td>\r\n<td>Jeff Ely (Northwestern University)\r\n<br \/>&#8220;Feedback Design in Contests&#8221;<\/td>\r\n<\/tr>\r\n\r\n<tr>\r\n<td class=\"date\">04.06.2019<\/td>\r\n<td>Jan Hausfeld (University of Konstanz)\r\n<br \/>&#8220;Eyes on the Prize: An (Interactive) Eye-Tracking Study of Motives in Economic Interactions&#8221;<\/td>\r\n<td class=\"date\">04.06.2019<\/td>\r\n<td>&nbsp;<\/td>\r\n<\/tr>\r\n\r\n<tr>\r\n<td class=\"date\">18.06.2019<\/td>\r\n<td><i>Special date, HS I (WiSo Building), 10:00-11:30:<\/i>\r\n<br \/>Max H. Bazerman (Harvard Business School)\r\n<br \/>&#8220;Toward Prescriptive Ethics: An Ethical Field with a Focus on Improving Our Ethical Behavior&#8221;<\/td>\r\n<td class=\"date\">18.06.2019<\/td>\r\n<td>&nbsp;<\/td>\r\n<\/tr>\r\n\r\n<tr>\r\n<td class=\"date\">18.06.2019<\/td>\r\n<td>Mats K\u00f6ster (DICE Universit\u00e4t D\u00fcsseldorf)\r\n<br \/>&#8220;It Is All About Skewness: Salience Effects in Risky Choice&#8221;<\/td>\r\n<td class=\"date\">18.06.2019<\/td>\r\n<td>Annie Liang (University of Pennsylvania)\r\n<br \/>&#8220;Dynamically Aggregating Diverse Sources&#8221;<\/td>\r\n<\/tr>\r\n\r\n<tr>\r\n<td class=\"date\">25.06.2019<\/td>\r\n<td>Jan Recker (University of Cologne)\r\n<br \/>&#8220;Process Theorizing with Digital Trace Data: Involving Artifacts, Involving Context&#8221;<\/td>\r\n<td class=\"date\">25.06.2019<\/td>\r\n<td>Florian Zimmermann (University of Bonn)\r\n<br \/>&#8220;Associative Memory and Overreaction in Expectations&#8221;<\/td>\r\n<\/tr>\r\n\r\n<tr>\r\n<td class=\"date\">02.07.2019<\/td>\r\n<td>Jakob Alfitian (University of Cologne)\r\n<br \/>&#8220;Reducing Absenteeism in the Workplace: A Firm Level Field Experiment&#8221;<\/td>\r\n<td class=\"date\">02.07.2019<\/td>\r\n<td>Anja Sch\u00f6ttner (Humboldt University Berlin)\r\n<br \/>&#8220;Non-Competitive Wage-Setting as a Cause of Unfriendly and Inefficient Leadership&#8221;<\/td>\r\n<\/tr>\r\n\r\n<tr>\r\n<td class=\"date\">09.07.2019<\/td>\r\n<td>Loukas Balafoutas (Universit\u00e4t Innsbruck)\r\n<br \/>&#8220;Religious Messages and Economic Behavior in Islam&#8221;<\/td>\r\n<td class=\"date\">09.07.2019<\/td>\r\n<td>Benjamin Friedrich (Northwestern University)\r\n<br \/>&#8220;Adaptation to Shocks and the Role of Capital Structure: Danish Exporters During the Cartoon Crisis&#8221;<\/td>\r\n<\/tr>\r\n\r\n<tr>\r\n<td class=\"date\">03.09.2019<\/td>\r\n<td>&nbsp;<\/td>\r\n<td class=\"date\">03.09.2019<\/td>\r\n<td><i>Special date<\/i>\r\n<br \/>Erik Lindqvist (Stockholm University)\r\n<br \/>&#8220;Long-run Effects of Lottery Wealth on Psychological Well-being&#8221;<\/td>\r\n<\/tr>\r\n\r\n<\/tbody>\r\n<\/table>\r\n\r\n<\/div><\/div>\r\n\r\n<\/div><script type=\"text\/javascript\">\n\t\t\t\t\tvar akkordeons = document.getElementsByClassName('akkordeonitem');\n\n\t\t\t\t\topenAkkordeon = function(obj) {\n\t\t\t\t\t\tjQuery(obj).siblings('.akkordeonitem').removeClass('open');\n\t\t\t\t\t\tjQuery(obj).siblings('.akkordeonitem').children('.akkordeonitem-content').slideUp(200);\n\t\t\t\t\t\tjQuery(obj).toggleClass('open');\n\t\t\t\t\t\tjQuery(obj).children('.akkordeonitem-content').slideToggle(200);\n\t\t\t\t\t}\n\n\t\t\t\t\twindow.onload = function() {\n\t\t\t\t\t\tif (typeof tbopened !== 'undefined') {\n\t\t\t\t\t\t\tfor(var i = 0; i < akkordeons.length; i++) {\n\t\t\t\t\t\t\t\tif (tbopened.indexOf(i) > -1) {\n\t\t\t\t\t\t\t\t\topenAkkordeon(akkordeons.item(i));\n\t\t\t\t\t\t\t\t}\n\t\t\t\t\t\t\t}\n\t\t\t\t\t\t}\n\t\t\t\t\t}\n                 <\/script>\r\n\r\n\n                <\/div>\r\n\n                <\/div>\r\n\n        <\/div>\n    <\/section>","protected":false},"excerpt":{"rendered":"","protected":false},"author":15,"featured_media":0,"parent":0,"menu_order":7,"comment_status":"closed","ping_status":"closed","template":"","meta":{"_acf_changed":false,"footnotes":""},"class_list":["post-15823","page","type-page","status-publish","hentry"],"acf":[],"_links":{"self":[{"href":"https:\/\/c-seb.de\/en\/wp-json\/wp\/v2\/pages\/15823","targetHints":{"allow":["GET"]}}],"collection":[{"href":"https:\/\/c-seb.de\/en\/wp-json\/wp\/v2\/pages"}],"about":[{"href":"https:\/\/c-seb.de\/en\/wp-json\/wp\/v2\/types\/page"}],"author":[{"embeddable":true,"href":"https:\/\/c-seb.de\/en\/wp-json\/wp\/v2\/users\/15"}],"replies":[{"embeddable":true,"href":"https:\/\/c-seb.de\/en\/wp-json\/wp\/v2\/comments?post=15823"}],"version-history":[{"count":473,"href":"https:\/\/c-seb.de\/en\/wp-json\/wp\/v2\/pages\/15823\/revisions"}],"predecessor-version":[{"id":21790,"href":"https:\/\/c-seb.de\/en\/wp-json\/wp\/v2\/pages\/15823\/revisions\/21790"}],"wp:attachment":[{"href":"https:\/\/c-seb.de\/en\/wp-json\/wp\/v2\/media?parent=15823"}],"curies":[{"name":"wp","href":"https:\/\/api.w.org\/{rel}","templated":true}]}}